{"file_id":"F16","vid":"V1458","name":"P1180","var_intrvl":"discrete","var_dcml":"0","var_wgt":null,"var_is_wgt":null,"loc_start_pos":"225","loc_end_pos":"232","loc_width":"8","loc_rec_seg_no":"1","labl":"Junto con las personas mencionadas \u00bfEn la escritura est\u00e1n registradas otras personas propietarias fuera de este hogar?","var_imputation":null,"var_security":"El acceso a microdatos y Mam-up se considera como de tratamiento especial respecto a la reserva estad\u00edstica por tanto estar\u00e1 sujeto a la reglamentaci\u00f3n que para el efecto defina el Comit\u00e9 de Aseguramiento de la reserva estad\u00edstica. Resoluci\u00f3n 173 de 2008.","var_resp_unit":"La informaci\u00f3n la suministra directamente los jefes y jefas de hogar de de 10 a\u00f1os y m\u00e1s.\nEn el caso de personas que por su condici\u00f3n de discapacidad no est\u00e9n en posibilidades de brindar la informaci\u00f3n, esta podr\u00e1 ser suministrada por la persona mayor de 18 a\u00f1os encargada de su cuidado.","var_analysis_unit":null,"var_qstn_preqtxt":null,"var_qstn_qstnlit":"D.11. \u00bfAlg\u00fan miembro de este hogar tiene escritura registrada de esta vivienda?\n\n1\tS\u00ed\n\nJunto con las personas mencionadas \u00bfEn la escritura est\u00e1n registradas otras personas propietarias fuera de este hogar?\n\n1\tS\u00ed\n2\tNo","var_qstn_postqtxt":null,"var_qstn_ivuinstr":"Lea la pregunta, espere la respuesta y marque la opci\u00f3n correspondiente a la informaci\u00f3n dada por la persona. Esta pregunta admite \u00fanica respuesta.\n\t\nRECUERDE QUE\u2026\n\n\u00b7\tSi la respuesta es afirmativa, pregunt\u00e9 el nombre(s) de la persona(s) y registre el(os) n\u00famero(s) de orden en la(s) casilla(s) correspondiente(s). Tenga particular cuidado con el registro del orden para evitar registrar a una persona equivocada.\n\u00b7\tLuego de obtener el(los) numero(s) de orden, pregunte si \u00bfEn la escritura est\u00e1n registradas otras personas propietarias fuera de este hogar? Teniendo que esta pregunta admite una \u00fanica respuesta.","var_universe":"El universo para la Encuesta Nacional de Uso del Tiempo est\u00e1 conformado por la poblaci\u00f3n civil no institucional residente en todo el territorio nacional. \n\nEste cap\u00edtulo va dirigido a todas las personas del hogar.","var_universe_clusion":"I","var_sumstat":[{"value":"0","type":"vald","wgtd":null},{"value":"0","type":"invd","wgtd":null}],"var_txt":null,"var_catgry":[{"value":"1","labl":"S\u00ed","is_missing":null,"stats":[]},{"value":"2","labl":"No","is_missing":null,"stats":[]}],"var_codinstr":null,"var_concept":[],"var_format":{"type":"numeric","schema":"other","category":null,"name":null},"var_notes":null,"var_val_range":{"min":"1","max":"2"},"fid":"F16","sid":"729","survey_idno":"DANE-DIMPE-ENUT-2020-2021"}