{"file_id":"F18","vid":"V1503","name":"P1164","var_intrvl":"discrete","var_dcml":"2","var_wgt":null,"var_is_wgt":null,"loc_start_pos":"33","loc_end_pos":"40","loc_width":"8","loc_rec_seg_no":"1","labl":"\u00bfA qu\u00e9 tipo de establecimiento (hogar comunitario, jard\u00edn, Centro de Desarrollo Infantil o colegio) asiste?","var_imputation":null,"var_security":"El acceso a microdatos y Mam-up se considera como de tratamiento especial respecto a la reserva estad\u00edstica por tanto estar\u00e1 sujeto a la reglamentaci\u00f3n que para el efecto defina el Comit\u00e9 de Aseguramiento de la reserva estad\u00edstica. Resoluci\u00f3n 173 de 2008.","var_resp_unit":"La informaci\u00f3n para este cap\u00edtulo deber\u00e1 ser suministrada por la madre o el padre del ni\u00f1o o ni\u00f1a, o la persona del hogar, de 18 a\u00f1os o m\u00e1s encargada de su cuidado, cuando el ni\u00f1o o ni\u00f1a no viva con sus padres. No se acepta informaci\u00f3n de \u00e9l o la empleada dom\u00e9stica.","var_analysis_unit":null,"var_qstn_preqtxt":"F.1.\u00bf... asiste a una guarder\u00eda, hogar comunitario o preescolar?\n\n1\tS\u00ed\n2\tNo","var_qstn_qstnlit":"F.2. \u00bfA qu\u00e9 tipo de establecimiento (hogar comunitario, jard\u00edn, Centro de Desarrollo Infantil o colegio) asiste?\n\n1\tHogar comunitario de Bienestar Familiar.\t\n2\tHogar infantil o jard\u00edn de Bienestar Familiar.\t\n3\tCentro de Desarrollo Infantil P\u00fablico.\t\n4\tJard\u00edn o colegio oficial.\t\n5\tJard\u00edn o colegio privado.","var_qstn_postqtxt":"F.3. El d\u00eda [\u2026], \u00bf\u2026 Asistio a la guarderia o jard\u00edn?\n\n1   S\u00ed\n2. No","var_qstn_ivuinstr":"Lea la pregunta, espere respuesta y marque la opci\u00f3n correspondiente a la informaci\u00f3n dada por la persona. Esta pregunta admite \u00fanica respuesta.\nPara el diligenciamiento de la pregunta tenga en cuenta las definiciones dadas en la pregunta anterior","var_universe":"El universo para la Encuesta Nacional de Uso del Tiempo est\u00e1 conformado por la poblaci\u00f3n civil no institucional residente en todo el territorio nacional. \n\nEste cap\u00edtulo va dirigido a todas las personas menores de cinco a\u00f1os.","var_universe_clusion":"I","var_sumstat":[{"value":"0","type":"vald","wgtd":null},{"value":"0","type":"invd","wgtd":null}],"var_txt":null,"var_catgry":[{"value":"5","labl":"Jard\u00edn o colegio privado.","is_missing":null,"stats":[]},{"value":"4","labl":"Jard\u00edn o colegio oficial.","is_missing":null,"stats":[]},{"value":"3","labl":"Centro de Desarrollo Infantil P\u00fablico.","is_missing":null,"stats":[]},{"value":"2","labl":"Hogar infantil o jard\u00edn de Bienestar Familiar.","is_missing":null,"stats":[]},{"value":"1","labl":"Hogar comunitario de Bienestar Familiar.","is_missing":null,"stats":[]}],"var_codinstr":null,"var_concept":[],"var_format":{"type":"numeric","schema":"other","category":null,"name":null},"var_notes":null,"var_val_range":{"min":"1","max":"4"},"fid":"F18","sid":"729","survey_idno":"DANE-DIMPE-ENUT-2020-2021"}