{"file_id":"F18","vid":"V1522","name":"P1162S3A2","var_intrvl":"discrete","var_dcml":"2","var_wgt":null,"var_is_wgt":null,"loc_start_pos":"185","loc_end_pos":"192","loc_width":"8","loc_rec_seg_no":"1","labl":"Minutos","var_imputation":null,"var_security":"El acceso a microdatos y Mam-up se considera como de tratamiento especial respecto a la reserva estad\u00edstica por tanto estar\u00e1 sujeto a la reglamentaci\u00f3n que para el efecto defina el Comit\u00e9 de Aseguramiento de la reserva estad\u00edstica. Resoluci\u00f3n 173 de 2008.","var_resp_unit":"La informaci\u00f3n para este cap\u00edtulo deber\u00e1 ser suministrada por la madre o el padre del ni\u00f1o o ni\u00f1a, o la persona del hogar, de 18 a\u00f1os o m\u00e1s encargada de su cuidado, cuando el ni\u00f1o o ni\u00f1a no viva con sus padres. No se acepta informaci\u00f3n de \u00e9l o la empleada dom\u00e9stica.","var_analysis_unit":null,"var_qstn_preqtxt":"F.5. El d\u00eda [...], \u00bfCu\u00e1les de las siguientes actividades realiz\u00f3\u2026 y por cu\u00e1nto tiempo:\n\nc.Dormir?\n\n1.   S\u00ed\n\nHoras","var_qstn_qstnlit":"F.5. El d\u00eda [...], \u00bfCu\u00e1nto tiempo dedic\u00f3...  a:\n\nc Dormir?\n\n1.   S\u00ed\n\nMinutos","var_qstn_postqtxt":"F.5. El d\u00eda [...], \u00bfCu\u00e1les de las siguientes actividades realiz\u00f3\u2026 y por cu\u00e1nto tiempo:\n\nd.Pintar, dibujar, coloear, cantar, bailar?\n\n1.   S\u00ed","var_qstn_ivuinstr":"Lea la pregunta y cada una de las opciones de respuesta y marque la opci\u00f3n correspondiente a la informaci\u00f3n dada por la persona. Esta pregunta admite m\u00faltiple respuesta.\n\nRECUERDE QUE\u2026\n\n-\tPor cada respuesta afirmativa se debe preguntar el n\u00famero de horas y minutos dedicados por la persona menor de 5 a\u00f1os a esas actividades.\n-\tSi el menor de 5 a\u00f1os se involucr\u00f3 en actividades deportivas como parte de un juego, se debe marcar la opci\u00f3n de respuesta f.\n-\tS\u00f3lo se deben incluir en la opci\u00f3n de respuesta b juegos que no est\u00e9n relacionados con aparatos electr\u00f3nicos ni actividades deportivas.","var_universe":"El universo para la Encuesta Nacional de Uso del Tiempo est\u00e1 conformado por la poblaci\u00f3n civil no institucional residente en todo el territorio nacional. \n\nEste cap\u00edtulo va dirigido a todas las personas menores de cinco a\u00f1os.","var_universe_clusion":"I","var_sumstat":[{"value":"0","type":"vald","wgtd":null},{"value":"0","type":"invd","wgtd":null}],"var_txt":null,"var_catgry":[],"var_codinstr":null,"var_concept":[],"var_format":{"type":"numeric","schema":"other","category":null,"name":null},"var_notes":null,"var_val_range":{"min":"0","max":"99"},"fid":"F18","sid":"729","survey_idno":"DANE-DIMPE-ENUT-2020-2021"}