{"file_id":"F20","vid":"V1610","name":"P6310","var_intrvl":"discrete","var_dcml":"2","var_wgt":null,"var_is_wgt":null,"loc_start_pos":"73","loc_end_pos":"80","loc_width":"8","loc_rec_seg_no":"1","labl":"Aunque <...> desea trabajar, \u00bfpor qu\u00e9 motivo principal no hizo diligencias para buscar un trabajo o instalar un negocio, en las \u00daLTIMAS 4 SEMANAS?","var_imputation":null,"var_security":"El acceso a microdatos y Mam-up se considera como de tratamiento especial respecto a la reserva estad\u00edstica por tanto estar\u00e1 sujeto a la reglamentaci\u00f3n que para el efecto defina el Comit\u00e9 de Aseguramiento de la reserva estad\u00edstica. Resoluci\u00f3n 173 de 2008.","var_resp_unit":"La informaci\u00f3n la suministra directamente cada una de las personas de 10 a\u00f1os y m\u00e1s. En el caso de personas que por su condici\u00f3n de discapacidad no est\u00e9n en posibilidades de brindar la informaci\u00f3n, \u00e9sta podr\u00e1 ser dada por la persona mayor de 18 a\u00f1os encargada de su cuidado.","var_analysis_unit":null,"var_qstn_preqtxt":null,"var_qstn_qstnlit":"H.7. Aunque <...> desea trabajar, \u00bfpor qu\u00e9 motivo principal no hizo diligencias para buscar un trabajo o instalar un negocio, en las \u00daLTIMAS 4 SEMANAS?\n\n1\tYa encontr\u00f3 trabajo.\n2\tNo hay trabajo disponible en la ciudad o regi\u00f3n\/no encuentra trabajo en su oficio o profesi\u00f3n.\n3\tEst\u00e1 esperando que lo\/a llamen o esperando temporada alta.\n4\tNo sabe c\u00f3mo buscarlo.\n5\tEst\u00e1 cansado de buscar.\n6\tCarece de la experiencia necesaria.\n7\tNo tiene recursos para instalar un negocio.\n8\tLos empleadores lo\/a consideran muy joven o muy viejo\/a.\n9\tUsted se considera muy joven o muy viejo\/a.\n10\tResponsabilidades familiares.\n11\tProblemas de salud.\n12\tEsta estudiando.\n13\tOtro \u00bfCu\u00e1l?______","var_qstn_postqtxt":null,"var_qstn_ivuinstr":"Esta pregunta est\u00e1 dirigida a quienes deseando trabajar no efectuaron en las \u00faltimas 4 semanas alguna acci\u00f3n para encontrar empleo o trabajo, e indaga la raz\u00f3n por la cual no lo hicieron. Las alternativas 2 a 8 se consideran razones v\u00e1lidas por representar problemas del mercado laboral para haber abandonado la b\u00fasqueda. Las alternativas 9 a 13 son razones no v\u00e1lidas por ser problemas de orden subjetivo y por tanto estas personas son inactivas.\n\nRECUERDE QUE\u2026\n\n\u00b7\tEsta pregunta tiene flujo, en caso de respuesta opci\u00f3n 1 pasa a la pregunta H12. En caso de respuesta con alguna opci\u00f3n de la 9 a la 13 pasa a la pregunta H38.","var_universe":"El universo para la Encuesta Nacional de Uso del Tiempo est\u00e1 conformado por la poblaci\u00f3n civil no institucional residente en todo el territorio nacional. \n\nEste cap\u00edtulo va dirigido a todas las personas de 10 a\u00f1os y m\u00e1s.","var_universe_clusion":"I","var_sumstat":[{"value":"0","type":"vald","wgtd":null},{"value":"0","type":"invd","wgtd":null}],"var_txt":null,"var_catgry":[{"value":"13","labl":"Otro \u00bfCu\u00e1l?______","is_missing":null,"stats":[]},{"value":"12","labl":"Esta estudiando.","is_missing":null,"stats":[]},{"value":"11","labl":"Problemas de salud.","is_missing":null,"stats":[]},{"value":"10","labl":"Responsabilidades familiares.","is_missing":null,"stats":[]},{"value":"9","labl":"Usted se considera muy joven o muy viejo\/a.","is_missing":null,"stats":[]},{"value":"8","labl":"Los empleadores lo\/a consideran muy joven o muy viejo\/a.","is_missing":null,"stats":[]},{"value":"7","labl":"No tiene recursos para instalar un negocio.","is_missing":null,"stats":[]},{"value":"6","labl":"Carece de la experiencia necesaria.","is_missing":null,"stats":[]},{"value":"5","labl":"Est\u00e1 cansado de buscar.","is_missing":null,"stats":[]},{"value":"4","labl":"No sabe c\u00f3mo buscarlo.","is_missing":null,"stats":[]},{"value":"3","labl":"Est\u00e1 esperando que lo\/a llamen o esperando temporada alta.","is_missing":null,"stats":[]},{"value":"2","labl":"No hay trabajo disponible en la ciudad o regi\u00f3n\/no encuentra trabajo en su oficio o profesi\u00f3n.","is_missing":null,"stats":[]},{"value":"1","labl":"Ya encontr\u00f3 trabajo.","is_missing":null,"stats":[]}],"var_codinstr":null,"var_concept":[],"var_format":{"type":"numeric","schema":"other","category":null,"name":null},"var_notes":null,"var_val_range":{"min":"1","max":"13"},"fid":"F20","sid":"729","survey_idno":"DANE-DIMPE-ENUT-2020-2021"}