{"file_id":"F21","vid":"V1992","name":"P1109","var_intrvl":"discrete","var_dcml":"0","var_wgt":null,"var_is_wgt":null,"loc_start_pos":"3001","loc_end_pos":"3008","loc_width":"8","loc_rec_seg_no":"1","labl":"Con respecto a las tareas domesticas y de cuidado en su hogar <\u2026> considera que:","var_imputation":null,"var_security":"El acceso a microdatos y Mam-up se considera como de tratamiento especial respecto a la reserva estad\u00edstica por tanto estar\u00e1 sujeto a la reglamentaci\u00f3n que para el efecto defina el Comit\u00e9 de Aseguramiento de la reserva estad\u00edstica. Resoluci\u00f3n 173 de 2008.","var_resp_unit":"La informaci\u00f3n la suministra directamente cada una de las personas de 10 a\u00f1os y m\u00e1s. En el caso de personas que por su condici\u00f3n de discapacidad no est\u00e9n en posibilidades de brindar la informaci\u00f3n, esta podr\u00e1 ser dada por la persona mayor de 18 a\u00f1os encargada de su cuidado.","var_analysis_unit":null,"var_qstn_preqtxt":"I.29. De las actividades que <...> realiz\u00f3 el d\u00eda [...], \u00bfhizo algunas al mismo tiempo?\n\n1\tS\u00ed\n\n\u00bfCu\u00e1les y por cuanto tiempo?\n\nC\u00f3digo clasificaci\u00f3n de actividades de uso del tiempo\n\n\u00bfQu\u00e9 actividad realiz\u00f3?\n\nMinutos","var_qstn_qstnlit":"I.30. Con respecto a las tareas domesticas y de cuidado en su hogar <\u2026> considera que:  \n\n1.     Hace m\u00e1s de lo que le corresponde.\n2.     Hace lo que le corresponde.\n3.     Hace menos de lo que le correponde.","var_qstn_postqtxt":"I.31. Considera <\u2026 > que durante el d\u00eda\u2026: \n\n1.     El tiempo fue m\u00e1s que suficiente para realizar todas sus actividades\n2.     El tiempo fue suficiente para realizar todas sus actividades\n3.     No le alcaz\u00f3 el tiempo para realizar todas sus actividades","var_qstn_ivuinstr":"Mediante esta pregunta se busca indagar sobre la perspectiva que tienen las personas del hogar acerca de su dedicaci\u00f3n a las diferentes actividades de trabajo dom\u00e9stico y de cuidado no remunerado.\nLea la pregunta y cada una de las opciones de respuesta, registre la informaci\u00f3n reportada por la persona encuestada.","var_universe":"El universo para la Encuesta Nacional de Uso del Tiempo est\u00e1 conformado por la poblaci\u00f3n civil no institucional residente en todo el territorio nacional. \n\nEste cap\u00edtulo va dirigido a todas las personas de 10 a\u00f1os y m\u00e1s.","var_universe_clusion":"I","var_sumstat":[{"value":"0","type":"vald","wgtd":null},{"value":"0","type":"invd","wgtd":null}],"var_txt":null,"var_catgry":[{"value":"1","labl":"Hace m\u00e1s de lo que le corresponde.","is_missing":null,"stats":[]},{"value":"2","labl":"Hace lo que le corresponde.","is_missing":null,"stats":[]},{"value":"3","labl":"Hace menos de lo que le corresponde.","is_missing":null,"stats":[]}],"var_codinstr":null,"var_concept":[],"var_format":{"type":"numeric","schema":"other","category":null,"name":null},"var_notes":null,"var_val_range":{"min":"1","max":"5"},"fid":"F21","sid":"729","survey_idno":"DANE-DIMPE-ENUT-2020-2021"}