{"file_id":"F21","vid":"V1993","name":"P1108","var_intrvl":"discrete","var_dcml":"0","var_wgt":null,"var_is_wgt":null,"loc_start_pos":"3009","loc_end_pos":"3016","loc_width":"8","loc_rec_seg_no":"1","labl":"Considera <\u2026 > que durante el d\u00eda\u2026:","var_imputation":null,"var_security":"El acceso a microdatos y Mam-up se considera como de tratamiento especial respecto a la reserva estad\u00edstica por tanto estar\u00e1 sujeto a la reglamentaci\u00f3n que para el efecto defina el Comit\u00e9 de Aseguramiento de la reserva estad\u00edstica. Resoluci\u00f3n 173 de 2008.","var_resp_unit":"La informaci\u00f3n la suministra directamente cada una de las personas de 10 a\u00f1os y m\u00e1s. En el caso de personas que por su condici\u00f3n de discapacidad no est\u00e9n en posibilidades de brindar la informaci\u00f3n, esta podr\u00e1 ser dada por la persona mayor de 18 a\u00f1os encargada de su cuidado.","var_analysis_unit":null,"var_qstn_preqtxt":"I.30. Con respecto a las tareas domesticas en su hogar <\u2026> considera que:  \n\n1.     Hace mucho m\u00e1s de lo que le corresponde.\n2.     Hace un poco m\u00e1s de lo que le corresponde.\n3.     Hace lo que le corresponde.\n4.     Hace un poco menos de lo que le correponde.\n5.     Hace mucho menos de lo que le corresponde.","var_qstn_qstnlit":"I.31. Considera <\u2026 > que durante el d\u00eda\u2026: \n\n1.     El tiempo fue m\u00e1s que suficiente para realizar todas sus actividades\n2.     El tiempo fue suficiente para realizar todas sus actividades\n3.     No le alcanz\u00f3 el tiempo para realizar todas sus actividades","var_qstn_postqtxt":"I.32. En una escala de 1 a 4 (siendo 1 muy en desacuerdo y 4 muy de acuerdo), que tan de acuerdo est\u00e1 <\u2026> con respecto a las siguientes afirmaciones: (si no sabe registre 9)\n\na.    Una madre que trabaja puede formar una relaci\u00f3n tan c\u00e1lida y segura con sus hijos como una madre que no trabaja.\n\n1.    Muy en desacuerdo\n2.    En desacuerdo\n3.    De acuerdo \n4.    Muy de acuerdo \n9.    No sabe","var_qstn_ivuinstr":"Con esta pregunta se busca establecer la percepci\u00f3n de las personas sobre la distribuci\u00f3n de su tiempo en las diferentes actividades realizadas durante el d\u00eda.\n\nLea la pregunta y cada una de las opciones de respuesta, registre la informaci\u00f3n reportada por el encuestado.","var_universe":"El universo para la Encuesta Nacional de Uso del Tiempo est\u00e1 conformado por la poblaci\u00f3n civil no institucional residente en todo el territorio nacional. \n\nEste cap\u00edtulo va dirigido a todas las personas de 10 a\u00f1os y m\u00e1s.","var_universe_clusion":"I","var_sumstat":[{"value":"0","type":"vald","wgtd":null},{"value":"0","type":"invd","wgtd":null}],"var_txt":null,"var_catgry":[{"value":"1","labl":"El tiempo fue m\u00e1s que suficiente para realizar todas sus actividades","is_missing":null,"stats":[]},{"value":"2","labl":"El tiempo fue suficiente para realizar todas sus actividades","is_missing":null,"stats":[]},{"value":"3","labl":"No le alcanz\u00f3 el tiempo para realizar todas sus actividades","is_missing":null,"stats":[]}],"var_codinstr":null,"var_concept":[],"var_format":{"type":"numeric","schema":"other","category":null,"name":null},"var_notes":null,"var_val_range":{"min":"1","max":"3"},"fid":"F21","sid":"729","survey_idno":"DANE-DIMPE-ENUT-2020-2021"}