{"file_id":"F24","vid":"V2151","name":"P1098","var_intrvl":"discrete","var_dcml":"2","var_wgt":null,"var_is_wgt":null,"loc_start_pos":"97","loc_end_pos":"104","loc_width":"8","loc_rec_seg_no":"1","labl":"\u00bfPor qu\u00e9 motivo principal <...> no trabaj\u00f3 el d\u00eda [...]?","var_imputation":null,"var_security":"El acceso a microdatos y Mam-up se considera como de tratamiento especial respecto a la reserva estad\u00edstica por tanto estar\u00e1 sujeto a la reglamentaci\u00f3n que para el efecto defina el Comit\u00e9 de Aseguramiento de la reserva estad\u00edstica. Resoluci\u00f3n 173 de 2008.","var_resp_unit":"La informaci\u00f3n la suministra directamente cada una de las personas de 10 a\u00f1os y m\u00e1s. En el caso de personas que por su condici\u00f3n de discapacidad no est\u00e9n en posibilidades de brindar la informaci\u00f3n, \u00e9sta podr\u00e1 ser dada por la persona mayor de 18 a\u00f1os encargada de su cuidado.","var_analysis_unit":null,"var_qstn_preqtxt":null,"var_qstn_qstnlit":"H.20. \u00bfPor qu\u00e9 motivo principal <...> no trabaj\u00f3 el d\u00eda [...]?\n\n1\tD\u00eda festivo o fin de semana.\n2\tD\u00eda de descanso o compensatorio\n3\tVacaciones\n4\tParo o huelga.\n5\tEnfermedad\/Asistir a servicios de salud.\n6\tAcompa\u00f1ar a familiares o amigos a hacer diligencias\n7\tRealizar oficios del hogar.\n8\tCuidar a personas del hogar\n9\tOtra, \u00bfcu\u00e1l?____","var_qstn_postqtxt":null,"var_qstn_ivuinstr":"Formule la pregunta, espere la respuesta y registre la informaci\u00f3n brindada por la persona encuestada. RECUERDE QUE\u2026\n\u00b7\tLa pregunta indaga por el motivo principal por el que la persona encuestada no asisti\u00f3 a su trabajo en el d\u00eda de referencia. Por lo tanto, si la persona encuestada manifiesta que no asisti\u00f3 por varios motivos, realice un buen sondeo hasta establecer cu\u00e1l es la que \u00e9l considera principal.\n\u00b7\tSi la persona encuestada no asisti\u00f3 el d\u00eda de referencia por encontrarse bajo efectos relacionados con el consumo de alcohol u otras sustancias, marque la opci\u00f3n 9 \u201cOtro\u201d y escriba \u201cPor consumo de alcohol u otras sustancias\u201d.","var_universe":"El universo para la Encuesta Nacional de Uso del Tiempo est\u00e1 conformado por la poblaci\u00f3n civil no institucional residente en todo el territorio nacional. \n\nEste cap\u00edtulo va dirigido a todas las personas de 10 a\u00f1os y m\u00e1s.","var_universe_clusion":"I","var_sumstat":[{"value":"0","type":"vald","wgtd":null},{"value":"0","type":"invd","wgtd":null}],"var_txt":null,"var_catgry":[{"value":"9","labl":"Otra, \u00bfcu\u00e1l?____","is_missing":null,"stats":[]},{"value":"8","labl":"Cuidar a personas del hogar","is_missing":null,"stats":[]},{"value":"7","labl":"Realizar oficios del hogar.","is_missing":null,"stats":[]},{"value":"6","labl":"Acompa\u00f1ar a familiares o amigos a hacer diligencias","is_missing":null,"stats":[]},{"value":"5","labl":"Enfermedad\/Asistir a servicios de salud.","is_missing":null,"stats":[]},{"value":"4","labl":"Paro o huelga.","is_missing":null,"stats":[]},{"value":"3","labl":"Vacaciones","is_missing":null,"stats":[]},{"value":"2","labl":"D\u00eda de descanso o compensatorio","is_missing":null,"stats":[]},{"value":"1","labl":"D\u00eda festivo o fin de semana.","is_missing":null,"stats":[]}],"var_codinstr":null,"var_concept":[],"var_format":{"type":"numeric","schema":"other","category":null,"name":null},"var_notes":null,"var_val_range":{"min":"1","max":"6"},"fid":"F24","sid":"729","survey_idno":"DANE-DIMPE-ENUT-2020-2021"}