{"file_id":"F24","vid":"V2199","name":"P6535","var_intrvl":"discrete","var_dcml":"0","var_wgt":null,"var_is_wgt":null,"loc_start_pos":"481","loc_end_pos":"488","loc_width":"8","loc_rec_seg_no":"1","labl":"\u00bf\u2026 trabaj\u00f3 el d\u00eda [...] en este segundo empleo o trabajo?","var_imputation":null,"var_security":null,"var_resp_unit":"La informaci\u00f3n la suministra directamente cada una de las personas de 10 a\u00f1os y m\u00e1s. En el caso de personas que por su condici\u00f3n de discapacidad no est\u00e9n en posibilidades de brindar la informaci\u00f3n, \u00e9sta podr\u00e1 ser dada por la persona mayor de 18 a\u00f1os encargada de su cuidado.","var_analysis_unit":null,"var_qstn_preqtxt":null,"var_qstn_qstnlit":"H.34. \u00bf\u2026 trabaj\u00f3 el d\u00eda [...] en este segundo empleo o trabajo? \n\n1\tS\u00ed\n2\tNo","var_qstn_postqtxt":null,"var_qstn_ivuinstr":"RECUERDE QUE\u2026\n\u00b7\tSi la respuesta es la alternativa 1 (S\u00ed), contin\u00fae con la siguiente pregunta. \n\u00b7\tSi la respuesta es la alternativa 2 (No), siga con la pregunta H36.","var_universe":"El universo para la Encuesta Nacional de Uso del Tiempo est\u00e1 conformado por la poblaci\u00f3n civil no institucional residente en todo el territorio nacional. \n\nEste cap\u00edtulo va dirigido a todas las personas de 10 a\u00f1os y m\u00e1s.","var_universe_clusion":"I","var_sumstat":[{"value":"0","type":"vald","wgtd":null},{"value":"0","type":"invd","wgtd":null}],"var_txt":null,"var_catgry":[{"value":"1","labl":"S\u00ed","is_missing":null,"stats":[]},{"value":"2","labl":"No","is_missing":null,"stats":[]}],"var_codinstr":null,"var_concept":[],"var_format":{"type":"numeric","schema":"other","category":null,"name":null},"var_notes":null,"var_val_range":{"min":"1","max":"2"},"fid":"F24","sid":"729","survey_idno":"DANE-DIMPE-ENUT-2020-2021"}