{"file_id":"F24","vid":"V2202","name":"P6534S1","var_intrvl":"discrete","var_dcml":"0","var_wgt":null,"var_is_wgt":null,"loc_start_pos":"505","loc_end_pos":"512","loc_width":"8","loc_rec_seg_no":"1","labl":"En total, \u00bfCu\u00e1nto tiempo gast\u00f3... el d\u00eda [...] en su viaje de ida a su sitio de trabajo secundario? (Incluya el tiempo de espera del medio de transporte) -  Horas","var_imputation":null,"var_security":null,"var_resp_unit":"La informaci\u00f3n la suministra directamente cada una de las personas de 10 a\u00f1os y m\u00e1s. En el caso de personas que por su condici\u00f3n de discapacidad no est\u00e9n en posibilidades de brindar la informaci\u00f3n, \u00e9sta podr\u00e1 ser dada por la persona mayor de 18 a\u00f1os encargada de su cuidado.","var_analysis_unit":null,"var_qstn_preqtxt":null,"var_qstn_qstnlit":"H.35. En total, \u00bfCu\u00e1nto tiempo gast\u00f3... el d\u00eda [...] en su viaje de ida a su sitio de trabajo secundario? (Incluya el tiempo de espera del medio de transporte)\n\nHoras","var_qstn_postqtxt":null,"var_qstn_ivuinstr":"RECUERDE QUE\u2026\n\u00b7\tAl calcular los tiempos de desplazamiento se deben incluir los tiempos de espera en el servicio p\u00fablico, espera del alimentador, bus, buseta o colectivo, as\u00ed como los tiempos de desplazamientos caminando.\n\u00b7\tEsta pregunta busca establecer el tiempo que le tom\u00f3 a la persona desplazarse hasta el lugar de trabajo sin que este desplazamiento haga parte de su labor, por ejemplo, los vendedores de ciertas empresas que tienen asignada una ruta de visita, el tiempo de desplazamiento ser\u00e1 el tiempo que le tom\u00f3 a la persona en llegar desde su hogar, sitio de estudio u otro lugar al sitio en donde comenzar\u00e1 su ruta, de igual manera sucede con los conductores.\n\u00b7\tSi la persona desarrolla sus actividades en la vivienda que habita el tiempo de desplazamiento ser\u00e1 00 horas y 00 minutos.","var_universe":"El universo para la Encuesta Nacional de Uso del Tiempo est\u00e1 conformado por la poblaci\u00f3n civil no institucional residente en todo el territorio nacional. \n\nEste cap\u00edtulo va dirigido a todas las personas de 10 a\u00f1os y m\u00e1s.","var_universe_clusion":"I","var_sumstat":[{"value":"0","type":"vald","wgtd":null},{"value":"0","type":"invd","wgtd":null}],"var_txt":null,"var_catgry":[],"var_codinstr":null,"var_concept":[],"var_format":{"type":"numeric","schema":"other","category":null,"name":null},"var_notes":null,"var_val_range":{"min":"0","max":"8"},"fid":"F24","sid":"729","survey_idno":"DANE-DIMPE-ENUT-2020-2021"}