{"file_id":"F6","vid":"V1000","name":"P3349","var_intrvl":"discrete","var_dcml":"0","var_wgt":null,"var_is_wgt":null,"loc_start_pos":"511","loc_end_pos":"513","loc_width":"3","loc_rec_seg_no":"1","labl":"\u00bf... asisti\u00f3 a una instituci\u00f3n educativa durante el a\u00f1o 2020? (preescolar, escuela, colegio, universidad)","var_imputation":null,"var_security":null,"var_resp_unit":null,"var_analysis_unit":null,"var_qstn_preqtxt":"37. Cu\u00e1les de las siguientes actividades realiza _____ fuera de la jornada escolar:\n\nNinguna de las anteriores","var_qstn_qstnlit":"38. \u00bf... asisti\u00f3 a una instituci\u00f3n educativa durante el a\u00f1o 2020? (preescolar, escuela, colegio, universidad)\n\t\n1\tS\u00ed\t\n2\t No","var_qstn_postqtxt":"39. \u00bfEn qu\u00e9 modalidad(es) o qu\u00e9 medio(s) utiliz\u00f3 ... para estudiar en el a\u00f1o 2020?","var_qstn_ivuinstr":"La pregunta busca establecer si en el a\u00f1o 2020 la persona asisti\u00f3 a una instituci\u00f3n educativa en cualquier modalidad (presencial, virtual o en casa, sin internet, pero con otras estrategias pedag\u00f3gicas).","var_universe":"El universo para la Encuesta de Calidad de Vida est\u00e1 conformado por la poblaci\u00f3n civil no institucional residente en todo el territorio nacional. \n\nEste cap\u00edtulo va dirigido a todas las personas las personas de 5 a\u00f1os y m\u00e1s.","var_universe_clusion":"I","var_sumstat":[{"value":"0","type":"vald","wgtd":null},{"value":"0","type":"invd","wgtd":null}],"var_txt":null,"var_catgry":[{"value":"1","labl":"S\u00ed","is_missing":null,"stats":[]},{"value":"2","labl":"No","is_missing":null,"stats":[]}],"var_codinstr":null,"var_concept":[],"var_format":{"type":"numeric","schema":"other","category":null,"name":null},"var_notes":null,"var_val_range":{"min":null,"max":null},"fid":"F6","sid":"734","survey_idno":"DANE-DIMPE-ECV-2021"}