{"file_id":"F3","vid":"V159","name":"P6074","var_intrvl":"discrete","var_dcml":"0","var_wgt":null,"var_is_wgt":null,"loc_start_pos":"108","loc_end_pos":"111","loc_width":"4","loc_rec_seg_no":"1","labl":"\u00bfSiempre ha vivido aqu\u00ed en este municipio?","var_imputation":null,"var_security":"El acceso a microdatos y Mam-up se considera como de tratamiento especial respecto a la reserva estad\u00edstica por tanto estar\u00e1 sujeto a la reglamentaci\u00f3n que para el efecto defina el Comit\u00e9 de Aseguramiento de la reserva estad\u00edstica. Resoluci\u00f3n 173 de 2008.","var_resp_unit":"Lo deben responder todas las personas del hogar. Se toma informaci\u00f3n directamente a cada una de las personas del hogar de 18 a\u00f1os o m\u00e1s y de las personas entre 12 y 17 a\u00f1os que trabajen o sean estudiantes universi\u00adtarios. La informaci\u00f3n de los menores de 12 a\u00f1os y de los j\u00f3venes entre 12 y 17 a\u00f1os que no trabajen ni estudien en la universidad ser\u00e1 suministrada por el padre, la madre o la persona del hogar que est\u00e1 a cargo de su cuidado, excluyendo el servicio dom\u00e9stico.","var_analysis_unit":null,"var_qstn_preqtxt":"8. \u00bfD\u00f3nde naci\u00f3  ________? \n\nEn otro pa\u00eds \n\n1\tEstados Unidos \t\n2\tEspa\u00f1a\t\n3\tVenezuela\t\n4\tEcuador\t\n5\tPanam\u00e1\t\n6\tPer\u00fa\t\n7\tCosta Rica\t\n8\tArgentina\t\n9\tFrancia\t\n10\tItalia\t\n11\tOtro pa\u00eds","var_qstn_qstnlit":"9. \u00bf___ siempre ha vivido aqu\u00ed en este municipio?\n\n1\tS\u00ed\n2\tNo","var_qstn_postqtxt":"10. \u00bfD\u00f3nde viv\u00eda... hace 5 a\u00f1os?\n\n1\tNo hab\u00eda nacido\t\n2\tEn este municipio\t\n3\tEn otro Municipio \t\n4\tEn otro pa\u00eds","var_qstn_ivuinstr":"Se quiere establecer la migraci\u00f3n de la persona, es decir, si han existido o no desplazamientos geogr\u00e1ficos originados por un cambio de residencia.\n\nSi responde la opci\u00f3n 1 \u201cSi\u201d pase a la pregunta D14.","var_universe":"El universo para la Encuesta de Calidad de Vida est\u00e1 conformado por la poblaci\u00f3n civil no institucional residente en todo el territorio nacional. \n\nEste cap\u00edtulo va dirigido a todas las personas del hogar.","var_universe_clusion":"I","var_sumstat":[{"value":"0","type":"vald","wgtd":null},{"value":"0","type":"invd","wgtd":null}],"var_txt":null,"var_catgry":[{"value":"2","labl":"No","is_missing":null,"stats":[]},{"value":"1","labl":"S\u00ed","is_missing":null,"stats":[]}],"var_codinstr":null,"var_concept":[],"var_format":{"type":"numeric","schema":"other","category":null,"name":null},"var_notes":null,"var_val_range":{"min":null,"max":null},"fid":"F3","sid":"734","survey_idno":"DANE-DIMPE-ECV-2021"}