{"file_id":"F7","vid":"V453","name":"P6230","var_intrvl":"discrete","var_dcml":"0","var_wgt":null,"var_is_wgt":null,"loc_start_pos":"42","loc_end_pos":"44","loc_width":"3","loc_rec_seg_no":"1","labl":"Registre el n\u00famero de orden de la persona que suministra la informaci\u00f3n.","var_imputation":null,"var_security":"El acceso a microdatos y Mam-up se considera como de tratamiento especial respecto a la reserva estad\u00edstica por tanto estar\u00e1 sujeto a la reglamentaci\u00f3n que para el efecto defina el Comit\u00e9 de Aseguramiento de la reserva estad\u00edstica. Resoluci\u00f3n 173 de 2008.","var_resp_unit":"Las personas de 12 a\u00f1os o m\u00e1s. Las personas de 18 a\u00f1os y m\u00e1s suministrar\u00e1n la informaci\u00f3n directamente. Las personas que tengan entre 12 y 17 a\u00f1os y trabajen o sean estudiantes universitarios deben suministrar directamente su informaci\u00f3n. La informaci\u00f3n de los j\u00f3venes entre 12 y 17 a\u00f1os que no trabajen ni estudien en la universidad, ser\u00e1 suministrada por los padres o la persona del hogar que est\u00e1 a cargo de su cuidado, excluyendo el servicio dom\u00e9stico.","var_analysis_unit":null,"var_qstn_preqtxt":"30. \u00bfCual es el nivel educativo de esta persona?\t\n\n1\tAlgunos a\u00f1os de primaria\n2\tToda la primaria\n3\tAlgunos a\u00f1os de secundaria\n4\tToda la secundaria\n5\tUno o m\u00e1s a\u00f1os de t\u00e9cnica o tecnol\u00f3gica\n6\tT\u00e9cnica o tecnol\u00f3gica completa\n7\tUno o m\u00e1s a\u00f1os de universidad\n8\tUniversitaria completa\n9\tNinguno\n10\tNo sabe","var_qstn_qstnlit":"1. Registre el n\u00famero de orden de la persona que suministra la informaci\u00f3n.","var_qstn_postqtxt":"2.\u00bfEn que actividad ocup\u00f3...... la mayor parte del tiempo LA SEMANA PASADA?\n\n1\tTrabajando\n2\tBuscando trabajo\n3\tEstudiando\n4\tOficios del hogar\n5\tIncapacitado permanentemente para trabajar\n6\tOtra actividad \u00bfcu\u00e1l?","var_qstn_ivuinstr":null,"var_universe":"El universo para la ECV est\u00e1 conformado por la poblaci\u00f3n civil no institucional resi\u00addente en todo el territorio nacional.\n\nEste cap\u00edtulo va dirigido a personas de 12 a\u00f1os y m\u00e1s","var_universe_clusion":"I","var_sumstat":[{"value":"0","type":"vald","wgtd":null},{"value":"0","type":"invd","wgtd":null}],"var_txt":null,"var_catgry":[],"var_codinstr":null,"var_concept":[],"var_format":{"type":"numeric","schema":"other","category":null,"name":null},"var_notes":null,"var_val_range":{"min":null,"max":null},"fid":"F7","sid":"734","survey_idno":"DANE-DIMPE-ECV-2021"}