{"file_id":"F7","vid":"V513","name":"P3193S2","var_intrvl":"discrete","var_dcml":"0","var_wgt":null,"var_is_wgt":null,"loc_start_pos":"375","loc_end_pos":"377","loc_width":"3","loc_rec_seg_no":"1","labl":"Su empresa utiliza esa modalidad","var_imputation":null,"var_security":null,"var_resp_unit":null,"var_analysis_unit":null,"var_qstn_preqtxt":"40A. \u00bfDurante los \u00faltimos 12 meses ha trabajado bajo la modalidad de teletrabajo o trabajo en casa?\t\n1\tS\u00ed\t\n\t\u00bfPor qu\u00e9 raz\u00f3n?\t\n\n1\tPor la pandemia del coronavirus\t\n1\tS\u00ed\t\n2\t No","var_qstn_qstnlit":"40A. \u00bfDurante los \u00faltimos 12 meses ha trabajado bajo la modalidad de teletrabajo o trabajo en casa?\t\n1\tS\u00ed\t\n\t\u00bfPor qu\u00e9 raz\u00f3n?\t\n \n2\tSu empresa utiliza esa modalidad\t\n1\tS\u00ed\t\n2\t No","var_qstn_postqtxt":"40A. \u00bfDurante los \u00faltimos 12 meses ha trabajado bajo la modalidad de teletrabajo o trabajo en casa?\t\n1\tS\u00ed\t\n\t\u00bfPor qu\u00e9 raz\u00f3n?\t\n \n \n3\tTrabaja como independiente desde su casa\t\n1\tS\u00ed\t\n2\t No","var_qstn_ivuinstr":"A trav\u00e9s de esta pregunta se busca establecer qu\u00e9 tan generalizada ha sido la pr\u00e1ctica del teletrabajo o del trabajo en casa entre las personas que actualmente est\u00e1n ocupadas as\u00ed como las razones que explican su aplicaci\u00f3n. \n\nLa pregunta est\u00e1 orientada a establecer si durante los \u00faltimos 12 meses la persona ha trabajado, en alg\u00fan momento, no necesariamente todo el tiempo, bajo esa modalidad.","var_universe":"El universo para la ECV est\u00e1 conformado por la poblaci\u00f3n civil no institucional resi\u00addente en todo el territorio nacional.\n\nEste cap\u00edtulo va dirigido a personas de 12 a\u00f1os y m\u00e1s","var_universe_clusion":"I","var_sumstat":[{"value":"0","type":"vald","wgtd":null},{"value":"0","type":"invd","wgtd":null}],"var_txt":null,"var_catgry":[{"value":"1","labl":"S\u00ed","is_missing":null,"stats":[]},{"value":"2","labl":"No","is_missing":null,"stats":[]}],"var_codinstr":null,"var_concept":[],"var_format":{"type":"numeric","schema":"other","category":null,"name":null},"var_notes":null,"var_val_range":{"min":null,"max":null},"fid":"F7","sid":"734","survey_idno":"DANE-DIMPE-ECV-2021"}