{"file_id":"F6","vid":"V974","name":"P3337S1","var_intrvl":"discrete","var_dcml":"0","var_wgt":null,"var_is_wgt":null,"loc_start_pos":"514","loc_end_pos":"516","loc_width":"3","loc_rec_seg_no":"1","labl":"\u00bfCu\u00e1ntas veces?","var_imputation":null,"var_security":null,"var_resp_unit":null,"var_analysis_unit":null,"var_qstn_preqtxt":"15. \u00bf... tuvo comunicaci\u00f3n con sus maestros la semana pasada?\n\t\n1\tSi\t\n2\tNo","var_qstn_qstnlit":"15. \u00bf... tuvo comunicaci\u00f3n con sus maestros la semana pasada?\t\n\n1\tSi\t\n\t\n\t\u00bfCu\u00e1ntas veces?","var_qstn_postqtxt":"16. \u00bf... ha recibido respuesta por parte del maestro\/a a preguntas sobre las actividades educativas asignadas? \t\n1\tS\u00ed\t\n2\tNo\t\n3\tNo ha hecho preguntas","var_qstn_ivuinstr":"A trav\u00e9s de esta pregunta se busca conocer si los estudiantes tuvieron comunicaci\u00f3n con sus maestros, independientemente de la modalidad a la que asisten. Responda 1 (S\u00ed) o 2 (No), dependiendo de la situaci\u00f3n espec\u00edfica en la semana de referencia. Si responde 1 (S\u00ed) debe registrar el n\u00famero de veces que se comunicaron.","var_universe":"El universo para la Encuesta de Calidad de Vida est\u00e1 conformado por la poblaci\u00f3n civil no institucional residente en todo el territorio nacional. \n\nEste cap\u00edtulo va dirigido a todas las personas las personas de 5 a\u00f1os y m\u00e1s.","var_universe_clusion":"I","var_sumstat":[{"value":"0","type":"vald","wgtd":null},{"value":"0","type":"invd","wgtd":null}],"var_txt":null,"var_catgry":[],"var_codinstr":null,"var_concept":[],"var_format":{"type":"numeric","schema":"other","category":null,"name":null},"var_notes":null,"var_val_range":{"min":null,"max":null},"fid":"F6","sid":"734","survey_idno":"DANE-DIMPE-ECV-2021"}