{"file_id":"F6","vid":"V984","name":"P3341","var_intrvl":"discrete","var_dcml":"0","var_wgt":null,"var_is_wgt":null,"loc_start_pos":"544","loc_end_pos":"546","loc_width":"3","loc_rec_seg_no":"1","labl":"Durante este A\u00d1O ESCOLAR el hogar pag\u00f3: \u00bfMatriculas para ...?","var_imputation":null,"var_security":null,"var_resp_unit":null,"var_analysis_unit":null,"var_qstn_preqtxt":"18. \u00bfCu\u00e1ntas horas al d\u00eda dedic\u00f3 ... a estudiar la semana pasada? \t\n\n1\tMenos de 1 hora\t\n2\tEntre 1 - 2 horas \t\n3\tEntre 2 - 3 horas\t\n4\tEntre 3 - 4 horas\t\n5\tEntre 4 - 6 horas\t\n6\tM\u00e1s de 6 horas","var_qstn_qstnlit":"19. Durante este A\u00d1O ESCOLAR el hogar pag\u00f3: \u00bfMatriculas para ...?\t\n\n1\tS\u00ed\t\n2\tNo","var_qstn_postqtxt":"19. Durante este A\u00d1O ESCOLAR el hogar pag\u00f3: \u00bfMatriculas para ...?\t\n\n1. S\u00ed\t\n\t\t\n19a. Valor","var_qstn_ivuinstr":"A\u00f1o escolar o a\u00f1o lectivo se refiere al tiempo reglamentario, durante el cual los planteles educativos desarrollan los programas acad\u00e9micos y llevan a cabo toda clase de actividades culturales que han sido planeadas con antelaci\u00f3n.","var_universe":"El universo para la Encuesta de Calidad de Vida est\u00e1 conformado por la poblaci\u00f3n civil no institucional residente en todo el territorio nacional. \n\nEste cap\u00edtulo va dirigido a todas las personas las personas de 5 a\u00f1os y m\u00e1s.","var_universe_clusion":"I","var_sumstat":[{"value":"0","type":"vald","wgtd":null},{"value":"0","type":"invd","wgtd":null}],"var_txt":null,"var_catgry":[{"value":"1","labl":"S\u00ed","is_missing":null,"stats":[]},{"value":"2","labl":"No","is_missing":null,"stats":[]}],"var_codinstr":null,"var_concept":[],"var_format":{"type":"numeric","schema":"other","category":null,"name":null},"var_notes":null,"var_val_range":{"min":null,"max":null},"fid":"F6","sid":"734","survey_idno":"DANE-DIMPE-ECV-2021"}