{"file_id":"F3","vid":"V1160","name":"D05a","var_intrvl":"discrete","var_dcml":"0","var_wgt":null,"var_is_wgt":null,"loc_start_pos":"114","loc_end_pos":"114","loc_width":"1","loc_rec_seg_no":"1","labl":"Antes de su \u00faltima evaluaci\u00f3n de desempe\u00f1o individual, \u00bfse establecieron y discutieron con usted los objetivos a alcanzar?","var_imputation":null,"var_security":"El acceso a microdatos y Mam-up se considera como de tratamiento especial respecto a la reserva estad\u00edstica por tanto estar\u00e1 sujeto a la reglamentaci\u00f3n que para el efecto defina el Comit\u00e9 de Aseguramiento de la reserva estad\u00edstica. Resoluci\u00f3n 173 de 2008.","var_resp_unit":null,"var_analysis_unit":null,"var_qstn_preqtxt":"\u00bfSu entidad cuenta con alg\u00fan sistema para evaluar el desempe\u00f1o de sus servidores\/as?\n\t\n1\tS\u00ed\n2\tNo\nSolo aplica para quienes respondieron si en la pregunta D04","var_qstn_qstnlit":"Antes de su \u00faltima evaluaci\u00f3n de desempe\u00f1o individual, \u00bfse establecieron y discutieron con usted los objetivos a alcanzar?\n\t\n1\tS\u00ed\n2\tNo\n9             Prefiero no contestar","var_qstn_postqtxt":null,"var_qstn_ivuinstr":"La pregunta busca establecer si con anterioridad a la evaluaci\u00f3n de desempe\u00f1o se realiz\u00f3 un ejercicio a trav\u00e9s del cual evaluador y evaluado pudieron concertar los objetivo, compromisos o metas que ser\u00e1n objeto de evaluaci\u00f3n durante la vigencia","var_universe":"Servidores p\u00fablicos pertenecientes al nivel central de las gobernaciones del territorio nacional, Alcald\u00edas de capital de departamento y del Distrito Capital (Bogot\u00e1 D.C.).","var_universe_clusion":"I","var_sumstat":[{"value":"0","type":"vald","wgtd":null},{"value":"0","type":"invd","wgtd":null}],"var_txt":"De acuerdo con la Ley 909 de 2004, la discriminaci\u00f3n laboral es todo trato diferenciado por razones de raza, edad, g\u00e9nero, origen familiar o nacional, credo religioso, preferencia pol\u00edtica o situaci\u00f3n social o que carezca de toda razonabilidad desde el punto de vista laboral.","var_catgry":[{"value":"1","labl":"Si","is_missing":null,"stats":[]},{"value":"2","labl":"No","is_missing":null,"stats":[]},{"value":"9","labl":"Prefiero no contestar","is_missing":null,"stats":[]}],"var_codinstr":null,"var_concept":[],"var_format":{"type":"numeric","schema":"other","category":null,"name":null},"var_notes":null,"var_val_range":{"min":null,"max":null},"fid":"F3","sid":"740","survey_idno":"DANE-DIMPE-EDID-ENTIDAD-2021"}