{"file_id":"F45","vid":"V4128","name":"NHCLP2AC","var_intrvl":"discrete","var_dcml":"2","var_wgt":null,"var_is_wgt":null,"loc_start_pos":"34","loc_end_pos":"37","loc_width":"4","loc_rec_seg_no":"1","labl":"2a. 2. \u00bfAlguna de estas personas se encuentra incluida en el Registro \u00danico de V\u00edctimas-RUV?","var_imputation":null,"var_security":"El acceso a microdatos y Mam-up se considera como de tratamiento especial respecto a la reserva estad\u00edstica por tanto estar\u00e1 sujeto a la reglamentaci\u00f3n que para el efecto defina el Comit\u00e9 de Aseguramiento de la reserva estad\u00edstica. Resoluci\u00f3n 173 de 2008.","var_resp_unit":"La informaci\u00f3n del cap\u00edtulo ser\u00e1 suministrada por el\/la jefe\/a del hogar o su c\u00f3nyuge.","var_analysis_unit":null,"var_qstn_preqtxt":null,"var_qstn_qstnlit":"2a. 2. \u00bfAlguna de estas personas se encuentra incluida en el Registro \u00danico de V\u00edctimas-RUV?\n\n1. S\u00ed \n2. No\n9. No sabe","var_qstn_postqtxt":null,"var_qstn_ivuinstr":null,"var_universe":"El universo de estudio para la Encuesta Multiprop\u00f3sito Bogot\u00e1 - Cundinamarca est\u00e1 conformado por la poblaci\u00f3n civil no institucional residente en la cabecera, centro poblado y rural disperso de Bogot\u00e1, Soacha, Ch\u00eda, Cota, Funza, La Calera, Mosquera y Sop\u00f3. As\u00ed mismo, exclusivamente la cabecera de los municipios de Facatativ\u00e1, Zipaquir\u00e1, Fusagasug\u00e1, Madrid, Cajic\u00e1, Sibat\u00e9, El Rosal, Tocancip\u00e1, Tabio, Tenjo, Bojac\u00e1, Gachancip\u00e1, Subachoque y Zipac\u00f3n.\n\nEste cap\u00edtulo va dirigido al jefe\/a del hogar o su c\u00f3nyuge.","var_universe_clusion":"I","var_sumstat":[{"value":"0","type":"vald","wgtd":null},{"value":"0","type":"invd","wgtd":null}],"var_txt":"Tener en cuenta las siguientes definiciones:\n\n\u2022 Registro \u00danico de V\u00edctimas (RUV). Herramienta t\u00e9cnica que busca identificar a la poblaci\u00f3n v\u00edctima y sus caracter\u00edsticas y tiene como finalidad mantener informaci\u00f3n actualizada de la poblaci\u00f3n atendida y realizar el seguimiento de los servicios que el Estado presta a la poblaci\u00f3n afectada por la violencia. El registro no confiere la calidad de v\u00edctima, pues cumple \u00fanicamente el prop\u00f3sito de servir de herramienta t\u00e9cnica para la identificaci\u00f3n de la poblaci\u00f3n que ha sufrido un da\u00f1o en los t\u00e9rminos del art\u00edculo 3\u00b0 de la Ley 1448 de 2011 y de sus necesidades.","var_catgry":[{"value":"1","labl":"Si","is_missing":null,"stats":[]},{"value":"2","labl":"No","is_missing":null,"stats":[]},{"value":"9","labl":"No sabe","is_missing":null,"stats":[]}],"var_codinstr":null,"var_concept":[],"var_format":{"type":"numeric","schema":"other","category":null,"name":null},"var_notes":null,"var_val_range":{"min":"1","max":"9"},"fid":"F45","sid":"743","survey_idno":"DANE-DIMPE-EM-2021"}