{"file_id":"F45","vid":"V4250","name":"NHCLNP12D","var_intrvl":"discrete","var_dcml":"2","var_wgt":null,"var_is_wgt":null,"loc_start_pos":"317","loc_end_pos":"320","loc_width":"4","loc_rec_seg_no":"1","labl":"12b. \u00bfDurante el mes pasado alg\u00fan miembro de este hogar accedi\u00f3 a la oferta de los comedores comunitarios?","var_imputation":null,"var_security":"El acceso a microdatos y Mam-up se considera como de tratamiento especial respecto a la reserva estad\u00edstica por tanto estar\u00e1 sujeto a la reglamentaci\u00f3n que para el efecto defina el Comit\u00e9 de Aseguramiento de la reserva estad\u00edstica. Resoluci\u00f3n 173 de 2008.","var_resp_unit":"La informaci\u00f3n del cap\u00edtulo ser\u00e1 suministrada por el\/la jefe\/a del hogar o su c\u00f3nyuge.","var_analysis_unit":null,"var_qstn_preqtxt":null,"var_qstn_qstnlit":"12b. \u00bfDurante el mes pasado alg\u00fan miembro de este hogar accedi\u00f3 a la oferta de los comedores comunitarios?\n\n1. S\u00ed\n2. No","var_qstn_postqtxt":null,"var_qstn_ivuinstr":"Los comedores comunitarios son un servicio social dirigido especialmente a ni\u00f1as y ni\u00f1os entre los 3 y 17 a\u00f1os, mujeres gestantes y lactantes, adultos mayores y personas en condici\u00f3n de discapacidad y ciudadanos en general en situaci\u00f3n de inseguridad alimentaria, donde se brinda a los beneficiarios no solo alimentaci\u00f3n, sino que cuentan con apoyo nutricional, m\u00e9dico y psicosocial.\n\nSi alguno de los miembros del hogar asisti\u00f3 al comedor comunitario, pregunte en cu\u00e1nto estima el valor diario de los alimentos recibidos. Totalice el valor sumando los valores estimados para desayuno, almuerzo y comida (o las comidas que tome).","var_universe":"El universo de estudio para la Encuesta Multiprop\u00f3sito Bogot\u00e1 - Cundinamarca est\u00e1 conformado por la poblaci\u00f3n civil no institucional residente en la cabecera, centro poblado y rural disperso de Bogot\u00e1, Soacha, Ch\u00eda, Cota, Funza, La Calera, Mosquera y Sop\u00f3. As\u00ed mismo, exclusivamente la cabecera de los municipios de Facatativ\u00e1, Zipaquir\u00e1, Fusagasug\u00e1, Madrid, Cajic\u00e1, Sibat\u00e9, El Rosal, Tocancip\u00e1, Tabio, Tenjo, Bojac\u00e1, Gachancip\u00e1, Subachoque y Zipac\u00f3n.\n\nEste cap\u00edtulo va dirigido al jefe\/a del hogar o su c\u00f3nyuge.","var_universe_clusion":"I","var_sumstat":[{"value":"0","type":"vald","wgtd":null},{"value":"0","type":"invd","wgtd":null}],"var_txt":null,"var_catgry":[{"value":"1","labl":"Si","is_missing":null,"stats":[]},{"value":"2","labl":"No","is_missing":null,"stats":[]}],"var_codinstr":null,"var_concept":[],"var_format":{"type":"numeric","schema":"other","category":null,"name":null},"var_notes":null,"var_val_range":{"min":"1","max":"2"},"fid":"F45","sid":"743","survey_idno":"DANE-DIMPE-EM-2021"}