{"file_id":"F48","vid":"V4769","name":"NPCEP16AB","var_intrvl":"contin","var_dcml":"0","var_wgt":null,"var_is_wgt":null,"loc_start_pos":"159","loc_end_pos":"160","loc_width":"2","loc_rec_seg_no":"1","labl":"20. En otra localidad? (solo para Bogot\u00e1) 1. S\u00ed Localidad","var_imputation":null,"var_security":"El acceso a microdatos y Mam-up se considera como de tratamiento especial respecto a la reserva estad\u00edstica por tanto estar\u00e1 sujeto a la reglamentaci\u00f3n que para el efecto defina el Comit\u00e9 de Aseguramiento de la reserva estad\u00edstica. Resoluci\u00f3n 173 de 2008.","var_resp_unit":"La informaci\u00f3n del cap\u00edtulo ser\u00e1 suministrada por cada uno de los miembros del hogar de 10 a\u00f1os y m\u00e1s. La informaci\u00f3n de las personas menores de 10 a\u00f1os la debe suministrar el padre o la madre o la persona del hogar de 18 a\u00f1os o m\u00e1s que est\u00e1 a cargo del cuidado del menor cuando los padres no formen parte del hogar (excepto el personal del servicio dom\u00e9stico).\n\n- Si alg\u00fan miembro del hogar se encuentra ausente durante todo el periodo en el que se realiza la encuesta (la persona ha sido clasificada como Ausente Temporal), reg\u00edstrelo como miembro del hogar si cumple con la definici\u00f3n de residente habitual y en la pregunta \"la informaci\u00f3n de esta persona va a ser suministrada en este momento\" registre No y la observaci\u00f3n correspondiente. Para efectos de la recolecci\u00f3n el resultado ser\u00e1 encuesta incompleta.\n\n- Cuando la persona tenga alg\u00fan problema grave de salud, discapacidad de habla o escucha o problema mental, se puede solicitar los datos de esta persona al miembro del hogar, de 18 a\u00f1os o m\u00e1s, que mejor conozca la informaci\u00f3n de esa persona, siempre y cuando no sea del servicio dom\u00e9stico.","var_analysis_unit":null,"var_qstn_preqtxt":null,"var_qstn_qstnlit":"20. En otra localidad? (solo para Bogot\u00e1)\n\n1. S\u00ed   Localidad \n\n01 USAQU\u00c9N\n02 CHAPINERO\n03 SANTAF\u00c9\n04 SAN CRISTOBAL\n05 USME\n06 TUNJUELITO\n07 BOSA\n08 KENNEDY\n09 FONTIB\u00d3N\n10 ENGATIV\u00c1\n11 SUBA\n12 BARRIOS UNIDOS\n13 TEUSAQUILLO\n14 LOS M\u00c1RTIRES\n15 ANTONIO NARI\u00d1O\n16  PUENTE ARANDA\n17 LA CANDELARIA\n18 RAFAEL URIBE URIBE\n19 CIUDAD BOLIVAR\n20 SUMAPAZ\n99 NO SABE","var_qstn_postqtxt":null,"var_qstn_ivuinstr":"Se aplica a quienes hace 12 meses viv\u00edan en el municipio en donde se est\u00e1 aplicando la encuesta. Su objetivo es identificar la migraci\u00f3n entre barrios o veredas dentro del mismo municipio.","var_universe":"El universo de estudio para la Encuesta Multiprop\u00f3sito Bogot\u00e1 - Cundinamarca est\u00e1 conformado por la poblaci\u00f3n civil no institucional residente en la cabecera, centro poblado y rural disperso de Bogot\u00e1, Soacha, Ch\u00eda, Cota, Funza, La Calera, Mosquera y Sop\u00f3. As\u00ed mismo, exclusivamente la cabecera de los municipios de Facatativ\u00e1, Zipaquir\u00e1, Fusagasug\u00e1, Madrid, Cajic\u00e1, Sibat\u00e9, El Rosal, Tocancip\u00e1, Tabio, Tenjo, Bojac\u00e1, Gachancip\u00e1, Subachoque y Zipac\u00f3n.\n\nEste cap\u00edtulo va dirigido para todas las personas del hogar.","var_universe_clusion":"I","var_sumstat":[{"value":"0","type":"vald","wgtd":null},{"value":"0","type":"invd","wgtd":null}],"var_txt":null,"var_catgry":[{"value":"1","labl":"USAQU\u00c9N","is_missing":null,"stats":[]},{"value":"2","labl":"CHAPINERO","is_missing":null,"stats":[]},{"value":"3","labl":"SANTAF\u00c9","is_missing":null,"stats":[]},{"value":"4","labl":"SAN CRISTOBAL","is_missing":null,"stats":[]},{"value":"5","labl":"USME","is_missing":null,"stats":[]},{"value":"6","labl":"TUNJUELITO","is_missing":null,"stats":[]},{"value":"7","labl":"BOSA","is_missing":null,"stats":[]},{"value":"8","labl":"KENNEDY","is_missing":null,"stats":[]},{"value":"9","labl":"FONTIB\u00d3N","is_missing":null,"stats":[]},{"value":"10","labl":"ENGATIV\u00c1","is_missing":null,"stats":[]},{"value":"11","labl":"SUBA","is_missing":null,"stats":[]},{"value":"12","labl":"BARRIOS UNIDOS","is_missing":null,"stats":[]},{"value":"13","labl":"TEUSAQUILLO","is_missing":null,"stats":[]},{"value":"14","labl":"LOS M\u00c1RTIRES","is_missing":null,"stats":[]},{"value":"15","labl":"ANTONIO NARI\u00d1O","is_missing":null,"stats":[]},{"value":"16","labl":"PUENTE ARANDA","is_missing":null,"stats":[]},{"value":"17","labl":"LA CANDELARIA","is_missing":null,"stats":[]},{"value":"18","labl":"RAFAEL URIBE URIBE","is_missing":null,"stats":[]},{"value":"19","labl":"CIUDAD BOLIVAR","is_missing":null,"stats":[]},{"value":"20","labl":"SUMAPAZ","is_missing":null,"stats":[]},{"value":"99","labl":"NO SABE","is_missing":null,"stats":[]}],"var_codinstr":null,"var_concept":[],"var_format":{"type":"numeric","schema":"other","category":null,"name":null},"var_notes":null,"var_val_range":{"min":"1","max":"99"},"fid":"F48","sid":"743","survey_idno":"DANE-DIMPE-EM-2021"}