{"file_id":"F49","vid":"V4847","name":"NPCFP16","var_intrvl":"discrete","var_dcml":"0","var_wgt":null,"var_is_wgt":null,"loc_start_pos":"128","loc_end_pos":"128","loc_width":"1","loc_rec_seg_no":"1","labl":"17. En los \u00daLTIMOS 30 D\u00cdAS, \u00bf ...tuvo alguna enfermedad, accidente, problema odontol\u00f3gico o alg\u00fan otro problema de salud que NO haya implicado hospitalizaci\u00f3n?","var_imputation":null,"var_security":"El acceso a microdatos y Mam-up se considera como de tratamiento especial respecto a la reserva estad\u00edstica por tanto estar\u00e1 sujeto a la reglamentaci\u00f3n que para el efecto defina el Comit\u00e9 de Aseguramiento de la reserva estad\u00edstica. Resoluci\u00f3n 173 de 2008.","var_resp_unit":"La informaci\u00f3n del cap\u00edtulo ser\u00e1 suministrada por cada uno de los miembros del hogar de 10 a\u00f1os y m\u00e1s (en algunos casos se deber\u00e1 recurrir al padre o madre para el suministro de la informaci\u00f3n sobre algunos gastos que puede desconocer esta persona). Para las personas menores de 10 a\u00f1os la debe suministrar el padre, la madre, o la persona del hogar que est\u00e1 a cargo de su cuidado (persona de 18 a\u00f1os o m\u00e1s), excepto el personal del servicio dom\u00e9stico.","var_analysis_unit":null,"var_qstn_preqtxt":null,"var_qstn_qstnlit":"17. En los \u00daLTIMOS 30 D\u00cdAS, \u00bf ...tuvo alguna enfermedad, accidente, problema odontol\u00f3gico o alg\u00fan otro problema de salud que NO haya implicado hospitalizaci\u00f3n?\n\n1. Si\n2. No","var_qstn_postqtxt":null,"var_qstn_ivuinstr":"Con esta pregunta se identifican las personas que tuvieron alg\u00fan problema m\u00e9dico (sin hospitalizaci\u00f3n) en los \u00faltimos 30 d\u00edas. \n\nNOTA:\n\n\u2022 Si una persona est\u00e1 enferma desde hace m\u00e1s de 30 d\u00edas se considera que S\u00ed estuvo enferma. \n\u2022 Si la persona tuvo m\u00e1s de un problema de salud en los \u00faltimos 30 d\u00edas, p\u00eddale que conteste estas preguntas refiri\u00e9ndose a la enfermedad o problema que considera m\u00e1s grave.","var_universe":"El universo de estudio para la Encuesta Multiprop\u00f3sito Bogot\u00e1 - Cundinamarca est\u00e1 conformado por la poblaci\u00f3n civil no institucional residente en la cabecera, centro poblado y rural disperso de Bogot\u00e1, Soacha, Ch\u00eda, Cota, Funza, La Calera, Mosquera y Sop\u00f3. As\u00ed mismo, exclusivamente la cabecera de los municipios de Facatativ\u00e1, Zipaquir\u00e1, Fusagasug\u00e1, Madrid, Cajic\u00e1, Sibat\u00e9, El Rosal, Tocancip\u00e1, Tabio, Tenjo, Bojac\u00e1, Gachancip\u00e1, Subachoque y Zipac\u00f3n.\n\nEste cap\u00edtulo va dirigido a todas las personas del hogar.","var_universe_clusion":"I","var_sumstat":[{"value":"0","type":"vald","wgtd":null},{"value":"0","type":"invd","wgtd":null}],"var_txt":null,"var_catgry":[{"value":"1","labl":"Si","is_missing":null,"stats":[]},{"value":"2","labl":"No","is_missing":null,"stats":[]}],"var_codinstr":null,"var_concept":[],"var_format":{"type":"numeric","schema":"other","category":null,"name":null},"var_notes":null,"var_val_range":{"min":null,"max":null},"fid":"F49","sid":"743","survey_idno":"DANE-DIMPE-EM-2021"}