{"file_id":"F49","vid":"V4901","name":"NPCFP36","var_intrvl":"discrete","var_dcml":"0","var_wgt":null,"var_is_wgt":null,"loc_start_pos":"322","loc_end_pos":"322","loc_width":"1","loc_rec_seg_no":"1","labl":"34. En los \u00daLTIMOS 30 D\u00cdAS, \u00bfcu\u00e1ntas veces por semana ...practic\u00f3 deporte o realiz\u00f3 actividad f\u00edsica por 30 minutos continuos o m\u00e1s?","var_imputation":null,"var_security":"El acceso a microdatos y Mam-up se considera como de tratamiento especial respecto a la reserva estad\u00edstica por tanto estar\u00e1 sujeto a la reglamentaci\u00f3n que para el efecto defina el Comit\u00e9 de Aseguramiento de la reserva estad\u00edstica. Resoluci\u00f3n 173 de 2008.","var_resp_unit":"La informaci\u00f3n del cap\u00edtulo ser\u00e1 suministrada por cada uno de los miembros del hogar de 10 a\u00f1os y m\u00e1s (en algunos casos se deber\u00e1 recurrir al padre o madre para el suministro de la informaci\u00f3n sobre algunos gastos que puede desconocer esta persona). Para las personas menores de 10 a\u00f1os la debe suministrar el padre, la madre, o la persona del hogar que est\u00e1 a cargo de su cuidado (persona de 18 a\u00f1os o m\u00e1s), excepto el personal del servicio dom\u00e9stico.","var_analysis_unit":null,"var_qstn_preqtxt":null,"var_qstn_qstnlit":"34. En los \u00daLTIMOS 30 D\u00cdAS, \u00bfcu\u00e1ntas veces por semana ...practic\u00f3 deporte o realiz\u00f3 actividad f\u00edsica por 30 minutos continuos o m\u00e1s? \n\n1. 3 o m\u00e1s veces por semana\n2. 1 a 2 veces por semana\n3. Menos de una vez a la semana\n4. No practic\u00f3 deporte ni tuvo actividad f\u00edsica en el mes","var_qstn_postqtxt":null,"var_qstn_ivuinstr":"Esta pregunta se aplica a personas de 10 a\u00f1os y m\u00e1s. Antes de formularla, lea al encuestado\/a la \nsiguiente introducci\u00f3n:\n\n- Por favor piense en todas las actividades f\u00edsicas que realiza en su vida cotidiana que le exigen un esfuerzo adicional y elevan su ritmo cardiaco y respiratorio, como si estuviera haciendo ejercicio o deporte.\n\nLa pregunta tiene como objetivo determinar la proporci\u00f3n de personas que realizan actividad f\u00edsica y la frecuencia con que lo hacen.","var_universe":"El universo de estudio para la Encuesta Multiprop\u00f3sito Bogot\u00e1 - Cundinamarca est\u00e1 conformado por la poblaci\u00f3n civil no institucional residente en la cabecera, centro poblado y rural disperso de Bogot\u00e1, Soacha, Ch\u00eda, Cota, Funza, La Calera, Mosquera y Sop\u00f3. As\u00ed mismo, exclusivamente la cabecera de los municipios de Facatativ\u00e1, Zipaquir\u00e1, Fusagasug\u00e1, Madrid, Cajic\u00e1, Sibat\u00e9, El Rosal, Tocancip\u00e1, Tabio, Tenjo, Bojac\u00e1, Gachancip\u00e1, Subachoque y Zipac\u00f3n.\n\nEste cap\u00edtulo va dirigido a todas las personas del hogar.","var_universe_clusion":"I","var_sumstat":[{"value":"0","type":"vald","wgtd":null},{"value":"0","type":"invd","wgtd":null}],"var_txt":"Tenga en cuenta:\n\nLa actividad f\u00edsica es cualquier movimiento corporal producido por los m\u00fasculos esquel\u00e9ticos que exija gasto de energ\u00eda; cualquier actividad que involucre movimientos significativos del cuerpo o de los miembros; los movimientos de la vida diaria, incluyendo el trabajo, la recreaci\u00f3n, el ejercicio f\u00edsico y las actividades deportivas.\n\n\u2022 Ejercicio f\u00edsico. Actividad f\u00edsica planeada, estructurada y repetitiva, que tiene como prop\u00f3sito mejorar y mantener uno o m\u00e1s de los componentes de la aptitud f\u00edsica, la salud y el bienestar de las personas.\n\n\u2022 Deporte. Actividad f\u00edsica especializada, de car\u00e1cter competitivo que requiere de entrenamiento f\u00edsico y \ngeneralmente se realiza a altas intensidades","var_catgry":[{"value":"1","labl":"3 o m\u00e1s veces por semana","is_missing":null,"stats":[]},{"value":"2","labl":"1 a 2 veces por semana","is_missing":null,"stats":[]},{"value":"3","labl":"Menos de una vez a la semana","is_missing":null,"stats":[]},{"value":"4","labl":"No practic\u00f3 deporte ni tuvo actividad f\u00edsica en el mes","is_missing":null,"stats":[]}],"var_codinstr":null,"var_concept":[],"var_format":{"type":"numeric","schema":"other","category":null,"name":null},"var_notes":null,"var_val_range":{"min":null,"max":null},"fid":"F49","sid":"743","survey_idno":"DANE-DIMPE-EM-2021"}