{"file_id":"F50","vid":"V4933","name":"NPCGP1","var_intrvl":"discrete","var_dcml":"0","var_wgt":null,"var_is_wgt":null,"loc_start_pos":"29","loc_end_pos":"29","loc_width":"1","loc_rec_seg_no":"1","labl":"1.\u00bfD\u00f3nde o con qui\u00e9n permanece ...durante la mayor parte del tiempo entre semana?","var_imputation":null,"var_security":"El acceso a microdatos y Mam-up se considera como de tratamiento especial respecto a la reserva estad\u00edstica por tanto estar\u00e1 sujeto a la reglamentaci\u00f3n que para el efecto defina el Comit\u00e9 de Aseguramiento de la reserva estad\u00edstica. Resoluci\u00f3n 173 de 2008.","var_resp_unit":"La informaci\u00f3n del cap\u00edtulo ser\u00e1 suministrada por el padre o la madre del ni\u00f1o o ni\u00f1a, o la persona del hogar que est\u00e1 a cargo de su cuidado (persona de 18 a\u00f1os o m\u00e1s) cuando los padres no forman parte del hogar (excepto el personal del servicio dom\u00e9stico).","var_analysis_unit":null,"var_qstn_preqtxt":null,"var_qstn_qstnlit":"1. \u00bfD\u00f3nde o con qui\u00e9n permanece ...durante la mayor parte del tiempo entre semana?\n\n1. Asiste a un hogar comunitario, jard\u00edn, centro de desarrollo infantil o colegio \n2. Con su padre o madre en la casa\n3. Con su padre o madre en el trabajo\n4. Con empleado\/a o ni\u00f1ero\/a en la casa\n5. Al cuidado de un\/a pariente de 18 a\u00f1os o m\u00e1s\n6. Al cuidado de un\/a pariente menor de 18 a\u00f1os\n7. En casa solo\/a\n8. Otro","var_qstn_postqtxt":null,"var_qstn_ivuinstr":"Tener en cuenta lo siguiente:\n\n\u2022 El ni\u00f1o se considera asistiendo a hogar comunitario, guarder\u00eda, jard\u00edn o CDI, si asiste de manera regular de lunes a viernes por lo menos a media jornada, es decir, por lo menos acude 4 horas diarias.\n\n\u2022 Si se presenta el caso de un ni\u00f1o menor de 5 a\u00f1os, hijo de una empleada dom\u00e9stica (residente en el hogar donde trabaja) que permanece la mayor parte del tiempo en la casa con su mam\u00e1, la respuesta a esta pregunta ser\u00e1 \u201ccon su padre o madre en el trabajo\u201d.\n\n\u2022 Si responde la opci\u00f3n 1 \u201cAsiste a un hogar comunitario, guarder\u00eda, jard\u00edn o centro de desarrollo infantil\u201d diligencie cu\u00e1ntas horas a la semana y pase a G3. Si responde opciones 2 a 8 pase a pregunta G2.\n\n\u2022 Si se encuentra un menor que est\u00e1 en el hogar de una madre sustituta y que no asiste a un hogar comunitario, guarder\u00eda o jard\u00edn, seleccione opci\u00f3n 8 \u201cOtra \u00bfcu\u00e1l?\u201d si el ni\u00f1o permanece en la casa de su madre sustituta.","var_universe":"El universo de estudio para la Encuesta Multiprop\u00f3sito Bogot\u00e1 - Cundinamarca est\u00e1 conformado por la poblaci\u00f3n civil no institucional residente en la cabecera, centro poblado y rural disperso de Bogot\u00e1, Soacha, Ch\u00eda, Cota, Funza, La Calera, Mosquera y Sop\u00f3. As\u00ed mismo, exclusivamente la cabecera de los municipios de Facatativ\u00e1, Zipaquir\u00e1, Fusagasug\u00e1, Madrid, Cajic\u00e1, Sibat\u00e9, El Rosal, Tocancip\u00e1, Tabio, Tenjo, Bojac\u00e1, Gachancip\u00e1, Subachoque y Zipac\u00f3n.\n\nEl cap\u00edtulo va dirigido para personas menores de 5 a\u00f1os.","var_universe_clusion":"I","var_sumstat":[{"value":"0","type":"vald","wgtd":null},{"value":"0","type":"invd","wgtd":null}],"var_txt":"Tener en cuenta las siguientes definiciones:\n\n\u2022 Hogares comunitarios de Bienestar Familiar (HCB). Conocidos como hogares de madres comunitarias. Es una forma de cuidado de los ni\u00f1os promovida y financiada por el ICBF, en la que una madre se hace cargo, en su propio hogar, del cuidado de un grupo de ni\u00f1os a quienes proporciona nutrici\u00f3n y cuidado. En el se atiende prioritariamente a ni\u00f1os y ni\u00f1as \nmenores de 5 a\u00f1os con vulnerabilidad econ\u00f3mica, social, cultural, nutricional y psicoafectiva.\n\n\u2022 Guarder\u00eda o jard\u00edn. Son instituciones cuya labor principal es el cuidado de ni\u00f1os e infantes, \ngeneralmente hasta los 5 a\u00f1os de edad, all\u00ed les proporcionan aprestamiento acad\u00e9mico para el inicio de la educaci\u00f3n primaria, alimentaci\u00f3n y en ocasiones atenci\u00f3n m\u00e9dica. Los jardines \npueden ser p\u00fablicos o privados, las guarder\u00edas son generalmente privadas. Se incluyen en esta categor\u00eda las salas cuna, parvularias y otras con caracter\u00edsticas similares. \n\n\u2022 Centro de Desarrollo Infantil (CDI). Son instituciones donde se garantiza una atenci\u00f3n integral, que incluye educaci\u00f3n inicial, cuidado calificado, nutrici\u00f3n y asistencia para garantizar los derechos de salud y protecci\u00f3n de los ni\u00f1os y las ni\u00f1as menores de 6 a\u00f1os. La atenci\u00f3n que prestan los CDI se lleva a cabo en espacios f\u00edsicos e infraestructuras adecuadas para a atenci\u00f3n a la primera infancia y est\u00e1 a cargo de un equipo interdisciplinario compuesto por un\/a coordinador\/a, maestros y maestras, auxiliares pedag\u00f3gicos, psic\u00f3logo\/a o trabajador\/a social, nutricionista o enfermera(o) y personal administrativo.","var_catgry":[{"value":"1","labl":"Asiste a un hogar comunitario, jard\u00edn, centro de desarrollo infantil o colegio","is_missing":null,"stats":[]},{"value":"2","labl":"Con su padre o madre en la casa","is_missing":null,"stats":[]},{"value":"3","labl":"Con su padre o madre en el trabajo","is_missing":null,"stats":[]},{"value":"4","labl":"Con empleado\/a o ni\u00f1ero\/a en la casa","is_missing":null,"stats":[]},{"value":"5","labl":"Al cuidado de un\/a pariente de 18 a\u00f1os o m\u00e1s","is_missing":null,"stats":[]},{"value":"6","labl":"Al cuidado de un\/a pariente menor de 18 a\u00f1os","is_missing":null,"stats":[]},{"value":"7","labl":"En casa solo\/a","is_missing":null,"stats":[]},{"value":"8","labl":"Otro","is_missing":null,"stats":[]}],"var_codinstr":null,"var_concept":[],"var_format":{"type":"numeric","schema":"other","category":null,"name":null},"var_notes":null,"var_val_range":{"min":"1","max":"8"},"fid":"F50","sid":"743","survey_idno":"DANE-DIMPE-EM-2021"}