{"file_id":"F50","vid":"V4935","name":"NPCGP2","var_intrvl":"discrete","var_dcml":"0","var_wgt":null,"var_is_wgt":null,"loc_start_pos":"32","loc_end_pos":"32","loc_width":"1","loc_rec_seg_no":"1","labl":"2. \u00bfCu\u00e1l es la raz\u00f3n principal por la cual ...no asiste a un hogar comunitario, jard\u00edn, centro de desarrollo infantil o colegio?","var_imputation":null,"var_security":"El acceso a microdatos y Mam-up se considera como de tratamiento especial respecto a la reserva estad\u00edstica por tanto estar\u00e1 sujeto a la reglamentaci\u00f3n que para el efecto defina el Comit\u00e9 de Aseguramiento de la reserva estad\u00edstica. Resoluci\u00f3n 173 de 2008.","var_resp_unit":"La informaci\u00f3n del cap\u00edtulo ser\u00e1 suministrada por el padre o la madre del ni\u00f1o o ni\u00f1a, o la persona del hogar que est\u00e1 a cargo de su cuidado (persona de 18 a\u00f1os o m\u00e1s) cuando los padres no forman parte del hogar (excepto el personal del servicio dom\u00e9stico).","var_analysis_unit":null,"var_qstn_preqtxt":null,"var_qstn_qstnlit":"2. \u00bfCu\u00e1l es la raz\u00f3n principal por la cual ...no asiste a un hogar comunitario, jard\u00edn, centro de desarrollo infantil o colegio?\n\n1. No hay una instituci\u00f3n cercana\n2. Es muy costoso\n3. No encontr\u00f3 cupo\n4. Prefiere que no asista\n5. Tiene un\/a familiar en la casa que lo\/a cuida\n6. Considera que no est\u00e1 en edad de asistir\n7. Solo asiste algunas horas o algunos d\u00edas de la semana\n8. Otra","var_qstn_postqtxt":null,"var_qstn_ivuinstr":"Cuando la persona manifieste que el menor si asiste a un establecimiento, pero que va de vez en cuando o asiste a menos de media jornada al d\u00eda, registre opci\u00f3n 7 \u201cSolo asiste algunas horas o algunos d\u00edas de la semana\u201d y diligencie cu\u00e1ntas horas a la semana. Despu\u00e9s de responder pase a G13.","var_universe":"El universo de estudio para la Encuesta Multiprop\u00f3sito Bogot\u00e1 - Cundinamarca est\u00e1 conformado por la poblaci\u00f3n civil no institucional residente en la cabecera, centro poblado y rural disperso de Bogot\u00e1, Soacha, Ch\u00eda, Cota, Funza, La Calera, Mosquera y Sop\u00f3. As\u00ed mismo, exclusivamente la cabecera de los municipios de Facatativ\u00e1, Zipaquir\u00e1, Fusagasug\u00e1, Madrid, Cajic\u00e1, Sibat\u00e9, El Rosal, Tocancip\u00e1, Tabio, Tenjo, Bojac\u00e1, Gachancip\u00e1, Subachoque y Zipac\u00f3n.\n\nEl cap\u00edtulo va dirigido para personas menores de 5 a\u00f1os.","var_universe_clusion":"I","var_sumstat":[{"value":"0","type":"vald","wgtd":null},{"value":"0","type":"invd","wgtd":null}],"var_txt":null,"var_catgry":[{"value":"1","labl":"No hay una instituci\u00f3n cercana","is_missing":null,"stats":[]},{"value":"2","labl":"Es muy costoso","is_missing":null,"stats":[]},{"value":"3","labl":"No encontr\u00f3 cupo","is_missing":null,"stats":[]},{"value":"4","labl":"Prefiere que no asista","is_missing":null,"stats":[]},{"value":"5","labl":"Tiene un\/a familiar en la casa que lo\/a cuida","is_missing":null,"stats":[]},{"value":"6","labl":"Considera que no est\u00e1 en edad de asistir","is_missing":null,"stats":[]},{"value":"7","labl":"Solo asiste algunas horas o algunos d\u00edas de la semana","is_missing":null,"stats":[]},{"value":"8","labl":"Otra raz\u00f3n","is_missing":null,"stats":[]}],"var_codinstr":null,"var_concept":[],"var_format":{"type":"numeric","schema":"other","category":null,"name":null},"var_notes":null,"var_val_range":{"min":"1","max":"8"},"fid":"F50","sid":"743","survey_idno":"DANE-DIMPE-EM-2021"}