{"file_id":"F50","vid":"V4937","name":"NPCGP3","var_intrvl":"discrete","var_dcml":"0","var_wgt":null,"var_is_wgt":null,"loc_start_pos":"35","loc_end_pos":"35","loc_width":"1","loc_rec_seg_no":"1","labl":"3. \u00bfA qu\u00e9 tipo de  establecimiento (hogar comunitario, jard\u00edn, centro de desarrollo infantil o colegio) asiste?","var_imputation":null,"var_security":"El acceso a microdatos y Mam-up se considera como de tratamiento especial respecto a la reserva estad\u00edstica por tanto estar\u00e1 sujeto a la reglamentaci\u00f3n que para el efecto defina el Comit\u00e9 de Aseguramiento de la reserva estad\u00edstica. Resoluci\u00f3n 173 de 2008.","var_resp_unit":"La informaci\u00f3n del cap\u00edtulo ser\u00e1 suministrada por el padre o la madre del ni\u00f1o o ni\u00f1a, o la persona del hogar que est\u00e1 a cargo de su cuidado (persona de 18 a\u00f1os o m\u00e1s) cuando los padres no forman parte del hogar (excepto el personal del servicio dom\u00e9stico).","var_analysis_unit":null,"var_qstn_preqtxt":null,"var_qstn_qstnlit":"3. \u00bfA qu\u00e9 tipo de  establecimiento (hogar comunitario, jard\u00edn, centro de desarrollo infantil o colegio) asiste?\n\n1. Hogar comunitario de Bienestar Familiar\n2. Hogar infantil o jard\u00edn de Bienestar Familiar\n3. Jard\u00edn infantil de la Secretar\u00eda Distrital de Integraci\u00f3n Social (s\u00f3lo para Bogot\u00e1)\n4. Centro de Desarrollo Infantil Oficial (CDI)\n5. Jard\u00edn o colegio oficial\n6. Jard\u00edn o colegio privado","var_qstn_postqtxt":null,"var_qstn_ivuinstr":null,"var_universe":"El universo de estudio para la Encuesta Multiprop\u00f3sito Bogot\u00e1 - Cundinamarca est\u00e1 conformado por la poblaci\u00f3n civil no institucional residente en la cabecera, centro poblado y rural disperso de Bogot\u00e1, Soacha, Ch\u00eda, Cota, Funza, La Calera, Mosquera y Sop\u00f3. As\u00ed mismo, exclusivamente la cabecera de los municipios de Facatativ\u00e1, Zipaquir\u00e1, Fusagasug\u00e1, Madrid, Cajic\u00e1, Sibat\u00e9, El Rosal, Tocancip\u00e1, Tabio, Tenjo, Bojac\u00e1, Gachancip\u00e1, Subachoque y Zipac\u00f3n.\n\nEl cap\u00edtulo va dirigido para personas menores de 5 a\u00f1os.","var_universe_clusion":"I","var_sumstat":[{"value":"0","type":"vald","wgtd":null},{"value":"0","type":"invd","wgtd":null}],"var_txt":"Tener en cuenta las siguientes definiciones:\n\n\u2022 Hogar infantil o jard\u00edn de Bienestar Familiar. Dentro de las instituciones del Bienestar Familiar se tienen los hogares y jardines infantiles que garantizan educaci\u00f3n inicial y cuidado para los ni\u00f1os y ni\u00f1as de familias en situaci\u00f3n de vulnerabilidad. Esas instituciones no son Centros de Desarrollo Infantil, en sentido estricto.\n\n\u2022 Jard\u00edn o colegio oficial. Comprende los jardines oficiales, por ejemplo, los creados y financiados por las alcald\u00edas municipales, y los jardines que algunas entidades p\u00fablicas han creado para garantizar el cuidado de los hijos de sus empleados. En esta opci\u00f3n incluya tambi\u00e9n a los ni\u00f1os que cursan los grados pre-jard\u00edn y jard\u00edn en colegios oficiales.\n\n\u2022 Jard\u00edn o colegio privado. Son todos aquellos jardines que se financian con recursos provenientes de personas o entidades privadas. En esta opci\u00f3n se deben incluir a los ni\u00f1os que cursan el preescolar en colegios privados que imparten educaci\u00f3n formal para ni\u00f1os de 3 y 4 a\u00f1os en los grados pre-jard\u00edn y jard\u00edn.","var_catgry":[{"value":"1","labl":"Hogar comunitario de Bienestar Familiar","is_missing":null,"stats":[]},{"value":"2","labl":"Hogar infantil o jard\u00edn de Bienestar Familiar","is_missing":null,"stats":[]},{"value":"3","labl":"Jard\u00edn infantil de la Secretar\u00eda Distrital de Integraci\u00f3n Social (s\u00f3lo para Bogot\u00e1)","is_missing":null,"stats":[]},{"value":"4","labl":"Centro de Desarrollo Infantil Oficial (CDI)","is_missing":null,"stats":[]},{"value":"5","labl":"Jard\u00edn o colegio oficial","is_missing":null,"stats":[]},{"value":"6","labl":"Jard\u00edn o colegio privado","is_missing":null,"stats":[]}],"var_codinstr":null,"var_concept":[],"var_format":{"type":"numeric","schema":"other","category":null,"name":null},"var_notes":null,"var_val_range":{"min":"1","max":"6"},"fid":"F50","sid":"743","survey_idno":"DANE-DIMPE-EM-2021"}