{"file_id":"F50","vid":"V4941","name":"NPCGP7","var_intrvl":"discrete","var_dcml":"0","var_wgt":null,"var_is_wgt":null,"loc_start_pos":"41","loc_end_pos":"41","loc_width":"1","loc_rec_seg_no":"1","labl":"7. Durante ESTE A\u00d1O escolar,  \u00bfel hogar pag\u00f3 matr\u00edcula para ...?","var_imputation":null,"var_security":"El acceso a microdatos y Mam-up se considera como de tratamiento especial respecto a la reserva estad\u00edstica por tanto estar\u00e1 sujeto a la reglamentaci\u00f3n que para el efecto defina el Comit\u00e9 de Aseguramiento de la reserva estad\u00edstica. Resoluci\u00f3n 173 de 2008.","var_resp_unit":"La informaci\u00f3n del cap\u00edtulo ser\u00e1 suministrada por el padre o la madre del ni\u00f1o o ni\u00f1a, o la persona del hogar que est\u00e1 a cargo de su cuidado (persona de 18 a\u00f1os o m\u00e1s) cuando los padres no forman parte del hogar (excepto el personal del servicio dom\u00e9stico).","var_analysis_unit":null,"var_qstn_preqtxt":null,"var_qstn_qstnlit":"7. Durante ESTE A\u00d1O escolar,  \u00bfel hogar pag\u00f3 matr\u00edcula para ...?\n\n1. Si\n2. No","var_qstn_postqtxt":null,"var_qstn_ivuinstr":"A\u00f1o escolar se refiere al tiempo reglamentario, durante el cual los planteles educativos desarrollan los programas.","var_universe":"El universo de estudio para la Encuesta Multiprop\u00f3sito Bogot\u00e1 - Cundinamarca est\u00e1 conformado por la poblaci\u00f3n civil no institucional residente en la cabecera, centro poblado y rural disperso de Bogot\u00e1, Soacha, Ch\u00eda, Cota, Funza, La Calera, Mosquera y Sop\u00f3. As\u00ed mismo, exclusivamente la cabecera de los municipios de Facatativ\u00e1, Zipaquir\u00e1, Fusagasug\u00e1, Madrid, Cajic\u00e1, Sibat\u00e9, El Rosal, Tocancip\u00e1, Tabio, Tenjo, Bojac\u00e1, Gachancip\u00e1, Subachoque y Zipac\u00f3n.\n\nEl cap\u00edtulo va dirigido para personas menores de 5 a\u00f1os.","var_universe_clusion":"I","var_sumstat":[{"value":"0","type":"vald","wgtd":null},{"value":"0","type":"invd","wgtd":null}],"var_txt":"Tener en cuenta lo siguiente:\n\n\u2022 Calendario A. Corresponde al per\u00edodo acad\u00e9mico que se inicia en febrero con promociones en \nnoviembre del mismo a\u00f1o.\n\n\u2022 Calendario B. Corresponde al per\u00edodo acad\u00e9mico que se inicia en septiembre con promociones en junio del siguiente a\u00f1o.","var_catgry":[{"value":"1","labl":"Si","is_missing":null,"stats":[]},{"value":"2","labl":"No","is_missing":null,"stats":[]}],"var_codinstr":null,"var_concept":[],"var_format":{"type":"numeric","schema":"other","category":null,"name":null},"var_notes":null,"var_val_range":{"min":"1","max":"2"},"fid":"F50","sid":"743","survey_idno":"DANE-DIMPE-EM-2021"}