{"file_id":"F50","vid":"V4950","name":"NPCGP11A","var_intrvl":"contin","var_dcml":"0","var_wgt":null,"var_is_wgt":null,"loc_start_pos":"74","loc_end_pos":"79","loc_width":"6","loc_rec_seg_no":"1","labl":"Valor MENSUAL","var_imputation":null,"var_security":"El acceso a microdatos y Mam-up se considera como de tratamiento especial respecto a la reserva estad\u00edstica por tanto estar\u00e1 sujeto a la reglamentaci\u00f3n que para el efecto defina el Comit\u00e9 de Aseguramiento de la reserva estad\u00edstica. Resoluci\u00f3n 173 de 2008.","var_resp_unit":"La informaci\u00f3n del cap\u00edtulo ser\u00e1 suministrada por el padre o la madre del ni\u00f1o o ni\u00f1a, o la persona del hogar que est\u00e1 a cargo de su cuidado (persona de 18 a\u00f1os o m\u00e1s) cuando los padres no forman parte del hogar (excepto el personal del servicio dom\u00e9stico).","var_analysis_unit":null,"var_qstn_preqtxt":null,"var_qstn_qstnlit":"11. \u00bfEste hogar paga transporte para ...?\n\n1. Si\nValor mensual $__________","var_qstn_postqtxt":null,"var_qstn_ivuinstr":"El transporte escolar por el que se pregunta, no corresponde al transporte de servicio p\u00fablico sino al servicio exclusivo (ruta) destinado para el desplazamiento del ni\u00f1o desde la casa a la instituci\u00f3n a la cual asiste.\n\nEn caso de no poder establecer el valor del transporte, registre 99. Si el valor est\u00e1 incluido en la pensi\u00f3n y no se puede desagregar, asigne el valor 98.","var_universe":"El universo de estudio para la Encuesta Multiprop\u00f3sito Bogot\u00e1 - Cundinamarca est\u00e1 conformado por la poblaci\u00f3n civil no institucional residente en la cabecera, centro poblado y rural disperso de Bogot\u00e1, Soacha, Ch\u00eda, Cota, Funza, La Calera, Mosquera y Sop\u00f3. As\u00ed mismo, exclusivamente la cabecera de los municipios de Facatativ\u00e1, Zipaquir\u00e1, Fusagasug\u00e1, Madrid, Cajic\u00e1, Sibat\u00e9, El Rosal, Tocancip\u00e1, Tabio, Tenjo, Bojac\u00e1, Gachancip\u00e1, Subachoque y Zipac\u00f3n.\n\nEl cap\u00edtulo va dirigido para personas menores de 5 a\u00f1os.","var_universe_clusion":"I","var_sumstat":[{"value":"0","type":"vald","wgtd":null},{"value":"0","type":"invd","wgtd":null}],"var_txt":null,"var_catgry":[],"var_codinstr":null,"var_concept":[],"var_format":{"type":"numeric","schema":"other","category":null,"name":null},"var_notes":null,"var_val_range":{"min":"98","max":"600000"},"fid":"F50","sid":"743","survey_idno":"DANE-DIMPE-EM-2021"}