{"file_id":"F51","vid":"V5003","name":"NPCHP2","var_intrvl":"discrete","var_dcml":"0","var_wgt":null,"var_is_wgt":null,"loc_start_pos":"30","loc_end_pos":"30","loc_width":"1","loc_rec_seg_no":"1","labl":"2. \u00bf ...actualmente estudia (asiste al preescolar, escuela, colegio, o universidad)?","var_imputation":null,"var_security":"El acceso a microdatos y Mam-up se considera como de tratamiento especial respecto a la reserva estad\u00edstica por tanto estar\u00e1 sujeto a la reglamentaci\u00f3n que para el efecto defina el Comit\u00e9 de Aseguramiento de la reserva estad\u00edstica. Resoluci\u00f3n 173 de 2008.","var_resp_unit":"La informaci\u00f3n del cap\u00edtulo ser\u00e1 suministrada por cada uno de los miembros del hogar de 10 a\u00f1os y m\u00e1s (en algunos casos se deber\u00e1 recurrir al padre o madre para el suministro de la informaci\u00f3n sobre algunos gastos que puede desconocer esta persona). Para las personas menores de 10 a\u00f1os la debe suministrar el padre, la madre, o la persona del hogar que est\u00e1 a cargo de su cuidado (persona de 18 a\u00f1os o m\u00e1s) cuando los padres no forman parte del hogar (excepto el personal del servicio dom\u00e9stico).","var_analysis_unit":null,"var_qstn_preqtxt":null,"var_qstn_qstnlit":"2. \u00bf ...actualmente estudia (asiste al preescolar, escuela, colegio, o universidad)?\n\n1. Si\n2. No","var_qstn_postqtxt":null,"var_qstn_ivuinstr":"Se consideran asistiendo:\n\n\u2022 Las personas que estando en per\u00edodo de receso entre un curso y otro, piensan matricularse o ya se matricularon en el siguiente curso o nivel.\n\n\u2022 Las personas que cursan modelos de educaci\u00f3n flexible (formal, para cursar los niveles Preescolar,  B\u00e1sica Primaria, B\u00e1sica Secundaria y Media).\n\n\u2022 Las personas que cursan programas para j\u00f3venes y adultos por ciclos.\n\n\u2022 Las personas que adelantan un programa t\u00e9cnico profesional, tecnol\u00f3gico, profesional universitario o de posgrado bajo la modalidad virtual. \n\nNo se consideran asistiendo:\n\n\u2022 Las personas que est\u00e1n validando la Primaria o el Bachillerato. Aunque est\u00e9n tomando clases de validaci\u00f3n en un instituto, estos cursos no hacen parte de la educaci\u00f3n formal.","var_universe":"El universo de estudio para la Encuesta Multiprop\u00f3sito Bogot\u00e1 - Cundinamarca est\u00e1 conformado por la poblaci\u00f3n civil no institucional residente en la cabecera, centro poblado y rural disperso de Bogot\u00e1, Soacha, Ch\u00eda, Cota, Funza, La Calera, Mosquera y Sop\u00f3. As\u00ed mismo, exclusivamente la cabecera de los municipios de Facatativ\u00e1, Zipaquir\u00e1, Fusagasug\u00e1, Madrid, Cajic\u00e1, Sibat\u00e9, El Rosal, Tocancip\u00e1, Tabio, Tenjo, Bojac\u00e1, Gachancip\u00e1, Subachoque y Zipac\u00f3n.\n\nEste cap\u00edtulo esta dirigido a personas de 5 a\u00f1os y m\u00e1s.","var_universe_clusion":"I","var_sumstat":[{"value":"0","type":"vald","wgtd":null},{"value":"0","type":"invd","wgtd":null}],"var_txt":"Se tiene en cuenta los siguientes conceptos:\n\n\u2022 Educaci\u00f3n formal. Es aquella que se imparte en instituciones educativas aprobadas, en una secuencia regular de ciclos lectivos, con sujeci\u00f3n a pautas curriculares progresivas y conducentes a grados y t\u00edtulos. Los indicadores de educaci\u00f3n que se calculan con la EM 2017 solo se refieren a educaci\u00f3n formal.\n\n\u2022 Educaci\u00f3n no formal. Se ofrece con el objeto de complementar, actualizar, suplir conocimientos y formar, en aspectos acad\u00e9micos o laborales sin sujeci\u00f3n al sistema de niveles y grados de la \neducaci\u00f3n formal.\n\n\u2022 Asistente. Una persona se considera asistiendo al colegio, escuela u otra instituci\u00f3n de ense\u00f1anza formal cuando est\u00e1 matriculada y no se ha retirado, aunque est\u00e9 ausente temporalmente por enfermedad u otra causa, o aunque asista solamente parte del d\u00eda.","var_catgry":[{"value":"1","labl":"Si","is_missing":null,"stats":[]},{"value":"2","labl":"No","is_missing":null,"stats":[]}],"var_codinstr":null,"var_concept":[],"var_format":{"type":"numeric","schema":"other","category":null,"name":null},"var_notes":null,"var_val_range":{"min":null,"max":null},"fid":"F51","sid":"743","survey_idno":"DANE-DIMPE-EM-2021"}