{"file_id":"F53","vid":"V5241","name":"NPCJP7","var_intrvl":"discrete","var_dcml":"0","var_wgt":null,"var_is_wgt":null,"loc_start_pos":"52","loc_end_pos":"52","loc_width":"1","loc_rec_seg_no":"1","labl":"5. \u00bfPor qu\u00e9 raz\u00f3n principal no pertenece a alguna organizaci\u00f3n?","var_imputation":null,"var_security":"El acceso a microdatos y Mam-up se considera como de tratamiento especial respecto a la reserva estad\u00edstica por tanto estar\u00e1 sujeto a la reglamentaci\u00f3n que para el efecto defina el Comit\u00e9 de Aseguramiento de la reserva estad\u00edstica. Resoluci\u00f3n 173 de 2008.","var_resp_unit":"La informaci\u00f3n del cap\u00edtulo ser\u00e1 suministrada por cada uno de los miembros del hogar de 10 a\u00f1os y m\u00e1s.","var_analysis_unit":null,"var_qstn_preqtxt":null,"var_qstn_qstnlit":"5. \u00bfPor qu\u00e9 raz\u00f3n principal no pertenece a alguna organizaci\u00f3n?\n\n1. Porque no le genera confianza\n2. Porque no conoce qui\u00e9n la lidera\n3. Porque no conoce organizaciones\n4. Porque es costoso participar\n5. Porque no le interesa o no le ve utilidad\n6. Porque no lo\/a han invitado\n7. Por falta de tiempo\n8. Otra raz\u00f3n\n9. No sabe, no responde","var_qstn_postqtxt":null,"var_qstn_ivuinstr":"Se aplica a las personas que manifestaron no pertenecer a ninguna organizaci\u00f3n. Lea la pregunta y espere respuesta.","var_universe":"El universo de estudio para la Encuesta Multiprop\u00f3sito Bogot\u00e1 - Cundinamarca est\u00e1 conformado por la poblaci\u00f3n civil no institucional residente en la cabecera, centro poblado y rural disperso de Bogot\u00e1, Soacha, Ch\u00eda, Cota, Funza, La Calera, Mosquera y Sop\u00f3. As\u00ed mismo, exclusivamente la cabecera de los municipios de Facatativ\u00e1, Zipaquir\u00e1, Fusagasug\u00e1, Madrid, Cajic\u00e1, Sibat\u00e9, El Rosal, Tocancip\u00e1, Tabio, Tenjo, Bojac\u00e1, Gachancip\u00e1, Subachoque y Zipac\u00f3n.\n\nLa informaci\u00f3n de este cap\u00edtulo va dirigido a personas de 10 a\u00f1os y m\u00e1s.","var_universe_clusion":"I","var_sumstat":[{"value":"0","type":"vald","wgtd":null},{"value":"0","type":"invd","wgtd":null}],"var_txt":null,"var_catgry":[{"value":"1","labl":"Porque no le genera confianza","is_missing":null,"stats":[]},{"value":"2","labl":"Porque no conoce qui\u00e9n la lidera","is_missing":null,"stats":[]},{"value":"3","labl":"Porque no conoce organizaciones","is_missing":null,"stats":[]},{"value":"4","labl":"Porque es costoso participar","is_missing":null,"stats":[]},{"value":"5","labl":"Porque no le interesa o no le ve utilidad","is_missing":null,"stats":[]},{"value":"6","labl":"Porque no lo\/a han invitado","is_missing":null,"stats":[]},{"value":"7","labl":"Por falta de tiempo","is_missing":null,"stats":[]},{"value":"8","labl":"Otra raz\u00f3n","is_missing":null,"stats":[]},{"value":"9","labl":"No sabe, no responde","is_missing":null,"stats":[]}],"var_codinstr":null,"var_concept":[],"var_format":{"type":"numeric","schema":"other","category":null,"name":null},"var_notes":null,"var_val_range":{"min":null,"max":null},"fid":"F53","sid":"743","survey_idno":"DANE-DIMPE-EM-2021"}