{"file_id":"F58","vid":"V5754","name":"NPCKP14_COD4","var_intrvl":"contin","var_dcml":"2","var_wgt":null,"var_is_wgt":null,"loc_start_pos":"98","loc_end_pos":"104","loc_width":"7","loc_rec_seg_no":"1","labl":"14. \u00bfQu\u00e9 hace ...en este trabajo? Codificaci\u00f3n ocupaci\u00f3n","var_imputation":null,"var_security":"El acceso a microdatos y Mam-up se considera como de tratamiento especial respecto a la reserva estad\u00edstica por tanto estar\u00e1 sujeto a la reglamentaci\u00f3n que para el efecto defina el Comit\u00e9 de Aseguramiento de la reserva estad\u00edstica. Resoluci\u00f3n 173 de 2008.","var_resp_unit":"La informaci\u00f3n del cap\u00edtulo ser\u00e1 suministrada por cada uno de los miembros del hogar de 10 a\u00f1os y \nm\u00e1s.","var_analysis_unit":null,"var_qstn_preqtxt":null,"var_qstn_qstnlit":"14. \u00bfQu\u00e9 hace ...en este trabajo? Codificaci\u00f3n ocupaci\u00f3n","var_qstn_postqtxt":null,"var_qstn_ivuinstr":"Desde la pregunta K14 hasta la K48 se realiza el ciclo de preguntas para los ocupados. Para diligenciar el \nciclo utilice las definiciones b\u00e1sicas y recuerde que se har\u00e1 referencia al empleo principal.\n\nTener en cuenta la siguiente:\n\nSi la persona manifiesta tener m\u00e1s de un empleo: cuando la persona se desempe\u00f1a con diferente posici\u00f3n ocupacional, diferente rama de actividad, diferente oficio, se trata de dos empleos. Por ejemplo, un Cuenta Propia que es Catedr\u00e1tico en varias universidades y adicionalmente trabaja en el Ministerio de Educaci\u00f3n Nacional como consultor. Esta persona tendr\u00eda dos empleos porque su rama de actividad en los dos empleos es diferente.\n\nCuando en las dos actividades la persona tiene la misma posici\u00f3n ocupacional, pero tiene diferente rama de actividad y diferente oficio se considera que tiene dos empleos. \n\nPara determinar el EMPLEO PRINCIPAL considere las siguientes normas:\n \n\u2022 Si la persona se desempe\u00f1\u00f3 durante la semana de referencia en sus dos trabajos o empleos, y los dos son remunerados, el principal es aquel al que le dedic\u00f3 la mayor parte del tiempo durante la semana de referencia. Si la persona dedic\u00f3 igual cantidad de tiempo a dos o m\u00e1s empleos o trabajos, considere como principal aqu\u00e9l que le genera mayores ingresos. Si la persona cuenta con dos empleos y uno de ellos es no remunerado, \ndebe primar como empleo principal aquel por el cual recibe ingresos sin importar los tiempos de dedicaci\u00f3n. \n\n\u2022 Si la persona estuvo ausente de uno o de todos sus trabajos durante la semana de referencia, tenga en cuenta que el EMPLEO PRINCIPAL ser\u00e1 aquel al que usualmente le dedica la mayor parte del tiempo.\n\nPara pregunta 14 tener en cuenta la siguiente:\n\nCuando una persona desarrolle durante la semana de referencia una labor diferente a la que usualmente \nrealiza, por cualquier motivo, deber\u00e1 registrarse la ocupaci\u00f3n o labor que realiza habitualmente y no \u00e9sta. Por ejemplo, una persona que trabaja en un colegio, como encargada de la cafeter\u00eda, pero durante la semana de referencia no desarroll\u00f3 esta labor porque no se hab\u00edan iniciado las actividades escolares, por lo que le asignaron actividades como archivar, digitar, etc., deber\u00e1 registrarse la ocupaci\u00f3n o labor que realiza habitualmente y no la que desempe\u00f1\u00f3 durante la mayor parte de tiempo la semana pasada.","var_universe":"El universo de estudio para la Encuesta Multiprop\u00f3sito Bogot\u00e1 - Cundinamarca est\u00e1 conformado por la poblaci\u00f3n civil no institucional residente en la cabecera, centro poblado y rural disperso de Bogot\u00e1, Soacha, Ch\u00eda, Cota, Funza, La Calera, Mosquera y Sop\u00f3. As\u00ed mismo, exclusivamente la cabecera de los municipios de Facatativ\u00e1, Zipaquir\u00e1, Fusagasug\u00e1, Madrid, Cajic\u00e1, Sibat\u00e9, El Rosal, Tocancip\u00e1, Tabio, Tenjo, Bojac\u00e1, Gachancip\u00e1, Subachoque y Zipac\u00f3n.\n\nEste cap\u00edtulo eta dirigido para personas de 10 a\u00f1os y m\u00e1s.","var_universe_clusion":"I","var_sumstat":[{"value":"0","type":"vald","wgtd":null},{"value":"0","type":"invd","wgtd":null}],"var_txt":"Desde la pregunta K14 hasta la K48 se realiza el ciclo de preguntas para los ocupados. Para diligenciar el \nciclo utilice las definiciones b\u00e1sicas y recuerde que se har\u00e1 referencia al empleo principal.\n\nDefiniciones b\u00e1sicas:\n\n\u2022 Ocupaci\u00f3n. Es el oficio o profesi\u00f3n (cuando se desempe\u00f1a en esta) de una persona, independiente del sector en que puede estar empleada, o del tipo de estudio que hubiese recibido. Generalmente, se define en t\u00e9rminos de la combinaci\u00f3n de trabajo, tareas y funciones desempe\u00f1adas.\n\n\u2022 Rama de actividad. Es la actividad a la cual se dedica la empresa, f\u00e1brica, finca o taller, etc., donde trabaja la persona. En otras palabras, ser\u00e1 determinante de la rama de actividad el producto principal (bien o servicio) producido colectivamente.\n\n\u2022 Posici\u00f3n o categor\u00eda ocupacional. Es la posici\u00f3n que la persona adquiere en el ejercicio de su trabajo, ya sea como asalariado, obrero o empleado de empresa particular, obrero o empleado del gobierno, empleado del servicio dom\u00e9stico, trabajador por cuenta propia, patr\u00f3n o empleador o como trabajador familiar sin remuneraci\u00f3n.\n\n\u2022 Trabajo asalariado. Es un trabajo remunerado, por salario o sueldo en efectivo o a destajo, con comisi\u00f3n, propina o pago en especie (comida, alojamiento o mercader\u00edas recibidas en lugar de salario en efectivo); son personas asalariadas quienes se desempe\u00f1an como empleados y obreros.\n\n\u2022 Trabajo por ganancia (u honorarios). Es el ejercicio de una profesi\u00f3n u oficio o la explotaci\u00f3n directa de un negocio particular. En este caso la remuneraci\u00f3n se asimila a la ganancia y se encuentran aqu\u00ed patrones o empleadores y trabajadores por cuenta propia.","var_catgry":[],"var_codinstr":null,"var_concept":[],"var_format":{"type":"numeric","schema":"other","category":null,"name":null},"var_notes":null,"var_val_range":{"min":"0","max":"9629"},"fid":"F58","sid":"743","survey_idno":"DANE-DIMPE-EM-2021"}