{"file_id":"F58","vid":"V5795","name":"NPCKP34B","var_intrvl":"discrete","var_dcml":"2","var_wgt":null,"var_is_wgt":null,"loc_start_pos":"351","loc_end_pos":"354","loc_width":"4","loc_rec_seg_no":"1","labl":"34. Durante los \u00daLTIMOS 12 MESES, ...recibi\u00f3: 2. \u00bfPrima de navidad?","var_imputation":null,"var_security":"El acceso a microdatos y Mam-up se considera como de tratamiento especial respecto a la reserva estad\u00edstica por tanto estar\u00e1 sujeto a la reglamentaci\u00f3n que para el efecto defina el Comit\u00e9 de Aseguramiento de la reserva estad\u00edstica. Resoluci\u00f3n 173 de 2008.","var_resp_unit":"La informaci\u00f3n del cap\u00edtulo ser\u00e1 suministrada por cada uno de los miembros del hogar de 10 a\u00f1os y \nm\u00e1s.","var_analysis_unit":null,"var_qstn_preqtxt":null,"var_qstn_qstnlit":"34. Durante los \u00daLTIMOS 12 MESES, ...recibi\u00f3: \n2. \u00bfPrima de navidad?\n\n1. Si\n2. No","var_qstn_postqtxt":null,"var_qstn_ivuinstr":null,"var_universe":"El universo de estudio para la Encuesta Multiprop\u00f3sito Bogot\u00e1 - Cundinamarca est\u00e1 conformado por la poblaci\u00f3n civil no institucional residente en la cabecera, centro poblado y rural disperso de Bogot\u00e1, Soacha, Ch\u00eda, Cota, Funza, La Calera, Mosquera y Sop\u00f3. As\u00ed mismo, exclusivamente la cabecera de los municipios de Facatativ\u00e1, Zipaquir\u00e1, Fusagasug\u00e1, Madrid, Cajic\u00e1, Sibat\u00e9, El Rosal, Tocancip\u00e1, Tabio, Tenjo, Bojac\u00e1, Gachancip\u00e1, Subachoque y Zipac\u00f3n.\n\nEste cap\u00edtulo eta dirigido para personas de 10 a\u00f1os y m\u00e1s.","var_universe_clusion":"I","var_sumstat":[{"value":"0","type":"vald","wgtd":null},{"value":"0","type":"invd","wgtd":null}],"var_txt":"Tener en cuenta:\n\n\u2022 Prima de navidad. Remuneraci\u00f3n a que tienen derecho todos los\/as trabajadores\/as. En el sector p\u00fablico es equivalente a un mes del salario que devengue a 30 de noviembre de cada a\u00f1o. Se paga en la primera quincena de diciembre. Si la persona no ha trabajado todo el a\u00f1o, tiene derecho a esta prima en proporci\u00f3n al tiempo laborado a raz\u00f3n de 1\/12 por cada mes completo de servicios. En el sector privado se puede recibir esta prima de la misma manera que en el sector p\u00fablico. Tenga en cuenta que esta prima es independiente de la prima de servicios mencionada anteriormente.","var_catgry":[{"value":"1","labl":"Si","is_missing":null,"stats":[]},{"value":"2","labl":"No","is_missing":null,"stats":[]}],"var_codinstr":null,"var_concept":[],"var_format":{"type":"numeric","schema":"other","category":null,"name":null},"var_notes":null,"var_val_range":{"min":"1","max":"2"},"fid":"F58","sid":"743","survey_idno":"DANE-DIMPE-EM-2021"}