{"file_id":"F22","vid":"V1337","name":"P756","var_intrvl":"discrete","var_dcml":"0","var_wgt":null,"var_is_wgt":null,"loc_start_pos":null,"loc_end_pos":null,"loc_width":"23","loc_rec_seg_no":null,"labl":"\u00bfD\u00f3nde naci\u00f3  ________?","var_imputation":null,"var_security":"El acceso a microdatos y Mam-up se considera como de tratamiento especial respecto a la reserva estad\u00edstica por tanto estar\u00e1 sujeto a la reglamentaci\u00f3n que para el efecto defina el Comit\u00e9 de Aseguramiento de la reserva estad\u00edstica. Resoluci\u00f3n 173 de 2008.","var_resp_unit":null,"var_analysis_unit":null,"var_qstn_preqtxt":"7. El (la) c\u00f3nyuge de___\u00bfvive en este hogar?\n\n- N\u00famero de orden","var_qstn_qstnlit":"8. \u00bfD\u00f3nde naci\u00f3  ________? \n\n1- En este municipio\t\n\t\n2- En otro municipio \t\n\t\n3- En otro pa\u00eds","var_qstn_postqtxt":"8. \u00bfD\u00f3nde naci\u00f3  ________? \n\nDepartamento","var_qstn_ivuinstr":"Registre el lugar de nacimiento de la persona encuestada. Si la persona indica que naci\u00f3 en otro municipio (o pa\u00eds) por razones m\u00e9dicas u otra raz\u00f3n externa, considere como lugar de nacimiento de la persona el lugar de residencia de la madre al momento del nacimiento.","var_universe":"El universo para la Encuesta de Calidad de Vida est\u00e1 conformado por la poblaci\u00f3n civil no institucional residente en todo el territorio nacional. \n\nEste cap\u00edtulo va dirigido a todas las personas del hogar.","var_universe_clusion":"I","var_sumstat":[{"value":"251925","type":"vald","wgtd":null},{"value":"0","type":"invd","wgtd":null},{"value":"1","type":"min","wgtd":null},{"value":"3","type":"max","wgtd":null},{"value":"1.39","type":"mean","wgtd":null},{"value":"0.563","type":"stdev","wgtd":null}],"var_txt":null,"var_catgry":[{"value":"1","labl":"En este municipio","is_missing":null,"stats":[{"value":"163542","type":"freq","wgtd":null}]},{"value":"2","labl":"En otro municipio","is_missing":null,"stats":[{"value":"78408","type":"freq","wgtd":null}]},{"value":"3","labl":"En otro pa\u00eds","is_missing":null,"stats":[{"value":"9975","type":"freq","wgtd":null}]}],"var_codinstr":null,"var_concept":[],"var_format":{"type":"numeric","schema":"other","category":null,"name":null},"var_notes":null,"var_val_range":{"min":"1","max":"3"},"fid":"F22","sid":"793","survey_idno":"DANE-DIMPE-ECV-2022"}