{"file_id":"F22","vid":"V1341","name":"P3508","var_intrvl":"discrete","var_dcml":"0","var_wgt":null,"var_is_wgt":null,"loc_start_pos":null,"loc_end_pos":null,"loc_width":"11","loc_rec_seg_no":null,"labl":"8A. \u00bfEn qu\u00e9 mes y a\u00f1o lleg\u00f3 a Colombia por \u00faltima vez? Mes","var_imputation":null,"var_security":"El acceso a microdatos y Mam-up se considera como de tratamiento especial respecto a la reserva estad\u00edstica por tanto estar\u00e1 sujeto a la reglamentaci\u00f3n que para el efecto defina el Comit\u00e9 de Aseguramiento de la reserva estad\u00edstica. Resoluci\u00f3n 173 de 2008.","var_resp_unit":null,"var_analysis_unit":null,"var_qstn_preqtxt":"8. \u00bfD\u00f3nde naci\u00f3  ________? \n\nEn otro pa\u00eds \n\n1\tEstados Unidos \t\n2\tEspa\u00f1a\t\n3\tVenezuela\t\n4\tEcuador\t\n5\tPanam\u00e1\t\n6\tPer\u00fa\t\n7\tCosta Rica\t\n8\tArgentina\t\n9\tFrancia\t\n10\tItalia\t\n11\tOtro pa\u00eds","var_qstn_qstnlit":"8A. \u00bfEn qu\u00e9 mes y a\u00f1o lleg\u00f3 a Colombia por \u00faltima vez? \n\n       Mes","var_qstn_postqtxt":"8A. \u00bfEn qu\u00e9 mes y a\u00f1o lleg\u00f3 a Colombia por \u00faltima vez? \n\n        A\u00f1o","var_qstn_ivuinstr":"Esta pregunta es solo para personas no nacidas en Colombia. Debe registrarse tanto el a\u00f1o como el mes en que el encuestado manifiesta haber ingresado al pa\u00eds. Si lo ha hecho varias veces, registre la m\u00e1s reciente.","var_universe":"El universo para la Encuesta de Calidad de Vida est\u00e1 conformado por la poblaci\u00f3n civil no institucional residente en todo el territorio nacional. \n\nEste cap\u00edtulo va dirigido a todas las personas del hogar.","var_universe_clusion":"I","var_sumstat":[{"value":"9975","type":"vald","wgtd":null},{"value":"241950","type":"invd","wgtd":null}],"var_txt":null,"var_catgry":[{"value":"1","labl":null,"is_missing":null,"stats":[{"value":"1148","type":"freq","wgtd":null}]},{"value":"2","labl":null,"is_missing":null,"stats":[{"value":"1268","type":"freq","wgtd":null}]},{"value":"3","labl":null,"is_missing":null,"stats":[{"value":"1028","type":"freq","wgtd":null}]},{"value":"4","labl":null,"is_missing":null,"stats":[{"value":"658","type":"freq","wgtd":null}]},{"value":"5","labl":null,"is_missing":null,"stats":[{"value":"1024","type":"freq","wgtd":null}]},{"value":"6","labl":null,"is_missing":null,"stats":[{"value":"862","type":"freq","wgtd":null}]},{"value":"7","labl":null,"is_missing":null,"stats":[{"value":"560","type":"freq","wgtd":null}]},{"value":"8","labl":null,"is_missing":null,"stats":[{"value":"849","type":"freq","wgtd":null}]},{"value":"9","labl":null,"is_missing":null,"stats":[{"value":"597","type":"freq","wgtd":null}]},{"value":"10","labl":null,"is_missing":null,"stats":[{"value":"724","type":"freq","wgtd":null}]},{"value":"11","labl":null,"is_missing":null,"stats":[{"value":"558","type":"freq","wgtd":null}]},{"value":"12","labl":null,"is_missing":null,"stats":[{"value":"699","type":"freq","wgtd":null}]},{"value":"Sysmiss","labl":null,"is_missing":"Y","stats":[{"value":"241950","type":"freq","wgtd":null}]}],"var_codinstr":null,"var_concept":[],"var_format":{"type":"numeric","schema":"other","category":null,"name":null},"var_notes":null,"var_val_range":{"min":null,"max":null},"fid":"F22","sid":"793","survey_idno":"DANE-DIMPE-ECV-2022"}