{"file_id":"F22","vid":"V1351","name":"P3510S1A7","var_intrvl":"discrete","var_dcml":"0","var_wgt":null,"var_is_wgt":null,"loc_start_pos":null,"loc_end_pos":null,"loc_width":"3","loc_rec_seg_no":null,"labl":"7. Costarricense","var_imputation":null,"var_security":"El acceso a microdatos y Mam-up se considera como de tratamiento especial respecto a la reserva estad\u00edstica por tanto estar\u00e1 sujeto a la reglamentaci\u00f3n que para el efecto defina el Comit\u00e9 de Aseguramiento de la reserva estad\u00edstica. Resoluci\u00f3n 173 de 2008.","var_resp_unit":null,"var_analysis_unit":null,"var_qstn_preqtxt":"8B. \u00bfQu\u00e9 nacionalidad tiene? \nPa\u00eds o pa\u00edses de nacionalidad (adem\u00e1s de colombiana)\n\n       6. Peruana","var_qstn_qstnlit":"8B. \u00bfQu\u00e9 nacionalidad tiene? \nPa\u00eds o pa\u00edses de nacionalidad (adem\u00e1s de colombiana)\n\n            7. Costarricense","var_qstn_postqtxt":"8B. \u00bfQu\u00e9 nacionalidad tiene? \nPa\u00eds o pa\u00edses de nacionalidad (adem\u00e1s de colombiana)\n\n       8. Argentina","var_qstn_ivuinstr":"Con esta pregunta se busca conocer la nacionalidad de las personas que no nacieron en el pa\u00eds. Inicialmente debe marcarse alguna de las 3 primeras opciones (1. Colombiana, 2. Colombiana y otra(s), 3. No tiene nacionalidad colombiana) y, dependiendo de la respuesta, se marcar\u00e1 la otra nacionalidad.","var_universe":"El universo para la Encuesta de Calidad de Vida est\u00e1 conformado por la poblaci\u00f3n civil no institucional residente en todo el territorio nacional. \n\nEste cap\u00edtulo va dirigido a todas las personas del hogar.","var_universe_clusion":"I","var_sumstat":[{"value":"2","type":"vald","wgtd":null},{"value":"251923","type":"invd","wgtd":null}],"var_txt":null,"var_catgry":[{"value":"1","labl":null,"is_missing":null,"stats":[{"value":"2","type":"freq","wgtd":null}]},{"value":"Sysmiss","labl":null,"is_missing":"Y","stats":[{"value":"251923","type":"freq","wgtd":null}]}],"var_codinstr":null,"var_concept":[],"var_format":{"type":"numeric","schema":"other","category":null,"name":null},"var_notes":null,"var_val_range":{"min":null,"max":null},"fid":"F22","sid":"793","survey_idno":"DANE-DIMPE-ECV-2022"}