{"file_id":"F22","vid":"V1374","name":"P753","var_intrvl":"discrete","var_dcml":"0","var_wgt":null,"var_is_wgt":null,"loc_start_pos":null,"loc_end_pos":null,"loc_width":"23","loc_rec_seg_no":null,"labl":"\u00bfD\u00f3nde viv\u00eda ..., hace 12 meses?","var_imputation":null,"var_security":"El acceso a microdatos y Mam-up se considera como de tratamiento especial respecto a la reserva estad\u00edstica por tanto estar\u00e1 sujeto a la reglamentaci\u00f3n que para el efecto defina el Comit\u00e9 de Aseguramiento de la reserva estad\u00edstica. Resoluci\u00f3n 173 de 2008.","var_resp_unit":"Lo deben responder todas las personas del hogar. Se toma informaci\u00f3n directamente a cada una de las personas del hogar de 18 a\u00f1os o m\u00e1s y de las personas entre 12 y 17 a\u00f1os que trabajen o sean estudiantes universi\u00adtarios. La informaci\u00f3n de los menores de 12 a\u00f1os y de los j\u00f3venes entre 12 y 17 a\u00f1os que no trabajen ni estudien en la universidad ser\u00e1 suministrada por el padre, la madre o la persona del hogar que est\u00e1 a cargo de su cuidado, excluyendo el servicio dom\u00e9stico.","var_analysis_unit":null,"var_qstn_preqtxt":"11. El lugar donde viv\u00eda ... hace 5 a\u00f1os era:\n \t\n1\t\u00bfLa cabecera municipal (donde est\u00e1 la alcald\u00eda)? \t\n2\t\u00bfParte rural (centro poblado, corregimiento, inspecci\u00f3n, caser\u00edo, vereda, campo?","var_qstn_qstnlit":"12. \u00bfD\u00f3nde viv\u00eda ..., hace 12 meses?\n\n1\tNo hab\u00eda nacido\t\n2\tEn este municipio\t\n3\tEn otro Municipio \t\n4\tEn otro pa\u00eds","var_qstn_postqtxt":"12. \u00bfD\u00f3nde viv\u00eda ..., hace 12 meses?\t\n \t\t\tDepartamento","var_qstn_ivuinstr":"Con esta pregunta se busca conocer la residencia habitual de la persona encuestada hace doce meses. Si la persona afirma que en ese momento viv\u00eda en otro municipio o en otro pa\u00eds, elija el departamento y municipio o el pa\u00eds. En el segundo caso, despu\u00e9s de seleccionar el pa\u00eds, pase a la pregunta D13. Si la persona no hab\u00eda nacido, marque la alternativa correspondiente y pase a la pregunta D14.","var_universe":"El universo para la Encuesta de Calidad de Vida est\u00e1 conformado por la poblaci\u00f3n civil no institucional residente en todo el territorio nacional. \n\nEste cap\u00edtulo va dirigido a todas las personas del hogar.","var_universe_clusion":"I","var_sumstat":[{"value":"51100","type":"vald","wgtd":null},{"value":"200825","type":"invd","wgtd":null}],"var_txt":null,"var_catgry":[{"value":"1","labl":"No hab\u00eda nacido","is_missing":null,"stats":[{"value":"120","type":"freq","wgtd":null}]},{"value":"2","labl":"En este municipio","is_missing":null,"stats":[{"value":"46187","type":"freq","wgtd":null}]},{"value":"3","labl":"En otro Municipio","is_missing":null,"stats":[{"value":"3733","type":"freq","wgtd":null}]},{"value":"4","labl":"En otro pa\u00eds","is_missing":null,"stats":[{"value":"1060","type":"freq","wgtd":null}]},{"value":"Sysmiss","labl":null,"is_missing":"Y","stats":[{"value":"200825","type":"freq","wgtd":null}]}],"var_codinstr":null,"var_concept":[],"var_format":{"type":"numeric","schema":"other","category":null,"name":null},"var_notes":null,"var_val_range":{"min":null,"max":null},"fid":"F22","sid":"793","survey_idno":"DANE-DIMPE-ECV-2022"}