{"file_id":"F22","vid":"V1378","name":"P752","var_intrvl":"discrete","var_dcml":"0","var_wgt":null,"var_is_wgt":null,"loc_start_pos":null,"loc_end_pos":null,"loc_width":"23","loc_rec_seg_no":null,"labl":"El lugar donde viv\u00eda ... hace 12 meses era:","var_imputation":null,"var_security":"El acceso a microdatos y Mam-up se considera como de tratamiento especial respecto a la reserva estad\u00edstica por tanto estar\u00e1 sujeto a la reglamentaci\u00f3n que para el efecto defina el Comit\u00e9 de Aseguramiento de la reserva estad\u00edstica. Resoluci\u00f3n 173 de 2008.","var_resp_unit":"Lo deben responder todas las personas del hogar. Se toma informaci\u00f3n directamente a cada una de las personas del hogar de 18 a\u00f1os o m\u00e1s y de las personas entre 12 y 17 a\u00f1os que trabajen o sean estudiantes universi\u00adtarios. La informaci\u00f3n de los menores de 12 a\u00f1os y de los j\u00f3venes entre 12 y 17 a\u00f1os que no trabajen ni estudien en la universidad ser\u00e1 suministrada por el padre, la madre o la persona del hogar que est\u00e1 a cargo de su cuidado, excluyendo el servicio dom\u00e9stico.","var_analysis_unit":null,"var_qstn_preqtxt":"12. \u00bfD\u00f3nde viv\u00eda ..., hace 12 meses?\t\n \t\tPa\u00eds\n\n1\tEstados Unidos\t\n2\tEspa\u00f1a\t\n3\tVenezuela\t\n4\tEcuador\t\n5\tPanam\u00e1\t\n6\tPer\u00fa\t\n7\tCosta Rica\t\n8\tArgentina\t\n9\tFrancia\t\n10\tItalia\t\n11\tOtro pa\u00eds","var_qstn_qstnlit":"12A. El lugar donde viv\u00eda ... hace 12 meses era:\n\n1.   El centro urbano donde est\u00e1 la alcald\u00eda\n2.   Un corregimiento, inspecci\u00f3n de polic\u00eda, caser\u00edo, vereda o campo","var_qstn_postqtxt":"13. \u00bfCu\u00e1l fue el principal motivo por el que ... Cambi\u00f3 el lugar donde residia hace 12 meses?\t\n\n1. Trabajo\n2. Estudio\n3. Salud\n4. Amenaza o riesgo para su vida o integridad f\u00edsica ocasionada por conflicto armado o grupos armados\n5. Amenaza o riesgo para su vida o integridad f\u00edsica por violencia NO asociada al conflicto armado (inseguridad, delincuencia com\u00fan)\n6. Desastres naturales\n7. Conformaci\u00f3n de un nuevo hogar\n8. Acompa\u00f1ar a otros miembros del hogar\n9. Motivos culturales asociados a grupos \u00e9tnicos\n10. Adquisici\u00f3n de vivienda propia \n11. Otro \u00bfcu\u00e1l?","var_qstn_ivuinstr":"Al igual que con la pregunta D11, con esta pregunta se busca determinar si hubo cambios migratorios entre cabeceras y zonas rurales entre las personas que reportaron que hace doce meses viv\u00edan en el mismo municipio o en otro municipio. Para su diligenciamiento, tenga en cuenta las mismas definiciones incluidas en la pregunta D11.","var_universe":"El universo para la Encuesta de Calidad de Vida est\u00e1 conformado por la poblaci\u00f3n civil no institucional residente en todo el territorio nacional. \n\nEste cap\u00edtulo va dirigido a todas las personas del hogar.","var_universe_clusion":"I","var_sumstat":[{"value":"49920","type":"vald","wgtd":null},{"value":"202005","type":"invd","wgtd":null}],"var_txt":null,"var_catgry":[{"value":"1","labl":"El centro urbano donde est\u00e1 la alcald\u00eda","is_missing":null,"stats":[{"value":"29824","type":"freq","wgtd":null}]},{"value":"2","labl":"Un corregimiento, inspecci\u00f3n de polic\u00eda, caser\u00edo, vereda o campo","is_missing":null,"stats":[{"value":"20096","type":"freq","wgtd":null}]},{"value":"Sysmiss","labl":null,"is_missing":"Y","stats":[{"value":"202005","type":"freq","wgtd":null}]}],"var_codinstr":null,"var_concept":[],"var_format":{"type":"numeric","schema":"other","category":null,"name":null},"var_notes":null,"var_val_range":{"min":null,"max":null},"fid":"F22","sid":"793","survey_idno":"DANE-DIMPE-ECV-2022"}