{"file_id":"F22","vid":"V1379","name":"P1662","var_intrvl":"discrete","var_dcml":"0","var_wgt":null,"var_is_wgt":null,"loc_start_pos":null,"loc_end_pos":null,"loc_width":"23","loc_rec_seg_no":null,"labl":"\u00bfCu\u00e1l fue el principal motivo por el que ... Cambi\u00f3 el lugar donde residia hace 12 meses?","var_imputation":null,"var_security":"El acceso a microdatos y Mam-up se considera como de tratamiento especial respecto a la reserva estad\u00edstica por tanto estar\u00e1 sujeto a la reglamentaci\u00f3n que para el efecto defina el Comit\u00e9 de Aseguramiento de la reserva estad\u00edstica. Resoluci\u00f3n 173 de 2008.","var_resp_unit":"Lo deben responder todas las personas del hogar. Se toma informaci\u00f3n directamente a cada una de las personas del hogar de 18 a\u00f1os o m\u00e1s y de las personas entre 12 y 17 a\u00f1os que trabajen o sean estudiantes universi\u00adtarios. La informaci\u00f3n de los menores de 12 a\u00f1os y de los j\u00f3venes entre 12 y 17 a\u00f1os que no trabajen ni estudien en la universidad ser\u00e1 suministrada por el padre, la madre o la persona del hogar que est\u00e1 a cargo de su cuidado, excluyendo el servicio dom\u00e9stico.","var_analysis_unit":null,"var_qstn_preqtxt":"12A. El lugar donde viv\u00eda ... hace 12 meses era:\t\n\n1\t\u00bfLa cabecera municipal (donde est\u00e1 la alcald\u00eda)? \t\n2\t\u00bfParte rural (centro poblado, corregimiento, inspecci\u00f3n, caser\u00edo, vereda, campo?","var_qstn_qstnlit":"13. \u00bfCu\u00e1l fue el principal motivo por el que ... Cambi\u00f3 el lugar donde residia hace 12 meses?\n\t\n1. Trabajo\n2. Estudio\n3. Salud\n4. Amenaza o riesgo para su vida o integridad f\u00edsica ocasionada por conflicto armado o grupos armados\n5. Amenaza o riesgo para su vida o integridad f\u00edsica por violencia NO asociada al conflicto armado (inseguridad, delincuencia com\u00fan)\n6. Desastres naturales\n7. Conformaci\u00f3n de un nuevo hogar\n8. Acompa\u00f1ar a otros miembros del hogar\n9. Motivos culturales asociados a grupos \u00e9tnicos\n10. Adquisici\u00f3n de vivienda propia \n11. Otro \u00bfcu\u00e1l?","var_qstn_postqtxt":"13. \u00bfCu\u00e1l fue el principal motivo por el que ... Cambi\u00f3 el lugar donde residia hace 12 meses?\t\n\n11\tOtro\t\n\t\u00bfCu\u00e1l?","var_qstn_ivuinstr":"Esta pregunta hace referencia a las causas de la migraci\u00f3n para las personas que tuvieron alg\u00fan movimiento migratorio con relaci\u00f3n a hace doce meses. Si la persona tiene m\u00e1s de dos razones por las cuales migr\u00f3, p\u00eddale que identifique la m\u00e1s importante o principal. Debe realizarse un buen sondeo que permita incluir a la persona en alguna de las opciones de respuesta disponibles y que detallan el motivo de la migraci\u00f3n.","var_universe":"El universo para la Encuesta de Calidad de Vida est\u00e1 conformado por la poblaci\u00f3n civil no institucional residente en todo el territorio nacional. \n\nEste cap\u00edtulo va dirigido a todas las personas del hogar.","var_universe_clusion":"I","var_sumstat":[{"value":"4793","type":"vald","wgtd":null},{"value":"247132","type":"invd","wgtd":null}],"var_txt":null,"var_catgry":[{"value":"1","labl":"Trabajo","is_missing":null,"stats":[{"value":"1589","type":"freq","wgtd":null}]},{"value":"2","labl":"Estudio","is_missing":null,"stats":[{"value":"225","type":"freq","wgtd":null}]},{"value":"3","labl":"Salud","is_missing":null,"stats":[{"value":"144","type":"freq","wgtd":null}]},{"value":"4","labl":"Amenaza o riesgo para su vida o integridad f\u00edsica ocasionada por conflicto armado o grupos armados","is_missing":null,"stats":[{"value":"143","type":"freq","wgtd":null}]},{"value":"5","labl":"Amenaza o riesgo para su vida o integridad f\u00edsica por violencia NO asociada al conflicto armado (inseguridad delincuencia com\u00fan)","is_missing":null,"stats":[{"value":"135","type":"freq","wgtd":null}]},{"value":"6","labl":"Desastres naturales","is_missing":null,"stats":[{"value":"18","type":"freq","wgtd":null}]},{"value":"7","labl":"Conformaci\u00f3n de un nuevo hogar","is_missing":null,"stats":[{"value":"272","type":"freq","wgtd":null}]},{"value":"8","labl":"Acompa\u00f1ar a otros miembros del hogar","is_missing":null,"stats":[{"value":"1955","type":"freq","wgtd":null}]},{"value":"9","labl":"Motivos culturales asociados a grupos \u00e9tnicos","is_missing":null,"stats":[{"value":"11","type":"freq","wgtd":null}]},{"value":"10","labl":"Adquisici\u00f3n de vivienda propia","is_missing":null,"stats":[{"value":"90","type":"freq","wgtd":null}]},{"value":"11","labl":"Otro","is_missing":null,"stats":[{"value":"211","type":"freq","wgtd":null}]},{"value":"Sysmiss","labl":null,"is_missing":"Y","stats":[{"value":"247132","type":"freq","wgtd":null}]}],"var_codinstr":null,"var_concept":[],"var_format":{"type":"numeric","schema":"other","category":null,"name":null},"var_notes":null,"var_val_range":{"min":null,"max":null},"fid":"F22","sid":"793","survey_idno":"DANE-DIMPE-ECV-2022"}