{"file_id":"F22","vid":"V1400","name":"P1905","var_intrvl":"discrete","var_dcml":"0","var_wgt":null,"var_is_wgt":null,"loc_start_pos":null,"loc_end_pos":null,"loc_width":"23","loc_rec_seg_no":null,"labl":"Qu\u00e9 tanto considera ... que las cosas que hace en su vida valen la pena?","var_imputation":null,"var_security":"El acceso a microdatos y Mam-up se considera como de tratamiento especial respecto a la reserva estad\u00edstica por tanto estar\u00e1 sujeto a la reglamentaci\u00f3n que para el efecto defina el Comit\u00e9 de Aseguramiento de la reserva estad\u00edstica. Resoluci\u00f3n 173 de 2008.","var_resp_unit":null,"var_analysis_unit":null,"var_qstn_preqtxt":"31. \u00bfqu\u00e9 tan triste se sinti\u00f3 ... el d\u00eda de ayer?\t\n\n10\tTodo el tiempo triste\t\n9\t\t\n8\t\t\n7\t\t\n6\t\t\n5\t\t\n4\t\t\n3\t\t\n2\t\t\n1\t\n0\tPara nada  triste","var_qstn_qstnlit":"32. Qu\u00e9 tanto considera ... que las cosas que hace en su vida valen la pena?\t\n\n10\tValen totalmente la pena\t\n9\t\t\n8\t\t\n7\t\t\n6\t\t\n5\t\t\n4\t\t\n3\t\t\n2\t\t\n1\t\t\n0\tNo valen la pena","var_qstn_postqtxt":"33. \u00bfEn cu\u00e1l escal\u00f3n dir\u00eda usted que se encuentra parado(a) en este momento?\n\n10\tMejor vida\t\n9\t\t\n8\t\t\n7\t\t\n6\t\t\n5\t\t\n4\t\t\n3\t\t\n2\t\t\n1\t\n0\tPeor vida","var_qstn_ivuinstr":"BIENESTAR SUBJETIVO\n\nLas preguntas D20 a D29 se aplican a personas de 15 a\u00f1os y m\u00e1s. Su objetivo es proporcionar una medida del bienestar subjetivo de los encuestados(as).\n\nEl bienestar subjetivo tiene diferentes aspectos que incluyen las evaluaciones positivas y negativas que las personas hacen de sus vidas y las reacciones afectivas que tienen respecto a sus experiencias.\n\nLas preguntas de la ECV sobre esta tem\u00e1tica contienen 3 elementos:\n\n1.\tEvaluaci\u00f3n general de la vida. Una evaluaci\u00f3n reflexiva sobre qu\u00e9 tan satisfecha est\u00e1 la persona con su vida actual y con varios aspectos de ella.\n\n2.\tEmociones actuales. Sentimientos o estados emocionales experimentados por la persona y medidos con referencia al d\u00eda anterior a la encuesta.\n\n3.\tSentido y prop\u00f3sito en la vida. Realizaci\u00f3n del potencial de la persona y si se siente parte de algo importante.","var_universe":"Las preguntas D20 a D29 se aplican a personas de 15 a\u00f1os y m\u00e1s.","var_universe_clusion":"I","var_sumstat":[{"value":"191632","type":"vald","wgtd":null},{"value":"60293","type":"invd","wgtd":null},{"value":"0","type":"min","wgtd":null},{"value":"10","type":"max","wgtd":null},{"value":"8.342","type":"mean","wgtd":null},{"value":"1.75","type":"stdev","wgtd":null}],"var_txt":null,"var_catgry":[{"value":"0","labl":"No valen la pena","is_missing":null,"stats":[{"value":"572","type":"freq","wgtd":null}]},{"value":"1","labl":"1","is_missing":null,"stats":[{"value":"238","type":"freq","wgtd":null}]},{"value":"2","labl":"2","is_missing":null,"stats":[{"value":"665","type":"freq","wgtd":null}]},{"value":"3","labl":"3","is_missing":null,"stats":[{"value":"1223","type":"freq","wgtd":null}]},{"value":"4","labl":"4","is_missing":null,"stats":[{"value":"2452","type":"freq","wgtd":null}]},{"value":"5","labl":"5","is_missing":null,"stats":[{"value":"8456","type":"freq","wgtd":null}]},{"value":"6","labl":"6","is_missing":null,"stats":[{"value":"13671","type":"freq","wgtd":null}]},{"value":"7","labl":"7","is_missing":null,"stats":[{"value":"25021","type":"freq","wgtd":null}]},{"value":"8","labl":"8","is_missing":null,"stats":[{"value":"40819","type":"freq","wgtd":null}]},{"value":"9","labl":"9","is_missing":null,"stats":[{"value":"27609","type":"freq","wgtd":null}]},{"value":"10","labl":"Valen totalmente la pena","is_missing":null,"stats":[{"value":"70906","type":"freq","wgtd":null}]},{"value":"Sysmiss","labl":null,"is_missing":"Y","stats":[{"value":"60293","type":"freq","wgtd":null}]}],"var_codinstr":null,"var_concept":[],"var_format":{"type":"numeric","schema":"other","category":null,"name":null},"var_notes":null,"var_val_range":{"min":"0","max":"10"},"fid":"F22","sid":"793","survey_idno":"DANE-DIMPE-ECV-2022"}