{"file_id":"F26","vid":"V836","name":"P7587S1","var_intrvl":"discrete","var_dcml":"0","var_wgt":null,"var_is_wgt":null,"loc_start_pos":"53","loc_end_pos":"53","loc_width":"1","loc_rec_seg_no":"1","labl":"Se\u00f1or(a) <...> por favor me indica el monto total de los gastos de viaje","var_imputation":null,"var_security":"El acceso a microdatos y Mam-up se considera como de tratamiento especial respecto a la reserva estad\u00edstica por tanto estar\u00e1 sujeto a la reglamentaci\u00f3n que para el efecto defina el Comit\u00e9 de Aseguramiento de la reserva estad\u00edstica. Resoluci\u00f3n 173 de 2008.","var_resp_unit":"Personas de 10 a\u00f1os y mas","var_analysis_unit":null,"var_qstn_preqtxt":"7. \u00bfCu\u00e1l fue el motivo principal por el que no realiz\u00f3 viajes el mes ... fuera de su residencia habitual regresando el mismo d\u00eda?\n\n1. No estaba interesado\t\n2. Motivos econ\u00f3micos\t\n3. Viajar le parece costoso\t\n4. No ten\u00eda  tiempo\t\n5. Factores clim\u00e1ticos\t\n6. Por razones de seguridad\t\n7. Otro\t\n8. Por emergencia sanitaria COVID-19","var_qstn_qstnlit":"Se\u00f1or(a) <...> por favor me indica el monto total de los gastos de viaje\n\n1. Transporte (hacia y desde el destino)\n\n1.Si\t\n2.No\t\n9.No sabe\/no responde","var_qstn_postqtxt":"Se\u00f1or(a) <...> por favor me indica el monto total de los gastos de viaje\n\n1. Transporte (hacia y desde el destino)\n\nValor (pesos)","var_qstn_ivuinstr":null,"var_universe":"Corresponde a la poblaci\u00f3n civil no institucional residente en las ciudades o \u00e1reas metropolitanas de veinticuatro ciudades del pa\u00eds.","var_universe_clusion":"I","var_sumstat":[{"value":"0","type":"vald","wgtd":null},{"value":"0","type":"invd","wgtd":null}],"var_txt":null,"var_catgry":[{"value":"1","labl":"Si","is_missing":null,"stats":[]},{"value":"2","labl":"No","is_missing":null,"stats":[]},{"value":"9","labl":"No sabe\/no responde","is_missing":null,"stats":[]}],"var_codinstr":null,"var_concept":[],"var_format":{"type":"numeric","schema":"other","category":null,"name":null},"var_notes":null,"var_val_range":{"min":"1","max":"9"},"fid":"F26","sid":"797","survey_idno":"DANE-DIMPE-EGIT-2023"}