{"file_id":"F2","vid":"V101","name":"COMUNIDADNEGRA_ID","var_intrvl":"contin","var_dcml":"0","var_wgt":null,"var_is_wgt":null,"loc_start_pos":"1081","loc_end_pos":"1083","loc_width":"3","loc_rec_seg_no":"1","labl":"Identificador de la comunidad negra","var_imputation":null,"var_security":"El acceso a microdatos y Mam-up se considera como de tratamiento especial respecto a la reserva estad\u00edstica por tanto estar\u00e1 sujeto a la reglamentaci\u00f3n que para el efecto defina el Comit\u00e9 de Aseguramiento de la reserva estad\u00edstica. Resoluci\u00f3n 173 de 2008.","var_resp_unit":"La fuente primaria son las sedes educativas de Educaci\u00f3n Formal, legalmente constituidas, del sector oficial y del sector no oficial, que ofrecen los niveles de preescolar, b\u00e1sica primaria, b\u00e1sica secundaria y media localizados en el \u00e1rea urbana y rural dentro del territorio nacional. Tambi\u00e9n se incluyen las sedes que ofrecen educaci\u00f3n para adultos (CLEI), as\u00ed como, modelos educativos flexibles que contemplan procesos de aprendizaje dirigidos a grupos de poblaci\u00f3n vulnerable, j\u00f3venes en extra edad y adultos\n\nEl informante id\u00f3neo es el rector o el representante legal de la unidad de observaci\u00f3n.","var_analysis_unit":null,"var_qstn_preqtxt":null,"var_qstn_qstnlit":"- Identificador de la comunidad negra","var_qstn_postqtxt":null,"var_qstn_ivuinstr":null,"var_universe":"Sedes educativas de educaci\u00f3n formal, legalmente constituidas, del sector oficial y del sector no oficial, que ofrecen los niveles de preescolar, b\u00e1sica primaria, b\u00e1sica secundaria y media, localizados en el \u00e1rea urbana y rural dentro del territorio nacional. Tambi\u00e9n se incluyen las sedes que ofrecen educaci\u00f3n para adultos (Decreto 3011 de 1997 donde se establecen normas para el ofrecimiento de la educaci\u00f3n de adultos y se dictan otras disposiciones). As\u00ed como,Modelos Educativos Flexibles que contemplan procesos de aprendizaje dirigidos a grupos de poblaci\u00f3n vulnerable, j\u00f3venes en extra edad y adultos.","var_universe_clusion":"I","var_sumstat":[{"value":"0","type":"vald","wgtd":null},{"value":"0","type":"invd","wgtd":null}],"var_txt":null,"var_catgry":[{"value":"5","labl":"Consejo Comunitario De Nueva Esperanza","is_missing":null,"stats":[]},{"value":"7","labl":"Consejo Comunitario De Villa Grande","is_missing":null,"stats":[]},{"value":"10","labl":"Consejo Comunitario Ppor El Desarrollo Integral","is_missing":null,"stats":[]},{"value":"11","labl":"Consejo Comunitario De La Comunidad Negra De San Nicolas","is_missing":null,"stats":[]},{"value":"12","labl":"Consejo Comunitario Del Bocas Del Atrato Y Leoncito","is_missing":null,"stats":[]},{"value":"13","labl":"Consejo Comunitario Los Mangos","is_missing":null,"stats":[]},{"value":"14","labl":"Consejo Comunitario Manat\u00edes","is_missing":null,"stats":[]},{"value":"18","labl":"Consejo Comunitario Por La  Identidad Cultural","is_missing":null,"stats":[]},{"value":"20","labl":"Consejo Comunitario De Ca\u00f1o Bodega","is_missing":null,"stats":[]},{"value":"24","labl":"Consejo Comunitario Porce Medio","is_missing":null,"stats":[]},{"value":"25","labl":"Consejo Comunitario De La Comunidad Negra De Villa Gloria Vereda Del Corregimiento De La Boquilla","is_missing":null,"stats":[]},{"value":"26","labl":"Consejo Comunitario de Alejandro Duran Diaz","is_missing":null,"stats":[]},{"value":"27","labl":"Consejo Comunitario \"Ma Kankaman\u00e1\" de la Comunidad Negra de San Basilio de Palenque","is_missing":null,"stats":[]},{"value":"35","labl":"Consejo Comunitario Alto Guapi","is_missing":null,"stats":[]},{"value":"36","labl":"Consejo Comunitario Del Rio Napi","is_missing":null,"stats":[]},{"value":"37","labl":"Consejo Comunitario Del Rio San Francisco","is_missing":null,"stats":[]},{"value":"39","labl":"Consejo Comunitario Guapi Abajo","is_missing":null,"stats":[]},{"value":"40","labl":"Consejo Comunitario Del Rio Guaji","is_missing":null,"stats":[]},{"value":"45","labl":"Consejo Comunitario El Play\u00f3n Del Rio Sij\u00ed","is_missing":null,"stats":[]},{"value":"46","labl":"Consejo Comunitario Del Rio Chuare","is_missing":null,"stats":[]},{"value":"47","labl":"Consejo Comunitario San Joc Parte Alta Del Rio Micay","is_missing":null,"stats":[]},{"value":"48","labl":"Consejo Comunitario De La Mamuncia","is_missing":null,"stats":[]},{"value":"49","labl":"Consejo Comunitario Los Manglares Del Rio Micay","is_missing":null,"stats":[]},{"value":"52","labl":"Consejo Comunitario Renacer Negro","is_missing":null,"stats":[]},{"value":"55","labl":"Consejo Comunitario De La Cuenca Del Rio San Bernardo Patia Norte","is_missing":null,"stats":[]},{"value":"56","labl":"Consejo Comunitario De Negros Unidos","is_missing":null,"stats":[]},{"value":"58","labl":"Consejo Comunitario Parte Alta Sur Del Rio Saija","is_missing":null,"stats":[]},{"value":"59","labl":"Consejo Comunitario Parte Baja Del Rio Saija","is_missing":null,"stats":[]},{"value":"63","labl":"Consejo Comunitario De Comunidades Negras De Guayabal Del Municipo De Quibd\u00f3","is_missing":null,"stats":[]},{"value":"64","labl":"Consejo Comunitario De Casimiro","is_missing":null,"stats":[]},{"value":"65","labl":"Consejo Comunitario Mayor De La Asociacion Campesina Integral Del Atrato - Cocomacia","is_missing":null,"stats":[]},{"value":"66","labl":"Consejo Comunitario De Comunidades Negras De La Cuenca De Los R\u00edos Acandiseco, El Cedro Y Juanco","is_missing":null,"stats":[]},{"value":"68","labl":"Consejo Comunitario De Cuenca Del Rio Tolo Y Zona Costera Sur","is_missing":null,"stats":[]},{"value":"71","labl":"Consejo Comunitario General Del Rio Baudo Y Sus Afluentes","is_missing":null,"stats":[]},{"value":"77","labl":"Consejo Comunitario Mayor De La Organizaci\u00f3n Popular Campesina Del Alto Atrato \"Cocomopoca\"","is_missing":null,"stats":[]},{"value":"81","labl":"Consejo Comunitario De Cupica","is_missing":null,"stats":[]},{"value":"82","labl":"Consejo Comunitario General De La Costa Pac\u00edfica Del Norte Del Choc\u00f3 \"Los Delfines\"","is_missing":null,"stats":[]},{"value":"83","labl":"Consejo Comunitario Villa Mar\u00eda De Purrich\u00e1 Cocovima","is_missing":null,"stats":[]},{"value":"86","labl":"Consejo Comunitario De San Agustin De Terron","is_missing":null,"stats":[]},{"value":"87","labl":"Consejo Comunitario De Piliza","is_missing":null,"stats":[]},{"value":"88","labl":"Consejo Comunitario San Andres De Usaraga","is_missing":null,"stats":[]},{"value":"89","labl":"Consejo Comunitario De La Costa Pacifica - Concosta","is_missing":null,"stats":[]},{"value":"90","labl":"Consejo Comunitario De Pizarro","is_missing":null,"stats":[]},{"value":"92","labl":"Consejo Comunitario De Virud\u00f3","is_missing":null,"stats":[]},{"value":"93","labl":"Consejo Comunitario De Pavasa","is_missing":null,"stats":[]},{"value":"95","labl":"Consejo Comunitario De Cuevita","is_missing":null,"stats":[]},{"value":"96","labl":"Consejo Comunitario De Sivir\u00fa","is_missing":null,"stats":[]},{"value":"101","labl":"Consejo Comunitario Mayor Del Canton De San Pablo - Acisanp (Titulo 2694\/21,12,01)","is_missing":null,"stats":[]},{"value":"108","labl":"Consejo Comunitario Del Rio Curbarado","is_missing":null,"stats":[]},{"value":"109","labl":"Consejo Comunitario Mayor De La Cuenca Del Rio Jiguamiand\u00f3","is_missing":null,"stats":[]},{"value":"112","labl":"Consejo Comunitario Monta\u00f1o","is_missing":null,"stats":[]},{"value":"114","labl":"Consejo Comunitario De La Comunidad Negra De La Grande","is_missing":null,"stats":[]},{"value":"118","labl":"Consejo Comunitario Mayor De Certegui","is_missing":null,"stats":[]},{"value":"125","labl":"Consejo Comunitario Mayor Condoto Iro","is_missing":null,"stats":[]},{"value":"127","labl":"Consejo Comunitario General Del San Juan \"Acadesan\"","is_missing":null,"stats":[]},{"value":"142","labl":"Consejo Comunitario Mayor De Las Comunidades Negras Del R\u00edo Pep\u00e9 \"Concomarpe\"","is_missing":null,"stats":[]},{"value":"151","labl":"Consejo Comunitario Mayor De Novita","is_missing":null,"stats":[]},{"value":"155","labl":"Consejo Comunitario General De Nuqui \"Los Riscales\"","is_missing":null,"stats":[]},{"value":"161","labl":"Consejo Comunitario De San Isidro","is_missing":null,"stats":[]},{"value":"170","labl":"Consejo Comunitario De La Comunidad Negra De La Cuenca Del R\u00edo Cacarica","is_missing":null,"stats":[]},{"value":"171","labl":"Consejo Comunitario De La Cuenca Del R\u00edo Salaqui","is_missing":null,"stats":[]},{"value":"172","labl":"Consejo Comunitario De La Cuenca Del Rio Quiparad\u00f3","is_missing":null,"stats":[]},{"value":"173","labl":"Consejo Comunitario De Los Rios La Larga Y Tumarad\u00f3","is_missing":null,"stats":[]},{"value":"177","labl":"Consejo Comunitario De La Comunidad Negra De Pedeguita Mancilla","is_missing":null,"stats":[]},{"value":"186","labl":"Consejo Comunitario Mayor Del Alto San Juan \"Asocasan\"","is_missing":null,"stats":[]},{"value":"195","labl":"Consejo Comunitario Mayor De Uni\u00f3n Panamericana Cocomaupa","is_missing":null,"stats":[]},{"value":"196","labl":"Consejo Comunitario \"Manos Unidas Del Socorro\" Uni\u00f3n Alto Guelmambi","is_missing":null,"stats":[]},{"value":"198","labl":"Consejo Comunitario \"La Gran Union\" Bajo Rio Guelmambi","is_missing":null,"stats":[]},{"value":"199","labl":"Consejo Comunitario \"Alejandro Rincon\" del Rio \u00d1ambi","is_missing":null,"stats":[]},{"value":"209","labl":"Consejo Comunitario Alto Rio Sequihonda","is_missing":null,"stats":[]},{"value":"211","labl":"Consejo Comunitario Pro Defensa Rio Tapaje","is_missing":null,"stats":[]},{"value":"216","labl":"Consejo Comunitario Progreso Del Rio Nerete","is_missing":null,"stats":[]},{"value":"220","labl":"Consejo Comunitario Uni\u00f3n Patia Viejo","is_missing":null,"stats":[]},{"value":"221","labl":"Consejo Comunitario Manos Amigas Del Pat\u00eda Grande","is_missing":null,"stats":[]},{"value":"226","labl":"Consejo Comunitario La Voz De Los Negros","is_missing":null,"stats":[]},{"value":"230","labl":"Consejo Comunitario Odemap Mosquera Sur","is_missing":null,"stats":[]},{"value":"233","labl":"Consejo Comunitario Del R\u00edo Sanquianga","is_missing":null,"stats":[]},{"value":"234","labl":"Gran Consejo Comunitario Del R\u00edo Satinga","is_missing":null,"stats":[]},{"value":"236","labl":"Consejo Comunitario Gualmar","is_missing":null,"stats":[]},{"value":"239","labl":"Consejo Comunitario Del Rio Patia Grande Sus Brazos Y La Ensenada De Tumaco","is_missing":null,"stats":[]},{"value":"240","labl":"Consejo Comunitario Para El Desarrollo Integral De Las Comunidades Negras De La Cordillera Occidental De Nari\u00f1o","is_missing":null,"stats":[]},{"value":"241","labl":"Consejo Comunitario El Progreso","is_missing":null,"stats":[]},{"value":"244","labl":"Consejo Comunitario Agricultores del Patia Grande","is_missing":null,"stats":[]},{"value":"245","labl":"Consejo Comunitario Union De Cuenca Isagualpi","is_missing":null,"stats":[]},{"value":"246","labl":"Consejo Comunitario Integracion Del Telemb\u00ed","is_missing":null,"stats":[]},{"value":"248","labl":"Consejo Comunitario Catangueros","is_missing":null,"stats":[]},{"value":"251","labl":"Consejo Comunitario De Unicosta","is_missing":null,"stats":[]},{"value":"256","labl":"Consejo Comunitario De La Cuenca Del Rio Iscuande","is_missing":null,"stats":[]},{"value":"257","labl":"Consejo Comunitario Chanzara","is_missing":null,"stats":[]},{"value":"260","labl":"Consejo Comunitario Veredas Unidas Por Un Bien Com\u00fan","is_missing":null,"stats":[]},{"value":"265","labl":"Consejo Comunitario Uni\u00f3n Rio Chagui","is_missing":null,"stats":[]},{"value":"268","labl":"Consejo Comunitario Uni\u00f3n Rio Rosario","is_missing":null,"stats":[]},{"value":"269","labl":"Consejo Comunitario Del Rio Gualajo","is_missing":null,"stats":[]},{"value":"270","labl":"Consejo Comunitario Del Rio Imbilpi Del Carmen","is_missing":null,"stats":[]},{"value":"272","labl":"Consejo Comunitario Bajo Mira y Frontera","is_missing":null,"stats":[]},{"value":"273","labl":"Consejo Comunitario Alto Mira Y Frontera","is_missing":null,"stats":[]},{"value":"277","labl":"Consejo Comunitario Rescate Las Varas","is_missing":null,"stats":[]},{"value":"282","labl":"Consejo Comunitario Piedras Bachichi","is_missing":null,"stats":[]},{"value":"286","labl":"Consejo Comunitario De La Comunidad Negra De Guadualito Rio Dagua","is_missing":null,"stats":[]},{"value":"287","labl":"Consejo Comunitario De La Comunidad Negra Campo Hermoso","is_missing":null,"stats":[]},{"value":"288","labl":"Consejo Comunitario Del Rio Mayorquin Y Papayal","is_missing":null,"stats":[]},{"value":"289","labl":"Consejo Comunitario Del Rio Cajambre","is_missing":null,"stats":[]},{"value":"291","labl":"Consejo Comunitario Del Rio Yurumangui","is_missing":null,"stats":[]},{"value":"294","labl":"Consejo Comunitario De La Comunidad Negra De La Brea (Titulo 493 Del 10.04.02)","is_missing":null,"stats":[]},{"value":"298","labl":"Consejo Comunitario De La Comunidad Negra De Sabaletas","is_missing":null,"stats":[]},{"value":"302","labl":"Consejo Comunitario Comunidad Negra de la Cuenca Baja del Rio Calima","is_missing":null,"stats":[]},{"value":"304","labl":"Consejo Comunitario De La Comunidad Negra De Calle Larga Rio Dagua","is_missing":null,"stats":[]},{"value":"305","labl":"Consejo Comunitario De La Comunidad Negra De Zacarias Rio Dagua","is_missing":null,"stats":[]},{"value":"306","labl":"Consejo Comunitario De La Comunidad Negra De Citronela","is_missing":null,"stats":[]},{"value":"307","labl":"Consejo Comunitario De La Comunidad Negra De La Plata Bah\u00eda M\u00e1laga","is_missing":null,"stats":[]},{"value":"308","labl":"Consejo Comunitario De La Comunidad Negra De Bazan Bocana","is_missing":null,"stats":[]},{"value":"309","labl":"Consejo Comunitario Mayor De La Parte Alta Y Media De La Cuenca Del Rio Dagua","is_missing":null,"stats":[]},{"value":"310","labl":"Consejo Comunitario De La Comunidad Negra De Cordoba Y San Cipriano","is_missing":null,"stats":[]},{"value":"311","labl":"Consejo Comunitario Comunidad Negra de Cabeceras de Bajo San Juan","is_missing":null,"stats":[]},{"value":"313","labl":"Consejo Comunitario De Malaguita Bajo San Juan","is_missing":null,"stats":[]},{"value":"315","labl":"Consejo Comunitario De La Comunidad Negra De La Caucana","is_missing":null,"stats":[]},{"value":"316","labl":"Consejo Comunitario De La Comunidad Negra Del Alto Rio Dagua Pacifico Cimarrones Cisneros","is_missing":null,"stats":[]},{"value":"324","labl":"Consejo Comunitario Alto Anchicay\u00e1","is_missing":null,"stats":[]},{"value":"328","labl":"Consejo Comunitario Puerto Giron","is_missing":null,"stats":[]},{"value":"329","labl":"Consejo Comunitario Rio De Guaduas","is_missing":null,"stats":[]},{"value":"330","labl":"Consejo Comunitario Mayor De Comunidades Negras De Nueva Colonia","is_missing":null,"stats":[]},{"value":"332","labl":"Consejo Comunitario Los Gabanes I Y Ii De Las Monas Mata Venado","is_missing":null,"stats":[]},{"value":"337","labl":"Consejo Comunitario De Comunidades Negras Afrocolombianas Raizales Y Palenqueras Del Municipio De Galapa \"Palenque De La Vereda Las Trescientas Y Del Municipio De Galapa\"","is_missing":null,"stats":[]},{"value":"338","labl":"Consejo Comunitario De Comunidades Negra Los Olivos","is_missing":null,"stats":[]},{"value":"339","labl":"Consejo Comunitario De Ca\u00f1o Del Oro","is_missing":null,"stats":[]},{"value":"340","labl":"Consejo Comunitario De La Comunidad Negra De Puerto Rey","is_missing":null,"stats":[]},{"value":"342","labl":"Consejo Comunitario De La Comunidad Negra De Tierra Bomba","is_missing":null,"stats":[]},{"value":"343","labl":"Consejo Comunitario Flamenco","is_missing":null,"stats":[]},{"value":"344","labl":"Consejo Comunitario Eladio Ariza","is_missing":null,"stats":[]},{"value":"345","labl":"Consejo Comunitario De Comunidades Negras Amanzaguapo","is_missing":null,"stats":[]},{"value":"347","labl":"Consejo Comunitario La Nueva Esperanza De La Lomitas","is_missing":null,"stats":[]},{"value":"348","labl":"Consejo Comunitario Cuenca del Rio Cauca y Microcuenca del Rio Teta-Masamorrero","is_missing":null,"stats":[]},{"value":"349","labl":"Consejo Comunitario Palenque Raices Africanas","is_missing":null,"stats":[]},{"value":"350","labl":"Consejo Comunitario De Comunidad Negra","is_missing":null,"stats":[]},{"value":"351","labl":"Consejo Comunitario Comunidad Negra de Pilamono de Palenque del Municipio de Guachen\u00e9","is_missing":null,"stats":[]},{"value":"352","labl":"Consejo Comunitario De Negritudes Asociacion Afrocolombiana De La Sierra Sector Occidente","is_missing":null,"stats":[]},{"value":"353","labl":"Consejo Comunitario Del Territorio Ancestral Del Municipio De Mercaderes Cauca","is_missing":null,"stats":[]},{"value":"354","labl":"Consejo Comunitario Afroitaibe-Cocoitaibe","is_missing":null,"stats":[]},{"value":"355","labl":"Consejo Comunitario Campesino Palenque Monteoscuro","is_missing":null,"stats":[]},{"value":"356","labl":"Consejo Comunitario Zanjon De Garrapatero","is_missing":null,"stats":[]},{"value":"357","labl":"Consejo Comunitario Afrocolombiano Bodega","is_missing":null,"stats":[]},{"value":"358","labl":"Consejo Comunitario De La Toma Suarez Cauca","is_missing":null,"stats":[]},{"value":"359","labl":"Consejo Comunitario De Comunidades Negras Julio Cesar Altamar Mu\u00f1oz","is_missing":null,"stats":[]},{"value":"361","labl":"Consejo Comunitario De Comunidades Negras De La Jagua De Ibirico","is_missing":null,"stats":[]},{"value":"362","labl":"Consejo Comunitario Arcilla Cardon Y Tuna","is_missing":null,"stats":[]},{"value":"364","labl":"Consejo Comunitario De La Comunidad Negra De Guacoche - Los Cardonales","is_missing":null,"stats":[]},{"value":"366","labl":"Consejo Comunitario Manuel Salvador Suarez Almenares","is_missing":null,"stats":[]},{"value":"367","labl":"Consejo Comunitario Marcelino Ochoa Alvarez \"Catelo\"","is_missing":null,"stats":[]},{"value":"368","labl":"Consejo Comunitario Puerto Echeverry","is_missing":null,"stats":[]},{"value":"390","labl":"Consejo Comunitario Mayor De Istmina Y Parte Del Medio San Juan  Cocomimsa","is_missing":null,"stats":[]},{"value":"391","labl":"Consejo Comunitario Integral De Lloro","is_missing":null,"stats":[]},{"value":"393","labl":"Consejo Comunitario San Francisco De Icho","is_missing":null,"stats":[]},{"value":"396","labl":"Consejo Comunitario De La Soledad","is_missing":null,"stats":[]},{"value":"397","labl":"Consejo Comunitario De Comunidades Negras De La Cuenca Del Rio Broqueles","is_missing":null,"stats":[]},{"value":"398","labl":"Consejo Comunitario  Manuel Zapata Olivella \"CCMZO\"","is_missing":null,"stats":[]},{"value":"399","labl":"Consejo Comunitario Bocas de Ure Eduardo Marcelo","is_missing":null,"stats":[]},{"value":"400","labl":"Consejo Comunitario Los Arapios \"Concoarapios\" De Las Comunidades Negras Del Mpui De Tierra Alta","is_missing":null,"stats":[]},{"value":"402","labl":"Consejo Comunitario De Comunidades Negras Afro Descendientes Nueva Esperanza Del Municipio De San Jos\u00e9 Del Guaviare","is_missing":null,"stats":[]},{"value":"403","labl":"Consejo Comunitario De La  Comunidad Negra De Cascajalito- Corregimiento Juan Y Medio","is_missing":null,"stats":[]},{"value":"404","labl":"Consejo Comunitario De La  Comunidad Negra Del Predio Carmen - Corregimiento Juan Y Medio","is_missing":null,"stats":[]},{"value":"407","labl":"Consejo Comunitario De La  Comunidad Negra Los Palenques- Corregimiento Juan Y Medio","is_missing":null,"stats":[]},{"value":"409","labl":"Consejo Comunitario De La  Comunidad Negra Morenos De Moreneros","is_missing":null,"stats":[]},{"value":"411","labl":"Consejo Comunitario De Comunidades Negras De Iye Pinto","is_missing":null,"stats":[]},{"value":"417","labl":"Consejo Comunitario De Comunidades Negras Rincon Guapo Loveran De Pueblo Viejo","is_missing":null,"stats":[]},{"value":"418","labl":"Consejo Comunitario Concomori","is_missing":null,"stats":[]},{"value":"419","labl":"Consejo Comunitario De Comunidades Negras De Guacamayal Zona Bananera Dpto Del Magdalena","is_missing":null,"stats":[]},{"value":"420","labl":"Consejo Comunitario De La Comunidad Negra Del Corregimiento De Sevilla","is_missing":null,"stats":[]},{"value":"421","labl":"Consejo Comunitario \"Renacer Campesino\"","is_missing":null,"stats":[]},{"value":"422","labl":"Consejo Comunitario Brisas del Alto Telembi","is_missing":null,"stats":[]},{"value":"423","labl":"Consejo Comunitario de \"La Gran Union\" Rio Telpi","is_missing":null,"stats":[]},{"value":"424","labl":"Consejo Comunitario De Comunidades Negras La Nueva Esperanza","is_missing":null,"stats":[]},{"value":"425","labl":"Consejo Comunitario De La Comunidad Negra Renacer Telembi","is_missing":null,"stats":[]},{"value":"426","labl":"Consejo Comunitario De La Nueva Reserva Acanure","is_missing":null,"stats":[]},{"value":"427","labl":"Consejo Comunitario El Bien Del Futuro","is_missing":null,"stats":[]},{"value":"428","labl":"Consejo Comunitario La Gran Minga Rio Inguambi Y  Albi","is_missing":null,"stats":[]},{"value":"429","labl":"Consejo Comunitario La Nueva Esperanza","is_missing":null,"stats":[]},{"value":"430","labl":"Consejo Comunitario Liberaci\u00f3n Y Futuro","is_missing":null,"stats":[]},{"value":"431","labl":"Consejo Comunitario Nuevo Renacer","is_missing":null,"stats":[]},{"value":"433","labl":"Consejo Comunitario Caunapi","is_missing":null,"stats":[]},{"value":"440","labl":"Consejo Comunitario Burdines","is_missing":null,"stats":[]},{"value":"441","labl":"Consejo Comunitario Los Andes","is_missing":null,"stats":[]},{"value":"442","labl":"Consejo Comunitario Afro Primavera","is_missing":null,"stats":[]},{"value":"446","labl":"Consejo Comunitario De La Inspecci\u00f3n De Policia De Santa Lucia, El Jauno Y Puerto Guzman Del Municipio De Puerto Guzman-Putumayo","is_missing":null,"stats":[]},{"value":"448","labl":"Consejo Comunitario Santa Lucia-Jupiter","is_missing":null,"stats":[]},{"value":"451","labl":"Consejo Comunitario De La Comunidad Negra De Juanchaco","is_missing":null,"stats":[]},{"value":"452","labl":"Consejo Comunitario De La Comunidad Negra De La Barra","is_missing":null,"stats":[]},{"value":"454","labl":"Consejo Comunitario De La Comunidad Negra Del Rio Naya","is_missing":null,"stats":[]},{"value":"458","labl":"Consejo Comunitario De Comunidades Negras De Chucheros Ensenada El Tigre","is_missing":null,"stats":[]},{"value":"459","labl":"Consejo Comunitario De Comunidades Negras De Los Lagos R\u00edo Dagua","is_missing":null,"stats":[]},{"value":"460","labl":"Consejo Comunitario De La Comunidad Negra De Punta De Soldado","is_missing":null,"stats":[]},{"value":"461","labl":"Consejo Comunitario La Playa Renaciente","is_missing":null,"stats":[]},{"value":"462","labl":"Consejo Comunitario De La Comunidad Negra Del Corregimiento De El Tiple \"Afrotiple\"","is_missing":null,"stats":[]},{"value":"464","labl":"Consejo Comunitario De La Vereda El Naranjo","is_missing":null,"stats":[]},{"value":"466","labl":"Consejo Comunitario Del Corregimiento De Chocosito","is_missing":null,"stats":[]},{"value":"467","labl":"Consejo Comunitario Del Corregimiento Del Remolino","is_missing":null,"stats":[]},{"value":"469","labl":"Consejo Comunitario Corregimiento San Isidro","is_missing":null,"stats":[]},{"value":"470","labl":"Consejo Comunitario De Chagres","is_missing":null,"stats":[]},{"value":"471","labl":"Consejo Comunitario Del Corregimiento De Bocas Del Palo","is_missing":null,"stats":[]},{"value":"473","labl":"Consejo Comunitario Panama De Arauca","is_missing":null,"stats":[]},{"value":"474","labl":"Consejo Comunitario De Comunidades Negras Magende Mi","is_missing":null,"stats":[]},{"value":"476","labl":"Consejo Comunitario De Comunidades Negras De La Unidad Comunera De Gobierno Rural De La Boquilla Localidad De La Virgen Y Tur\u00edstica","is_missing":null,"stats":[]},{"value":"478","labl":"Consejo Comunitario Capitana Ii De Itaibe","is_missing":null,"stats":[]},{"value":"479","labl":"Consejo Comunitario De Comunidades Negras De La Sierra El Cruce, Y La Estacion Conesice","is_missing":null,"stats":[]},{"value":"480","labl":"Consejo Comunitario De Comunidades Negras De El Paso Alejo Duran Cocomad","is_missing":null,"stats":[]},{"value":"481","labl":"Consejo Comunitario De Comunidades Afrodescendientes De La Victoria De San Isidro  Coafrovis","is_missing":null,"stats":[]},{"value":"483","labl":"Consejo Comunitario De Comunidades Negras De Ure","is_missing":null,"stats":[]},{"value":"488","labl":"Consejo Comunitario Versabal","is_missing":null,"stats":[]},{"value":"489","labl":"Consejo Comunitario De Comunidades Negras Del Corregimiento De La Piche- \"Socolando\"","is_missing":null,"stats":[]},{"value":"491","labl":"Consejo Comunitario De Comunidades Negras De Ladrilleros","is_missing":null,"stats":[]},{"value":"492","labl":"Consejo Comunitario De La Comunidad Negra De Las Palmeras","is_missing":null,"stats":[]},{"value":"495","labl":"Consejo Comunitario El Guabal","is_missing":null,"stats":[]},{"value":"496","labl":"Comunidad Negra de Palmira \"CCNP\"","is_missing":null,"stats":[]}],"var_codinstr":null,"var_concept":[],"var_format":{"type":"numeric","schema":"other","category":null,"name":null},"var_notes":null,"var_val_range":{"min":"6","max":"321"},"fid":"F2","sid":"801","survey_idno":"DANE-DIMPE-EDUCACIN-FORMAL-2022"}