{"file_id":"F17","vid":"V297","name":"NIVELENSE_NOMBRE","var_intrvl":"discrete","var_dcml":null,"var_wgt":null,"var_is_wgt":null,"loc_start_pos":"52","loc_end_pos":"107","loc_width":"56","loc_rec_seg_no":"1","labl":"Nombre del nivel de ense\u00f1anza","var_imputation":null,"var_security":"El acceso a microdatos y Mam-up se considera como de tratamiento especial respecto a la reserva estad\u00edstica por tanto estar\u00e1 sujeto a la reglamentaci\u00f3n que para el efecto defina el Comit\u00e9 de Aseguramiento de la reserva estad\u00edstica. Resoluci\u00f3n 173 de 2008.","var_resp_unit":"La fuente primaria son las sedes educativas de Educaci\u00f3n Formal, legalmente constituidas, del sector oficial y del sector no oficial, que ofrecen los niveles de preescolar, b\u00e1sica primaria, b\u00e1sica secundaria y media localizados en el \u00e1rea urbana y rural dentro del territorio nacional. Tambi\u00e9n se incluyen las sedes que ofrecen educaci\u00f3n para adultos (CLEI), as\u00ed como, modelos educativos flexibles que contemplan procesos de aprendizaje dirigidos a grupos de poblaci\u00f3n vulnerable, j\u00f3venes en extra edad y adultos\n\nEl informante id\u00f3neo es el rector o el representante legal de la unidad de observaci\u00f3n.","var_analysis_unit":null,"var_qstn_preqtxt":"39. En la siguiente matriz relacione los docentes con asignaci\u00f3n o carga acad\u00e9mica, seg\u00fan el car\u00e1cter (acad\u00e9mico, t\u00e9cnico o normalista), donde tienen la mayor asignaci\u00f3n acad\u00e9mica.","var_qstn_qstnlit":"40. Diligencie la cantidad de alumnos matriculados en el a\u00f1o lectivo actual, en cada nivel de ense\u00f1anza ofrecido por jornada en la sede educativa. Recuerde: para el programa CLEI (Decreto 3011 de 1997), la matr\u00edcula reportada corresponde a la totalidad registrada en primer y segundo semestre del a\u00f1o lectivo (Ciclo I al VI).\n\n- Nivel de ense\u00f1anza:\n\n- Preescolar\t\n- B\u00e1sica primaria\t\n- B\u00e1sica secundaria\t\n- Media\t\n- Ciclos Lectivos Especiales Integrados (CLEI)","var_qstn_postqtxt":"41. Registre la cantidad de alumnos matriculados en educaci\u00f3n tradicional (preescolar, b\u00e1sica primaria, b\u00e1sica secundaria y media), Modelos Educativos Flexibles MEF (preescolar, b\u00e1sica primaria, b\u00e1sica secundaria y media) y CLEI.","var_qstn_ivuinstr":null,"var_universe":"Sedes educativas de educaci\u00f3n formal, legalmente constituidas, del sector oficial y del sector no oficial, que ofrecen los niveles de preescolar, b\u00e1sica primaria, b\u00e1sica secundaria y media, localizados en el \u00e1rea urbana y rural dentro del territorio nacional. Tambi\u00e9n se incluyen las sedes que ofrecen educaci\u00f3n para adultos (Decreto 3011 de 1997 donde se establecen normas para el ofrecimiento de la educaci\u00f3n de adultos y se dictan otras disposiciones). As\u00ed como,Modelos Educativos Flexibles que contemplan procesos de aprendizaje dirigidos a grupos de poblaci\u00f3n vulnerable, j\u00f3venes en extra edad y adultos.","var_universe_clusion":"I","var_sumstat":[{"value":"0","type":"vald","wgtd":null},{"value":"0","type":"invd","wgtd":null}],"var_txt":null,"var_catgry":[],"var_codinstr":null,"var_concept":[],"var_format":{"type":"character","schema":"other","category":null,"name":null},"var_notes":null,"var_val_range":{"min":null,"max":null},"fid":"F17","sid":"801","survey_idno":"DANE-DIMPE-EDUCACIN-FORMAL-2022"}