{"file_id":"F2","vid":"V76","name":"SECRETARIA_CODIGO","var_intrvl":"contin","var_dcml":"0","var_wgt":null,"var_is_wgt":null,"loc_start_pos":"854","loc_end_pos":"855","loc_width":"2","loc_rec_seg_no":"1","labl":"C\u00f3digo de la Secretar\u00eda de Educaci\u00f3n Certificada","var_imputation":null,"var_security":"El acceso a microdatos y Mam-up se considera como de tratamiento especial respecto a la reserva estad\u00edstica por tanto estar\u00e1 sujeto a la reglamentaci\u00f3n que para el efecto defina el Comit\u00e9 de Aseguramiento de la reserva estad\u00edstica. Resoluci\u00f3n 173 de 2008.","var_resp_unit":"La fuente primaria son las sedes educativas de Educaci\u00f3n Formal, legalmente constituidas, del sector oficial y del sector no oficial, que ofrecen los niveles de preescolar, b\u00e1sica primaria, b\u00e1sica secundaria y media localizados en el \u00e1rea urbana y rural dentro del territorio nacional. Tambi\u00e9n se incluyen las sedes que ofrecen educaci\u00f3n para adultos (CLEI), as\u00ed como, modelos educativos flexibles que contemplan procesos de aprendizaje dirigidos a grupos de poblaci\u00f3n vulnerable, j\u00f3venes en extra edad y adultos\n\nEl informante id\u00f3neo es el rector o el representante legal de la unidad de observaci\u00f3n.","var_analysis_unit":null,"var_qstn_preqtxt":null,"var_qstn_qstnlit":"- C\u00f3digo de la Secretar\u00eda de Educaci\u00f3n Certificada","var_qstn_postqtxt":null,"var_qstn_ivuinstr":null,"var_universe":"Sedes educativas de educaci\u00f3n formal, legalmente constituidas, del sector oficial y del sector no oficial, que ofrecen los niveles de preescolar, b\u00e1sica primaria, b\u00e1sica secundaria y media, localizados en el \u00e1rea urbana y rural dentro del territorio nacional. Tambi\u00e9n se incluyen las sedes que ofrecen educaci\u00f3n para adultos (Decreto 3011 de 1997 donde se establecen normas para el ofrecimiento de la educaci\u00f3n de adultos y se dictan otras disposiciones). As\u00ed como,Modelos Educativos Flexibles que contemplan procesos de aprendizaje dirigidos a grupos de poblaci\u00f3n vulnerable, j\u00f3venes en extra edad y adultos.","var_universe_clusion":"I","var_sumstat":[{"value":"0","type":"vald","wgtd":null},{"value":"0","type":"invd","wgtd":null}],"var_txt":null,"var_catgry":[{"value":"1","labl":"Departamental de Atl\u00e1ntico","is_missing":null,"stats":[]},{"value":"2","labl":"Distrital de Barranquilla","is_missing":null,"stats":[]},{"value":"3","labl":"Municipal de Soledad","is_missing":null,"stats":[]},{"value":"4","labl":"Departamental de Bol\u00edvar","is_missing":null,"stats":[]},{"value":"5","labl":"Distrital de Cartagena","is_missing":null,"stats":[]},{"value":"6","labl":"Municipal de Magangu\u00e9","is_missing":null,"stats":[]},{"value":"7","labl":"Departamental de Cesar","is_missing":null,"stats":[]},{"value":"8","labl":"Municipal de Valledupar","is_missing":null,"stats":[]},{"value":"9","labl":"Departamental de La Guajira","is_missing":null,"stats":[]},{"value":"10","labl":"Municipal de Maicao","is_missing":null,"stats":[]},{"value":"11","labl":"Departamental de Magdalena","is_missing":null,"stats":[]},{"value":"12","labl":"Distrital de Santa Marta","is_missing":null,"stats":[]},{"value":"13","labl":"Municipal de Ci\u00e9naga","is_missing":null,"stats":[]},{"value":"14","labl":"Departamental de Sucre","is_missing":null,"stats":[]},{"value":"15","labl":"Municipal de Sincelejo","is_missing":null,"stats":[]},{"value":"16","labl":"Departamental de San Andr\u00e9s","is_missing":null,"stats":[]},{"value":"17","labl":"Departamental de Vichada","is_missing":null,"stats":[]},{"value":"18","labl":"Departamental de Guain\u00eda","is_missing":null,"stats":[]},{"value":"19","labl":"Departamental de Guaviare","is_missing":null,"stats":[]},{"value":"20","labl":"Departamental de Vaup\u00e9s","is_missing":null,"stats":[]},{"value":"21","labl":"Departamental de Amazonas","is_missing":null,"stats":[]},{"value":"22","labl":"Departamental de Casanare","is_missing":null,"stats":[]},{"value":"23","labl":"Departamental de Boyac\u00e1","is_missing":null,"stats":[]},{"value":"24","labl":"Municipal de Tunja","is_missing":null,"stats":[]},{"value":"25","labl":"Municipal de Sogamoso","is_missing":null,"stats":[]},{"value":"26","labl":"Municipal de Duitama","is_missing":null,"stats":[]},{"value":"27","labl":"Distrital de Bogot\u00e1","is_missing":null,"stats":[]},{"value":"28","labl":"Departamental de Cundinamarca","is_missing":null,"stats":[]},{"value":"29","labl":"Municipal de Fusagasug\u00e1","is_missing":null,"stats":[]},{"value":"30","labl":"Municipal de Girardot","is_missing":null,"stats":[]},{"value":"31","labl":"Municipal de Soacha","is_missing":null,"stats":[]},{"value":"32","labl":"Departamental de Meta","is_missing":null,"stats":[]},{"value":"33","labl":"Municipal de Villavicencio","is_missing":null,"stats":[]},{"value":"34","labl":"Departamental de Caquet\u00e1","is_missing":null,"stats":[]},{"value":"35","labl":"Municipal de Florencia","is_missing":null,"stats":[]},{"value":"36","labl":"Departamental de Huila","is_missing":null,"stats":[]},{"value":"37","labl":"Municipal de Neiva","is_missing":null,"stats":[]},{"value":"38","labl":"Departamental de Santander","is_missing":null,"stats":[]},{"value":"39","labl":"Municipal de Bucaramanga","is_missing":null,"stats":[]},{"value":"40","labl":"Municipal de Barrancabermeja","is_missing":null,"stats":[]},{"value":"41","labl":"Municipal de Floridablanca","is_missing":null,"stats":[]},{"value":"42","labl":"Municipal de Gir\u00f3n","is_missing":null,"stats":[]},{"value":"43","labl":"Departamental de Norte de Santander","is_missing":null,"stats":[]},{"value":"44","labl":"Municipal de C\u00facuta","is_missing":null,"stats":[]},{"value":"45","labl":"Departamental de Arauca","is_missing":null,"stats":[]},{"value":"46","labl":"Departamental de Valle","is_missing":null,"stats":[]},{"value":"47","labl":"Municipal de Cali","is_missing":null,"stats":[]},{"value":"48","labl":"Municipal de Buenaventura","is_missing":null,"stats":[]},{"value":"49","labl":"Municipal de Buga","is_missing":null,"stats":[]},{"value":"50","labl":"Municipal de Cartago","is_missing":null,"stats":[]},{"value":"51","labl":"Municipal de Palmira","is_missing":null,"stats":[]},{"value":"52","labl":"Municipal de Tulu\u00e1","is_missing":null,"stats":[]},{"value":"53","labl":"Departamental de Cauca","is_missing":null,"stats":[]},{"value":"54","labl":"Municipal de Popay\u00e1n","is_missing":null,"stats":[]},{"value":"55","labl":"Departamental de Nari\u00f1o","is_missing":null,"stats":[]},{"value":"56","labl":"Municipal de Pasto","is_missing":null,"stats":[]},{"value":"57","labl":"Municipal de Tumaco","is_missing":null,"stats":[]},{"value":"58","labl":"Departamental de Putumayo","is_missing":null,"stats":[]},{"value":"59","labl":"Departamental de Tolima","is_missing":null,"stats":[]},{"value":"60","labl":"Municipal de Ibagu\u00e9","is_missing":null,"stats":[]},{"value":"61","labl":"Departamental de Risaralda","is_missing":null,"stats":[]},{"value":"62","labl":"Municipal de Pereira","is_missing":null,"stats":[]},{"value":"63","labl":"Municipal de Dosquebradas","is_missing":null,"stats":[]},{"value":"64","labl":"Departamental de Quind\u00edo","is_missing":null,"stats":[]},{"value":"65","labl":"Municipal de Armenia","is_missing":null,"stats":[]},{"value":"66","labl":"Departamental de Caldas","is_missing":null,"stats":[]},{"value":"67","labl":"Municipal de Manizales","is_missing":null,"stats":[]},{"value":"68","labl":"Departamental de Antioquia","is_missing":null,"stats":[]},{"value":"69","labl":"Municipal de Medell\u00edn","is_missing":null,"stats":[]},{"value":"70","labl":"Municipal de Bello","is_missing":null,"stats":[]},{"value":"71","labl":"Municipal de Envigado","is_missing":null,"stats":[]},{"value":"72","labl":"Municipal de Itag\u00fc\u00ed","is_missing":null,"stats":[]},{"value":"73","labl":"Municipal de Turbo","is_missing":null,"stats":[]},{"value":"74","labl":"Departamental de C\u00f3rdoba","is_missing":null,"stats":[]},{"value":"75","labl":"Municipal de Monter\u00eda","is_missing":null,"stats":[]},{"value":"76","labl":"Municipal de Lorica","is_missing":null,"stats":[]},{"value":"77","labl":"Municipal de Sahag\u00fan","is_missing":null,"stats":[]},{"value":"78","labl":"Departamental de Choc\u00f3","is_missing":null,"stats":[]},{"value":"79","labl":"Municipal de Quibd\u00f3","is_missing":null,"stats":[]},{"value":"80","labl":"Municipal de Uribia","is_missing":null,"stats":[]},{"value":"81","labl":"Municipal de Malambo","is_missing":null,"stats":[]},{"value":"82","labl":"Municipal de Riohacha","is_missing":null,"stats":[]},{"value":"83","labl":"Municipal de Yopal","is_missing":null,"stats":[]},{"value":"84","labl":"Municipal de Ch\u00eda","is_missing":null,"stats":[]},{"value":"85","labl":"Municipal de Zipaquir\u00e1","is_missing":null,"stats":[]},{"value":"86","labl":"Municipal de Facatativ\u00e1","is_missing":null,"stats":[]},{"value":"87","labl":"Municipal de Mosquera","is_missing":null,"stats":[]},{"value":"88","labl":"Municipal de Ipiales","is_missing":null,"stats":[]},{"value":"89","labl":"Municipal de Rionegro","is_missing":null,"stats":[]},{"value":"90","labl":"Municipal de Apartado","is_missing":null,"stats":[]},{"value":"91","labl":"Municipal de Sabaneta","is_missing":null,"stats":[]},{"value":"92","labl":"Municipal de Pitalito","is_missing":null,"stats":[]},{"value":"93","labl":"Municipal de Piedecuesta","is_missing":null,"stats":[]},{"value":"94","labl":"Municipal de Jamund\u00ed","is_missing":null,"stats":[]},{"value":"95","labl":"Municipal de Yumbo","is_missing":null,"stats":[]},{"value":"96","labl":"Municipal de Funza","is_missing":null,"stats":[]}],"var_codinstr":null,"var_concept":[],"var_format":{"type":"numeric","schema":"other","category":null,"name":null},"var_notes":null,"var_val_range":{"min":"1","max":"95"},"fid":"F2","sid":"801","survey_idno":"DANE-DIMPE-EDUCACIN-FORMAL-2022"}