{"file_id":"F29","vid":"V1460","name":"P5747","var_intrvl":"discrete","var_dcml":"0","var_wgt":null,"var_is_wgt":null,"loc_start_pos":"77","loc_end_pos":"77","loc_width":"1","loc_rec_seg_no":"1","labl":"1. Tipo de vivienda","var_imputation":null,"var_security":null,"var_resp_unit":null,"var_analysis_unit":null,"var_qstn_preqtxt":null,"var_qstn_qstnlit":"1. Tipo de vivienda\n\n1.\tCasa\n2.\tApartamento\n3.\tCuarto (s)\n4.\tVivienda ind\u00edgena\n5.\tOtro tipo de unidad de vivienda (carpa, tienda, vag\u00f3n, embarcaci\u00f3n, refugio natural, puente, etc.)","var_qstn_postqtxt":null,"var_qstn_ivuinstr":null,"var_universe":"El universo para la Encuesta Longitudinal de Colombia (ELCO) est\u00e1 conformado por la poblaci\u00f3n civil no institucional residente en todo el territorio nacional, excluyendo San Andr\u00e9s, Providencia y los departamentos de Amazonas, Guain\u00eda y Vaup\u00e9s.","var_universe_clusion":"I","var_sumstat":[{"value":"16938","type":"vald","wgtd":null},{"value":"0","type":"invd","wgtd":null},{"value":"1","type":"min","wgtd":null},{"value":"5","type":"max","wgtd":null},{"value":"1.239","type":"mean","wgtd":null},{"value":"0.523","type":"stdev","wgtd":null}],"var_txt":null,"var_catgry":[{"value":"1","labl":"Casa","is_missing":null,"stats":[{"value":"13481","type":"freq","wgtd":null}]},{"value":"2","labl":"Apartamento","is_missing":null,"stats":[{"value":"3030","type":"freq","wgtd":null}]},{"value":"3","labl":"Cuarto (s)","is_missing":null,"stats":[{"value":"304","type":"freq","wgtd":null}]},{"value":"4","labl":"Vivienda ind\u00edgena","is_missing":null,"stats":[{"value":"89","type":"freq","wgtd":null}]},{"value":"5","labl":"Otro tipo de unidad de vivienda (carpa, tienda, vag\u00f3n, embarcaci\u00f3n, refugio natural, puente, etc.)","is_missing":null,"stats":[{"value":"34","type":"freq","wgtd":null}]}],"var_codinstr":null,"var_concept":[],"var_format":{"type":"numeric","schema":"other","category":null,"name":null},"var_notes":null,"var_val_range":{"min":"1","max":"5"},"fid":"F29","sid":"814","survey_idno":"DANE-DIMPE-ELCO-2019"}