{"file_id":"F29","vid":"V1462","name":"P4015","var_intrvl":"discrete","var_dcml":"0","var_wgt":null,"var_is_wgt":null,"loc_start_pos":"79","loc_end_pos":"79","loc_width":"1","loc_rec_seg_no":"1","labl":"3. Material predominante de los pisos","var_imputation":null,"var_security":null,"var_resp_unit":null,"var_analysis_unit":null,"var_qstn_preqtxt":null,"var_qstn_qstnlit":"3. Material predominante de los pisos\n\n1.\tAlfombra o tapete de pared a pared\n2.\tMadera pulida y lacada, parqu\u00e9\n3.\tM\u00e1rmol\n4.\tBaldosa, vinilo, tableta, ladrillo\n5.\tMadera burda, tabla, tabl\u00f3n, otro vegetal\n6.\tCemento, gravilla\n7.\tTierra, arena","var_qstn_postqtxt":null,"var_qstn_ivuinstr":null,"var_universe":"El universo para la Encuesta Longitudinal de Colombia (ELCO) est\u00e1 conformado por la poblaci\u00f3n civil no institucional residente en todo el territorio nacional, excluyendo San Andr\u00e9s, Providencia y los departamentos de Amazonas, Guain\u00eda y Vaup\u00e9s.","var_universe_clusion":"I","var_sumstat":[{"value":"16938","type":"vald","wgtd":null},{"value":"0","type":"invd","wgtd":null},{"value":"1","type":"min","wgtd":null},{"value":"7","type":"max","wgtd":null},{"value":"4.941","type":"mean","wgtd":null},{"value":"1.165","type":"stdev","wgtd":null}],"var_txt":null,"var_catgry":[{"value":"1","labl":"Alfombra o tapete de pared a pared","is_missing":null,"stats":[{"value":"52","type":"freq","wgtd":null}]},{"value":"2","labl":"Madera pulida y lacada, parqu\u00e9","is_missing":null,"stats":[{"value":"210","type":"freq","wgtd":null}]},{"value":"3","labl":"M\u00e1rmol","is_missing":null,"stats":[{"value":"70","type":"freq","wgtd":null}]},{"value":"4","labl":"Baldosa, vinilo, tableta, ladrillo","is_missing":null,"stats":[{"value":"8646","type":"freq","wgtd":null}]},{"value":"5","labl":"Madera burda, tabla, tabl\u00f3n, otro vegetal","is_missing":null,"stats":[{"value":"731","type":"freq","wgtd":null}]},{"value":"6","labl":"Cemento, gravilla","is_missing":null,"stats":[{"value":"5840","type":"freq","wgtd":null}]},{"value":"7","labl":"Tierra, arena","is_missing":null,"stats":[{"value":"1389","type":"freq","wgtd":null}]}],"var_codinstr":null,"var_concept":[],"var_format":{"type":"numeric","schema":"other","category":null,"name":null},"var_notes":null,"var_val_range":{"min":"1","max":"7"},"fid":"F29","sid":"814","survey_idno":"DANE-DIMPE-ELCO-2019"}