{"file_id":"F30","vid":"V1482","name":"P5010","var_intrvl":"discrete","var_dcml":"0","var_wgt":null,"var_is_wgt":null,"loc_start_pos":"73","loc_end_pos":"74","loc_width":"2","loc_rec_seg_no":"1","labl":"2.  \u00bfEn cu\u00e1ntos de esos cuartos duermen las personas de este hogar?","var_imputation":null,"var_security":null,"var_resp_unit":null,"var_analysis_unit":null,"var_qstn_preqtxt":null,"var_qstn_qstnlit":"2.  \u00bfEn cu\u00e1ntos de esos cuartos duermen las personas de este hogar?","var_qstn_postqtxt":null,"var_qstn_ivuinstr":null,"var_universe":"El universo para la Encuesta Longitudinal de Colombia (ELCO) est\u00e1 conformado por la poblaci\u00f3n civil no institucional residente en todo el territorio nacional, excluyendo San Andr\u00e9s, Providencia y los departamentos de Amazonas, Guain\u00eda y Vaup\u00e9s.","var_universe_clusion":"I","var_sumstat":[{"value":"16938","type":"vald","wgtd":null},{"value":"0","type":"invd","wgtd":null},{"value":"1","type":"min","wgtd":null},{"value":"10","type":"max","wgtd":null},{"value":"2.114","type":"mean","wgtd":null},{"value":"0.925","type":"stdev","wgtd":null}],"var_txt":null,"var_catgry":[{"value":"1","labl":null,"is_missing":null,"stats":[{"value":"4687","type":"freq","wgtd":null}]},{"value":"2","labl":null,"is_missing":null,"stats":[{"value":"6981","type":"freq","wgtd":null}]},{"value":"3","labl":null,"is_missing":null,"stats":[{"value":"4182","type":"freq","wgtd":null}]},{"value":"4","labl":null,"is_missing":null,"stats":[{"value":"880","type":"freq","wgtd":null}]},{"value":"5","labl":null,"is_missing":null,"stats":[{"value":"166","type":"freq","wgtd":null}]},{"value":"6","labl":null,"is_missing":null,"stats":[{"value":"32","type":"freq","wgtd":null}]},{"value":"7","labl":null,"is_missing":null,"stats":[{"value":"7","type":"freq","wgtd":null}]},{"value":"8","labl":null,"is_missing":null,"stats":[{"value":"1","type":"freq","wgtd":null}]},{"value":"9","labl":null,"is_missing":null,"stats":[{"value":"1","type":"freq","wgtd":null}]},{"value":"10","labl":null,"is_missing":null,"stats":[{"value":"1","type":"freq","wgtd":null}]}],"var_codinstr":null,"var_concept":[],"var_format":{"type":"numeric","schema":"other","category":null,"name":null},"var_notes":null,"var_val_range":{"min":"1","max":"10"},"fid":"F30","sid":"814","survey_idno":"DANE-DIMPE-ELCO-2019"}