{"file_id":"F30","vid":"V1487","name":"P8526","var_intrvl":"discrete","var_dcml":"0","var_wgt":null,"var_is_wgt":null,"loc_start_pos":"80","loc_end_pos":"80","loc_width":"1","loc_rec_seg_no":"1","labl":"7.  \u00bfCon qu\u00e9 tipo de servicio sanitario cuenta el hogar:","var_imputation":null,"var_security":null,"var_resp_unit":null,"var_analysis_unit":null,"var_qstn_preqtxt":null,"var_qstn_qstnlit":"7.  \u00bfCon qu\u00e9 tipo de servicio sanitario cuenta el hogar:\n\n1.\tInodoro conectado a alcantarillado?\n2.\tInodoro conectado a pozo s\u00e9ptico?\n3.\tInodoro sin conexi\u00f3n?\n4.\tLetrina?\n5.\tBajamar?\n6.\tNo tiene servicio sanitario?","var_qstn_postqtxt":null,"var_qstn_ivuinstr":null,"var_universe":"El universo para la Encuesta Longitudinal de Colombia (ELCO) est\u00e1 conformado por la poblaci\u00f3n civil no institucional residente en todo el territorio nacional, excluyendo San Andr\u00e9s, Providencia y los departamentos de Amazonas, Guain\u00eda y Vaup\u00e9s.","var_universe_clusion":"I","var_sumstat":[{"value":"16938","type":"vald","wgtd":null},{"value":"0","type":"invd","wgtd":null},{"value":"1","type":"min","wgtd":null},{"value":"6","type":"max","wgtd":null},{"value":"1.615","type":"mean","wgtd":null},{"value":"1.083","type":"stdev","wgtd":null}],"var_txt":null,"var_catgry":[{"value":"1","labl":"Inodoro conectado a alcantarillado?","is_missing":null,"stats":[{"value":"10182","type":"freq","wgtd":null}]},{"value":"2","labl":"Inodoro conectado a pozo s\u00e9ptico?","is_missing":null,"stats":[{"value":"5337","type":"freq","wgtd":null}]},{"value":"3","labl":"Inodoro sin conexi\u00f3n?","is_missing":null,"stats":[{"value":"556","type":"freq","wgtd":null}]},{"value":"4","labl":"Letrina?","is_missing":null,"stats":[{"value":"107","type":"freq","wgtd":null}]},{"value":"5","labl":"Bajamar?","is_missing":null,"stats":[{"value":"125","type":"freq","wgtd":null}]},{"value":"6","labl":"No tiene servicio sanitario?","is_missing":null,"stats":[{"value":"631","type":"freq","wgtd":null}]}],"var_codinstr":null,"var_concept":[],"var_format":{"type":"numeric","schema":"other","category":null,"name":null},"var_notes":null,"var_val_range":{"min":"1","max":"6"},"fid":"F30","sid":"814","survey_idno":"DANE-DIMPE-ELCO-2019"}