{"file_id":"F30","vid":"V1488","name":"P5041","var_intrvl":"discrete","var_dcml":"0","var_wgt":null,"var_is_wgt":null,"loc_start_pos":"81","loc_end_pos":"81","loc_width":"1","loc_rec_seg_no":"1","labl":"8. \u00bfC\u00f3mo eliminan principalmente la basura en este hogar?","var_imputation":null,"var_security":null,"var_resp_unit":null,"var_analysis_unit":null,"var_qstn_preqtxt":null,"var_qstn_qstnlit":"8. \u00bfC\u00f3mo eliminan principalmente la basura en este hogar?\n\n1.\tLa recogen los servicios del aseo\n2.\tLa tiran a un r\u00edo, quebrada, ca\u00f1o o laguna\n3.\tLa tiran a un patio, lote, zanja o bald\u00edo \n4.\tLa queman \n5.\tLa entierran\n6.\tLa recoge un servicio informal (zorra, carreta, etc.)","var_qstn_postqtxt":null,"var_qstn_ivuinstr":null,"var_universe":"El universo para la Encuesta Longitudinal de Colombia (ELCO) est\u00e1 conformado por la poblaci\u00f3n civil no institucional residente en todo el territorio nacional, excluyendo San Andr\u00e9s, Providencia y los departamentos de Amazonas, Guain\u00eda y Vaup\u00e9s.","var_universe_clusion":"I","var_sumstat":[{"value":"16938","type":"vald","wgtd":null},{"value":"0","type":"invd","wgtd":null},{"value":"1","type":"min","wgtd":null},{"value":"6","type":"max","wgtd":null},{"value":"1.997","type":"mean","wgtd":null},{"value":"1.509","type":"stdev","wgtd":null}],"var_txt":null,"var_catgry":[{"value":"1","labl":"La recogen los servicios del aseo","is_missing":null,"stats":[{"value":"11516","type":"freq","wgtd":null}]},{"value":"2","labl":"La tiran a un r\u00edo, quebrada, ca\u00f1o o laguna","is_missing":null,"stats":[{"value":"92","type":"freq","wgtd":null}]},{"value":"3","labl":"La tiran a un patio, lote, zanja o bald\u00edo","is_missing":null,"stats":[{"value":"510","type":"freq","wgtd":null}]},{"value":"4","labl":"La queman","is_missing":null,"stats":[{"value":"3856","type":"freq","wgtd":null}]},{"value":"5","labl":"La entierran","is_missing":null,"stats":[{"value":"615","type":"freq","wgtd":null}]},{"value":"6","labl":"La recoge un servicio informal (zorra, carreta, etc.)","is_missing":null,"stats":[{"value":"349","type":"freq","wgtd":null}]}],"var_codinstr":null,"var_concept":[],"var_format":{"type":"numeric","schema":"other","category":null,"name":null},"var_notes":null,"var_val_range":{"min":"1","max":"6"},"fid":"F30","sid":"814","survey_idno":"DANE-DIMPE-ELCO-2019"}