{"file_id":"F31","vid":"V1503","name":"P2099S2","var_intrvl":"contin","var_dcml":"0","var_wgt":null,"var_is_wgt":null,"loc_start_pos":"77","loc_end_pos":"80","loc_width":"4","loc_rec_seg_no":"1","labl":"A\u00f1o","var_imputation":null,"var_security":null,"var_resp_unit":null,"var_analysis_unit":null,"var_qstn_preqtxt":null,"var_qstn_qstnlit":"19. \u00bfCu\u00e1l fue la fecha de inicio del cr\u00e9dito?\n\nA\u00f1o","var_qstn_postqtxt":null,"var_qstn_ivuinstr":null,"var_universe":"El universo para la Encuesta Longitudinal de Colombia (ELCO) est\u00e1 conformado por la poblaci\u00f3n civil no institucional residente en todo el territorio nacional, excluyendo San Andr\u00e9s, Providencia y los departamentos de Amazonas, Guain\u00eda y Vaup\u00e9s.","var_universe_clusion":"I","var_sumstat":[{"value":"6186","type":"vald","wgtd":null},{"value":"0","type":"invd","wgtd":null},{"value":"1997","type":"min","wgtd":null},{"value":"2019","type":"max","wgtd":null},{"value":"2016.889","type":"mean","wgtd":null},{"value":"2.862","type":"stdev","wgtd":null}],"var_txt":null,"var_catgry":[],"var_codinstr":null,"var_concept":[],"var_format":{"type":"numeric","schema":"other","category":null,"name":null},"var_notes":null,"var_val_range":{"min":"1997","max":"2019"},"fid":"F31","sid":"814","survey_idno":"DANE-DIMPE-ELCO-2019"}