{"file_id":"F31","vid":"V1508","name":"P2107","var_intrvl":"discrete","var_dcml":"0","var_wgt":null,"var_is_wgt":null,"loc_start_pos":"100","loc_end_pos":"100","loc_width":"1","loc_rec_seg_no":"1","labl":"23. Desde el momento que tom\u00f3 el cr\u00e9dito, \u00bfcu\u00e1ntos meses de plazo ten\u00eda para pagarlo?","var_imputation":null,"var_security":null,"var_resp_unit":null,"var_analysis_unit":null,"var_qstn_preqtxt":null,"var_qstn_qstnlit":"23. Desde el momento que tom\u00f3 el cr\u00e9dito, \u00bfcu\u00e1ntos meses de plazo ten\u00eda para pagarlo?\n\n1.\tmeses\n2.\tNo se estableci\u00f3 plazo","var_qstn_postqtxt":null,"var_qstn_ivuinstr":null,"var_universe":"El universo para la Encuesta Longitudinal de Colombia (ELCO) est\u00e1 conformado por la poblaci\u00f3n civil no institucional residente en todo el territorio nacional, excluyendo San Andr\u00e9s, Providencia y los departamentos de Amazonas, Guain\u00eda y Vaup\u00e9s.","var_universe_clusion":"I","var_sumstat":[{"value":"6186","type":"vald","wgtd":null},{"value":"0","type":"invd","wgtd":null},{"value":"1","type":"min","wgtd":null},{"value":"2","type":"max","wgtd":null},{"value":"1.03","type":"mean","wgtd":null},{"value":"0.172","type":"stdev","wgtd":null}],"var_txt":null,"var_catgry":[{"value":"1","labl":"meses","is_missing":null,"stats":[{"value":"5998","type":"freq","wgtd":null}]},{"value":"2","labl":"No se estableci\u00f3 plazo","is_missing":null,"stats":[{"value":"188","type":"freq","wgtd":null}]}],"var_codinstr":null,"var_concept":[],"var_format":{"type":"numeric","schema":"other","category":null,"name":null},"var_notes":null,"var_val_range":{"min":"1","max":"2"},"fid":"F31","sid":"814","survey_idno":"DANE-DIMPE-ELCO-2019"}