{"file_id":"F31","vid":"V1514","name":"P2110","var_intrvl":"discrete","var_dcml":"0","var_wgt":null,"var_is_wgt":null,"loc_start_pos":"117","loc_end_pos":"117","loc_width":"1","loc_rec_seg_no":"1","labl":"26. Actualmente, \u00bfest\u00e1n al d\u00eda en el pago del cr\u00e9dito?","var_imputation":null,"var_security":null,"var_resp_unit":null,"var_analysis_unit":null,"var_qstn_preqtxt":null,"var_qstn_qstnlit":"26. Actualmente, \u00bfest\u00e1n al d\u00eda en el pago del cr\u00e9dito?\n\n1.\tS\u00ed\n2.\tNo\n3.\tNo ha iniciado pago","var_qstn_postqtxt":null,"var_qstn_ivuinstr":null,"var_universe":"El universo para la Encuesta Longitudinal de Colombia (ELCO) est\u00e1 conformado por la poblaci\u00f3n civil no institucional residente en todo el territorio nacional, excluyendo San Andr\u00e9s, Providencia y los departamentos de Amazonas, Guain\u00eda y Vaup\u00e9s.","var_universe_clusion":"I","var_sumstat":[{"value":"6186","type":"vald","wgtd":null},{"value":"0","type":"invd","wgtd":null},{"value":"1","type":"min","wgtd":null},{"value":"3","type":"max","wgtd":null},{"value":"1.232","type":"mean","wgtd":null},{"value":"0.528","type":"stdev","wgtd":null}],"var_txt":null,"var_catgry":[{"value":"1","labl":"S\u00ed","is_missing":null,"stats":[{"value":"5064","type":"freq","wgtd":null}]},{"value":"2","labl":"No","is_missing":null,"stats":[{"value":"811","type":"freq","wgtd":null}]},{"value":"3","labl":"No ha iniciado pago","is_missing":null,"stats":[{"value":"311","type":"freq","wgtd":null}]}],"var_codinstr":null,"var_concept":[],"var_format":{"type":"numeric","schema":"other","category":null,"name":null},"var_notes":null,"var_val_range":{"min":"1","max":"3"},"fid":"F31","sid":"814","survey_idno":"DANE-DIMPE-ELCO-2019"}