{"file_id":"F54","vid":"V2782","name":"P2439","var_intrvl":"discrete","var_dcml":null,"var_wgt":null,"var_is_wgt":null,"loc_start_pos":"161","loc_end_pos":"161","loc_width":"1","loc_rec_seg_no":"1","labl":"5. \u00bfCu\u00e1l es la raz\u00f3n principal por la que no ahorra?","var_imputation":null,"var_security":null,"var_resp_unit":null,"var_analysis_unit":null,"var_qstn_preqtxt":null,"var_qstn_qstnlit":"5. \u00bfCu\u00e1l es la raz\u00f3n principal por la que no ahorra?\n\n1.\tSi ahorra no le alcanza para cubrir los gastos m\u00ednimos\n2.\tNo lo considera necesario o no tienen necesidad\n3.\tEst\u00e1 pagando deudas\n4.\tOtro, \u00bfcu\u00e1l?","var_qstn_postqtxt":null,"var_qstn_ivuinstr":null,"var_universe":"El universo para la Encuesta Longitudinal de Colombia (ELCO) est\u00e1 conformado por la poblaci\u00f3n civil no institucional residente en todo el territorio nacional, excluyendo San Andr\u00e9s, Providencia y los departamentos de Amazonas, Guain\u00eda y Vaup\u00e9s.","var_universe_clusion":"I","var_sumstat":[{"value":"19464","type":"vald","wgtd":null},{"value":"0","type":"invd","wgtd":null}],"var_txt":null,"var_catgry":[{"value":"1","labl":"Si ahorra no le alcanza para cubrir los gastos m\u00ednimos","is_missing":null,"stats":[{"value":"16749","type":"freq","wgtd":null}]},{"value":"2","labl":"No lo considera necesario o no tienen necesidad","is_missing":null,"stats":[{"value":"1443","type":"freq","wgtd":null}]},{"value":"3","labl":"Est\u00e1 pagando deudas","is_missing":null,"stats":[{"value":"859","type":"freq","wgtd":null}]},{"value":"4","labl":"Otro, \u00bfcu\u00e1l?","is_missing":null,"stats":[{"value":"413","type":"freq","wgtd":null}]}],"var_codinstr":null,"var_concept":[],"var_format":{"type":"character","schema":"other","category":null,"name":null},"var_notes":null,"var_val_range":{"min":null,"max":null},"fid":"F54","sid":"814","survey_idno":"DANE-DIMPE-ELCO-2019"}